{"id":12485,"date":"2024-06-21T17:56:49","date_gmt":"2024-06-21T15:56:49","guid":{"rendered":"https:\/\/gaq.be\/?page_id=12485"},"modified":"2024-07-31T13:31:26","modified_gmt":"2024-07-31T11:31:26","slug":"iq2024-fil-rues","status":"publish","type":"page","link":"https:\/\/gaq.be\/en\/iq2024-fil-rues\/","title":{"rendered":"IQ2024 &#8211; Au fil des rues"},"content":{"rendered":"\n<p class=\"has-large-font-size\"><strong>Arbres et trottoirs<\/strong><\/p>\n\n\n\n<figure class=\"wp-block-image size-large is-resized\"><img loading=\"lazy\" decoding=\"async\" width=\"1024\" height=\"771\" src=\"https:\/\/gaq.be\/wp-content\/uploads\/2024\/07\/image-10-1024x771.png\" alt=\"\" class=\"wp-image-12813\" style=\"width:298px;height:auto\" srcset=\"https:\/\/gaq.be\/wp-content\/uploads\/2024\/07\/image-10-1024x771.png 1024w, https:\/\/gaq.be\/wp-content\/uploads\/2024\/07\/image-10-300x226.png 300w, https:\/\/gaq.be\/wp-content\/uploads\/2024\/07\/image-10-768x578.png 768w, https:\/\/gaq.be\/wp-content\/uploads\/2024\/07\/image-10-1536x1157.png 1536w, https:\/\/gaq.be\/wp-content\/uploads\/2024\/07\/image-10-2048x1542.png 2048w, https:\/\/gaq.be\/wp-content\/uploads\/2024\/07\/image-10-600x452.png 600w\" sizes=\"auto, (max-width: 1024px) 100vw, 1024px\" \/><\/figure>\n\n\n\n<p>De nouveaux trottoirs ! &nbsp;La Ville de Bruxelles a entam\u00e9 la r\u00e9novation de plusieurs trottoirs dans le quartier. &nbsp;Il s\u2019agit plus exactement de s\u00e9curisation des carrefours.&nbsp;Celle-ci avait \u00e9t\u00e9 demand\u00e9e par des parents inquiets pour leurs enfants. &nbsp;Les carrefours des rues Jenneval, Bordiau, Tocsin, Charles Quint, Inquisition, Calvin et Le Titien ont fait peau neuve. &nbsp;\u00c0 cette occasion, la Ville a renforc\u00e9 la pr\u00e9sence des arbres dans notre quartier.<\/p>\n\n\n\n<p class=\"has-large-font-size\"><strong>Les oubli\u00e9es&nbsp;: abeilles et gu\u00eapes solitaires<\/strong><strong><\/strong><\/p>\n\n\n\n<figure class=\"wp-block-image size-full is-resized\"><img loading=\"lazy\" decoding=\"async\" width=\"400\" height=\"289\" src=\"https:\/\/gaq.be\/wp-content\/uploads\/2024\/07\/image-11.png\" alt=\"\" class=\"wp-image-12816\" style=\"width:139px;height:auto\" srcset=\"https:\/\/gaq.be\/wp-content\/uploads\/2024\/07\/image-11.png 400w, https:\/\/gaq.be\/wp-content\/uploads\/2024\/07\/image-11-300x217.png 300w\" sizes=\"auto, (max-width: 400px) 100vw, 400px\" \/><\/figure>\n\n\n\n<p>De nombreuses abeilles et gu\u00eapes solitaires habitent le quartier. Elles ne sont pas dangereuses et ne piquent pas. Elles se &#8220;logent&#8221; entre les pav\u00e9s. Depuis des ann\u00e9es, le GAQ demande \u00e0 la Ville de Bruxelles de ne pas les oublier lors des r\u00e9novations des trottoirs. En cimentant les pav\u00e9s au lieu de les poser dans le sable, ces insectes sont priv\u00e9s de leur habitat. (plus d\u2019info&nbsp;<a href=\"https:\/\/bruxelles.natagora.be\/nature-en-ville\/sous-les-paves-des-abeilles-et-guepes-solitaires)\">https:\/\/bruxelles.natagora.be\/nature-en-ville\/sous-les-paves-des-abeilles-et-guepes-solitaires)<\/a><\/p>\n\n\n\n<p class=\"has-large-font-size\"><strong>Boulevard Clovis<\/strong><\/p>\n\n\n\n<figure class=\"wp-block-image size-large is-resized\"><img loading=\"lazy\" decoding=\"async\" width=\"1024\" height=\"771\" src=\"https:\/\/gaq.be\/wp-content\/uploads\/2024\/07\/image-12-1024x771.png\" alt=\"\" class=\"wp-image-12819\" style=\"width:323px;height:auto\" srcset=\"https:\/\/gaq.be\/wp-content\/uploads\/2024\/07\/image-12-1024x771.png 1024w, https:\/\/gaq.be\/wp-content\/uploads\/2024\/07\/image-12-300x226.png 300w, https:\/\/gaq.be\/wp-content\/uploads\/2024\/07\/image-12-768x578.png 768w, https:\/\/gaq.be\/wp-content\/uploads\/2024\/07\/image-12-1536x1157.png 1536w, https:\/\/gaq.be\/wp-content\/uploads\/2024\/07\/image-12-2048x1542.png 2048w, https:\/\/gaq.be\/wp-content\/uploads\/2024\/07\/image-12-600x452.png 600w\" sizes=\"auto, (max-width: 1024px) 100vw, 1024px\" \/><\/figure>\n\n\n\n<p>Les travaux du boulevard Clovis semblent enfin termin\u00e9s. La qui\u00e9tude est revenue pour les riverains de cette art\u00e8re embl\u00e9matique du quartier. Cependant, l&#8217;inauguration se fait attendre, pour des raisons encore inconnues. Les enfants, impatients, ont du mal \u00e0 attendre l&#8217;ouverture officielle de leurs aires de jeux.&nbsp;Plus d\u2019information sur notre site.<\/p>\n\n\n\n<p class=\"has-large-font-size\"><strong>Totems d&#8217;information sur les places<\/strong><\/p>\n\n\n\n<figure class=\"wp-block-image size-large is-resized\"><img loading=\"lazy\" decoding=\"async\" width=\"495\" height=\"1024\" src=\"https:\/\/gaq.be\/wp-content\/uploads\/2024\/07\/image-13-495x1024.png\" alt=\"\" class=\"wp-image-12822\" style=\"width:110px;height:auto\" srcset=\"https:\/\/gaq.be\/wp-content\/uploads\/2024\/07\/image-13-495x1024.png 495w, https:\/\/gaq.be\/wp-content\/uploads\/2024\/07\/image-13-145x300.png 145w, https:\/\/gaq.be\/wp-content\/uploads\/2024\/07\/image-13-768x1589.png 768w, https:\/\/gaq.be\/wp-content\/uploads\/2024\/07\/image-13-742x1536.png 742w, https:\/\/gaq.be\/wp-content\/uploads\/2024\/07\/image-13-990x2048.png 990w, https:\/\/gaq.be\/wp-content\/uploads\/2024\/07\/image-13-600x1242.png 600w, https:\/\/gaq.be\/wp-content\/uploads\/2024\/07\/image-13.png 1314w\" sizes=\"auto, (max-width: 495px) 100vw, 495px\" \/><\/figure>\n\n\n\n<p>Apr\u00e8s des ann\u00e9es de demandes de la part du GAQ, la Ville de Bruxelles a install\u00e9 une s\u00e9rie de totems d&#8217;information magnifiquement illustr\u00e9s \u00e0 chaque entr\u00e9e des places du quartier. Chaque panneau est unique et offre un aper\u00e7u d\u00e9taill\u00e9 de l&#8217;histoire des places et de leur environnement. C&#8217;est tr\u00e8s bien fait !<\/p>\n\n\n\n<p class=\"has-large-font-size\"><strong>Le budget participatif &#8211; Le journal de mon projet.<\/strong><\/p>\n\n\n\n<figure class=\"wp-block-image size-large is-resized\"><img loading=\"lazy\" decoding=\"async\" width=\"1024\" height=\"768\" src=\"https:\/\/gaq.be\/wp-content\/uploads\/2024\/07\/image-14-1024x768.png\" alt=\"\" class=\"wp-image-12825\" style=\"width:264px;height:auto\" srcset=\"https:\/\/gaq.be\/wp-content\/uploads\/2024\/07\/image-14-1024x768.png 1024w, https:\/\/gaq.be\/wp-content\/uploads\/2024\/07\/image-14-300x225.png 300w, https:\/\/gaq.be\/wp-content\/uploads\/2024\/07\/image-14-768x576.png 768w, https:\/\/gaq.be\/wp-content\/uploads\/2024\/07\/image-14-1536x1152.png 1536w, https:\/\/gaq.be\/wp-content\/uploads\/2024\/07\/image-14-2048x1536.png 2048w, https:\/\/gaq.be\/wp-content\/uploads\/2024\/07\/image-14-600x450.png 600w\" sizes=\"auto, (max-width: 1024px) 100vw, 1024px\" \/><\/figure>\n\n\n\n<p><strong><em>Mai 2021 :<\/em><\/strong><\/p>\n\n\n\n<p>Je soumets un certain nombre de propositions de projets. Des projets qui, selon moi, am\u00e9lioreraient notre quartier. La plupart d&#8217;entre eux sont rejet\u00e9s. Fait amusant, la ville a depuis mis en \u0153uvre l&#8217;un de mes projets rejet\u00e9s, \u00e0 savoir l&#8217;achat d&#8217;un radar sonore pour verbaliser les v\u00e9hicules bruyants.<\/p>\n\n\n\n<p>Ma proposition retenue consiste \u00e0 r\u00e9nover le terrain de basket et de football du square Marguerite. En fait, je ne m&#8217;int\u00e9resse pas beaucoup au football, mais je l&#8217;ai inscrit au projet pour \u00eatre s\u00fbr de gagner le concours. Le football est plus populaire que le basket, apr\u00e8s tout.<\/p>\n\n\n\n<p>Y avait-il un probl\u00e8me avec le terrain de basket ? Plusieurs choses m\u00eame : les marquages n&#8217;ont jamais \u00e9t\u00e9 adapt\u00e9s aux nouvelles r\u00e8gles du jeu de 2008 ( !!!), et les anneaux sont accroch\u00e9s bien plus bas que la hauteur officielle.&nbsp; Mon projet pr\u00e9voyait de remplacer le rev\u00eatement en asphalte par un rev\u00eatement en granul\u00e9s de caoutchouc.&nbsp;Plus doux pour les articulations et plus silencieux pour les riverains.<\/p>\n\n\n\n<p><strong><em>Septembre 2021 :<\/em><\/strong><\/p>\n\n\n\n<p>Comme pr\u00e9vu, mon projet remporte haut la main le concours de projets. Je contacte la responsable de l\u2019accompagnement du projet. Elle ne parle pas le n\u00e9erlandais.&nbsp;Sp\u00e9cial. La prochaine fois, je proposerai un projet pour apprendre les langues nationales aux fonctionnaires.<\/p>\n\n\n\n<p><strong><em>Ann\u00e9e 2022 :<\/em><\/strong><\/p>\n\n\n\n<p>Rien entendu ni vu concernant mon projet.<\/p>\n\n\n\n<p><strong><em>Mars 2023 :<\/em><\/strong><\/p>\n\n\n\n<p>On me met par erreur en copie d&#8217;un email entre des fonctionnaires en conversation enjou\u00e9e. Je leur signale que je suis disponible \u00e0 les rencontrer pour \u00e9valuer la situation du terrain sur place. Nous sommes d&#8217;accord et une fois sur les lieux, je r\u00e9explique le projet. Je signale aussi que les anneaux sont positionn\u00e9s incorrectement.<\/p>\n\n\n\n<p>On me dit qu&#8217;un rev\u00eatement en granul\u00e9s de caoutchouc n&#8217;est pas possible, car la Ville de Bruxelles ne travaille pas avec ce type de mat\u00e9riau. Je fais remarquer que le terrain de basket du parc du Cinquantenaire dispose d&#8217;un tel rev\u00eatement. On me dit que le parc du Cinquantenaire est g\u00e9r\u00e9 par la r\u00e9gion et que la Ville de Bruxelles applique des r\u00e8gles diff\u00e9rentes.<\/p>\n\n\n\n<p>Je demande si cela ne permettrait pas de d\u00e9gager du budget pour repeindre le terrain de mani\u00e8re un peu plus \u00e9l\u00e9gante.&nbsp;Difficile, me r\u00e9pond-on, car le site est prot\u00e9g\u00e9e.<\/p>\n\n\n\n<p><strong><em>Juin 2023 :<\/em><\/strong><\/p>\n\n\n\n<p>Je suis invit\u00e9 \u00e0 une r\u00e9ception organis\u00e9e par la Ville. En raison de ma contribution \u00aben tant que b\u00e9n\u00e9vole\u00bb \u00e0 la ville.&nbsp;&nbsp;Pour ce qui est de cette contribution, elle n\u2019a finalement pas \u00e9t\u00e9 trop impressionnante. La r\u00e9daction de cet article m\u2019a pris plus de temps. Et, en termes de r\u00e9sultats, apr\u00e8s plus de deux ans, rien n&#8217;a chang\u00e9 sur le terrain.<\/p>\n\n\n\n<p>Mais pendant la r\u00e9ception, il y a eu des discours, des concerts et un com\u00e9dien. Des snacks et des boissons. Il n&#8217;y avait pas de coca.<\/p>\n\n\n\n<p><strong><em>Plus tard, en 2023 :<\/em><\/strong><\/p>\n\n\n\n<p>Les anneaux sont accroch\u00e9s \u00e0 la bonne hauteur !&nbsp;Mais les filets ont disparu. Je ne les ai jamais revus. Pourtant, un jeu de filets de basket ne co\u00fbte que 15 \u20ac.<\/p>\n\n\n\n<p><strong><em>Juin 2024 :<\/em><\/strong><\/p>\n\n\n\n<p>Des nouveaux marquages ! On ne m&#8217;a rien dit mais ils ont repeint les marquages. Conform\u00e9ment aux \u00abnouvelles\u00bb r\u00e8gles du jeu de 2008.&nbsp;Objectivement, la situation s&#8217;est am\u00e9lior\u00e9e. Je pense qu&#8217;ils ont maintenant termin\u00e9 les travaux. Mais il n&#8217;y a toujours pas de filets aux anneaux.<\/p>\n\n\n\n<p>Le budget de mon projet \u00e9tait de 60 000 euros.<\/p>\n\n\n\n<p>Entre-temps, sur l&#8217;avenue Clovis, la Ville de Bruxelles a install\u00e9 une aire de jeux avec un rev\u00eatement en granul\u00e9s de caoutchouc.<strong><\/strong><\/p>\n\n\n\n<p>Wouter Acke<\/p>\n\n\n\n<p class=\"has-large-font-size\"><strong>Demande inlassable pour l\u2019installation de panneaux E9B&nbsp;<\/strong><\/p>\n\n\n\n<figure class=\"wp-block-image size-full is-resized\"><img loading=\"lazy\" decoding=\"async\" width=\"176\" height=\"218\" src=\"https:\/\/gaq.be\/wp-content\/uploads\/2024\/07\/image-15.png\" alt=\"\" class=\"wp-image-12828\" style=\"width:99px;height:auto\"\/><\/figure>\n\n\n\n<p>Ils ont \u00e9t\u00e9 install\u00e9s il y +\/- 15 ans avec des r\u00e9sultats probants. Mais, avec l\u2019installation des parcm\u00e8tres en 2022, ils ont \u00e9t\u00e9 enlev\u00e9s avec comme cons\u00e9quences le retour des camions, camionnettes, \u00e9l\u00e9vateurs, d\u00e9panneuses, \u2026 dans le quartier. Demande apr\u00e8s demande de la part du Comit\u00e9 de la rue Luther pour remettre les panneaux, rien n\u2019a boug\u00e9 (suite sur le site).<\/p>\n\n\n\n<p class=\"has-large-font-size\"><strong>Jolie fa\u00e7ade<\/strong><\/p>\n\n\n\n<figure class=\"wp-block-image size-full is-resized\"><img loading=\"lazy\" decoding=\"async\" width=\"337\" height=\"631\" src=\"https:\/\/gaq.be\/wp-content\/uploads\/2024\/07\/image-16.png\" alt=\"\" class=\"wp-image-12831\" style=\"width:147px;height:auto\" srcset=\"https:\/\/gaq.be\/wp-content\/uploads\/2024\/07\/image-16.png 337w, https:\/\/gaq.be\/wp-content\/uploads\/2024\/07\/image-16-160x300.png 160w\" sizes=\"auto, (max-width: 337px) 100vw, 337px\" \/><\/figure>\n\n\n\n<figure class=\"wp-block-image size-full is-resized\"><img loading=\"lazy\" decoding=\"async\" width=\"323\" height=\"621\" src=\"https:\/\/gaq.be\/wp-content\/uploads\/2024\/07\/image-17.png\" alt=\"\" class=\"wp-image-12834\" style=\"width:144px;height:auto\" srcset=\"https:\/\/gaq.be\/wp-content\/uploads\/2024\/07\/image-17.png 323w, https:\/\/gaq.be\/wp-content\/uploads\/2024\/07\/image-17-156x300.png 156w\" sizes=\"auto, (max-width: 323px) 100vw, 323px\" \/><\/figure>\n\n\n\n<p>Dernier vestige de la p\u00e9riode des chauffages au charbon, la fa\u00e7ade noire situ\u00e9e au 8 de la rue Jenneval a \u00e9t\u00e9 nettoy\u00e9e. Voici un avant\/apr\u00e8s r\u00e9jouissant. F\u00e9licitation aux propri\u00e9taires !<\/p>\n\n\n\n<p class=\"has-large-font-size\"><strong>Le pavillon Van Oudenhove enfin r\u00e9habilit\u00e9 et \u00e9quip\u00e9&nbsp;?<\/strong><\/p>\n\n\n\n<p>Le passant a remarqu\u00e9 la reprise des travaux au pavillon Van Oudenhove (situ\u00e9 dans le Parc du Cinquantenaire derri\u00e8re la grande mosqu\u00e9e). Ce pavillon \u00e9tait l\u2019objet d\u2019un projet introduit par le GAQ pour financement par le budget participatif. Un incendie du toit en 2022 a compliqu\u00e9 et retard\u00e9 la mise en \u0153uvre du projet. Les fonds initialement allou\u00e9s pour l\u2019\u00e9quipement d\u2019une grande salle polyvalente ont d\u00fb \u00eatre utilis\u00e9s pour refaire le toit et d\u00e9samianter le b\u00e2timent. Aujourd\u2019hui les travaux reprennent. Les associations du quartier pourront-elles bient\u00f4t faire usage du lieu&nbsp;? \u00c0 suivre.&nbsp;&nbsp;<\/p>\n\n\n\n<figure class=\"wp-block-image size-large is-resized\"><img loading=\"lazy\" decoding=\"async\" width=\"1024\" height=\"943\" src=\"https:\/\/gaq.be\/wp-content\/uploads\/2024\/07\/image-18-1024x943.png\" alt=\"\" class=\"wp-image-12837\" style=\"width:263px;height:auto\" srcset=\"https:\/\/gaq.be\/wp-content\/uploads\/2024\/07\/image-18-1024x943.png 1024w, https:\/\/gaq.be\/wp-content\/uploads\/2024\/07\/image-18-300x276.png 300w, https:\/\/gaq.be\/wp-content\/uploads\/2024\/07\/image-18-768x707.png 768w, https:\/\/gaq.be\/wp-content\/uploads\/2024\/07\/image-18-1536x1414.png 1536w, https:\/\/gaq.be\/wp-content\/uploads\/2024\/07\/image-18-2048x1885.png 2048w, https:\/\/gaq.be\/wp-content\/uploads\/2024\/07\/image-18-600x552.png 600w\" sizes=\"auto, (max-width: 1024px) 100vw, 1024px\" \/><\/figure>\n\n\n\n<h2 class=\"wp-block-heading\" id=\"NL\">Wijknieuws<\/h2>\n\n\n\n<p class=\"has-large-font-size\"><strong>Bomen en voetpaden<\/strong><\/p>\n\n\n\n<figure class=\"wp-block-image size-large is-resized\"><img loading=\"lazy\" decoding=\"async\" width=\"1024\" height=\"771\" src=\"https:\/\/gaq.be\/wp-content\/uploads\/2024\/07\/image-10-1024x771.png\" alt=\"\" class=\"wp-image-12813\" style=\"width:298px;height:auto\" srcset=\"https:\/\/gaq.be\/wp-content\/uploads\/2024\/07\/image-10-1024x771.png 1024w, https:\/\/gaq.be\/wp-content\/uploads\/2024\/07\/image-10-300x226.png 300w, https:\/\/gaq.be\/wp-content\/uploads\/2024\/07\/image-10-768x578.png 768w, https:\/\/gaq.be\/wp-content\/uploads\/2024\/07\/image-10-1536x1157.png 1536w, https:\/\/gaq.be\/wp-content\/uploads\/2024\/07\/image-10-2048x1542.png 2048w, https:\/\/gaq.be\/wp-content\/uploads\/2024\/07\/image-10-600x452.png 600w\" sizes=\"auto, (max-width: 1024px) 100vw, 1024px\" \/><\/figure>\n\n\n\n<p class=\"has-medium-font-size\">Nieuwe voetpaden!\u00a0\u00a0De Stad Brussel is begonnen met de renovatie van verschillende voetpaden in de wijk.\u00a0\u00a0Het ging erom kruispunten veiliger te maken. Dit werd gevraagd door ouders die zich zorgen maakten voor hun kinderen.\u00a0\u00a0De kruispunten in de Jennevalstraat, de Bordiaustraat, de Stormklokstraat, de Keizer Karelstraat, de Inquisitiestraat, de Calvijnstraat en de Titiaanstraat hebben allemaal een opknapbeurt gekregen.\u00a0\u00a0Tegelijkertijd heeft de stad er een aantal bomen aan toegevoegd in onze wijk.<\/p>\n\n\n\n<p class=\"has-large-font-size\"><strong>Ze worden vergeten: solitaire bijen en wespen<\/strong><\/p>\n\n\n\n<figure class=\"wp-block-image size-full is-resized\"><img loading=\"lazy\" decoding=\"async\" width=\"400\" height=\"289\" src=\"https:\/\/gaq.be\/wp-content\/uploads\/2024\/07\/image-11.png\" alt=\"\" class=\"wp-image-12816\" style=\"width:139px;height:auto\" srcset=\"https:\/\/gaq.be\/wp-content\/uploads\/2024\/07\/image-11.png 400w, https:\/\/gaq.be\/wp-content\/uploads\/2024\/07\/image-11-300x217.png 300w\" sizes=\"auto, (max-width: 400px) 100vw, 400px\" \/><\/figure>\n\n\n\n<p>In de buurt leven veel solitaire bijen en wespen. Ze zijn niet gevaarlijk en steken niet. Ze \u201cnestelen\u201d zich tussen de straatstenen. Al jaren vraagt de GAQ aan de Stad Brussel om ze niet te vergeten bij de renovatie van de voetpaden. Door de straatkasseien te cementeren in plaats van ze in zand te leggen, wordt deze insecten hun habitat ontnomen. (meer info&nbsp;<a href=\"https:\/\/bruxelles.natagora.be\/nature-en-ville\/sous-les-paves-des-abeilles-et-guepes-solitaires\">https:\/\/bruxelles.natagora.be\/nature-en-ville\/sous-les-paves-des-abeilles-et-guepes-solitaires<\/a>)<\/p>\n\n\n\n<p class=\"has-large-font-size\"><strong>Clovislaan<\/strong><\/p>\n\n\n\n<figure class=\"wp-block-image size-large is-resized\"><img loading=\"lazy\" decoding=\"async\" width=\"1024\" height=\"771\" src=\"https:\/\/gaq.be\/wp-content\/uploads\/2024\/07\/image-12-1024x771.png\" alt=\"\" class=\"wp-image-12819\" style=\"width:323px;height:auto\" srcset=\"https:\/\/gaq.be\/wp-content\/uploads\/2024\/07\/image-12-1024x771.png 1024w, https:\/\/gaq.be\/wp-content\/uploads\/2024\/07\/image-12-300x226.png 300w, https:\/\/gaq.be\/wp-content\/uploads\/2024\/07\/image-12-768x578.png 768w, https:\/\/gaq.be\/wp-content\/uploads\/2024\/07\/image-12-1536x1157.png 1536w, https:\/\/gaq.be\/wp-content\/uploads\/2024\/07\/image-12-2048x1542.png 2048w, https:\/\/gaq.be\/wp-content\/uploads\/2024\/07\/image-12-600x452.png 600w\" sizes=\"auto, (max-width: 1024px) 100vw, 1024px\" \/><\/figure>\n\n\n\n<p>De werkzaamheden aan de Clovislaan lijken eindelijk te zijn afgerond. De bewoners die langs deze emblematische verkeersader wonen hebben hun rust hervonden. De offici\u00eble inhuldiging laat om onbekende redenen echter nog op zich wachten. Ongeduldige kinderen wachten vol spanning op de offici\u00eble opening van hun speelpleintje. Volg hier voor updates.<\/p>\n\n\n\n<p class=\"has-large-font-size\"><strong>Informatietotems op de squares<\/strong><\/p>\n\n\n\n<figure class=\"wp-block-image size-large is-resized\"><img loading=\"lazy\" decoding=\"async\" width=\"495\" height=\"1024\" src=\"https:\/\/gaq.be\/wp-content\/uploads\/2024\/07\/image-13-495x1024.png\" alt=\"\" class=\"wp-image-12822\" style=\"width:110px;height:auto\" srcset=\"https:\/\/gaq.be\/wp-content\/uploads\/2024\/07\/image-13-495x1024.png 495w, https:\/\/gaq.be\/wp-content\/uploads\/2024\/07\/image-13-145x300.png 145w, https:\/\/gaq.be\/wp-content\/uploads\/2024\/07\/image-13-768x1589.png 768w, https:\/\/gaq.be\/wp-content\/uploads\/2024\/07\/image-13-742x1536.png 742w, https:\/\/gaq.be\/wp-content\/uploads\/2024\/07\/image-13-990x2048.png 990w, https:\/\/gaq.be\/wp-content\/uploads\/2024\/07\/image-13-600x1242.png 600w, https:\/\/gaq.be\/wp-content\/uploads\/2024\/07\/image-13.png 1314w\" sizes=\"auto, (max-width: 495px) 100vw, 495px\" \/><\/figure>\n\n\n\n<p>Al jaren vraagt de GAQ om meer informatieve borden in de wijk. Nu heeft de Stad Brussel een reeks prachtig ge\u00efllustreerde informatiezuilen geplaatst bij elke ingang van de squares in de wijk. Elk paneel is uniek en biedt een inzicht in de geschiedenis van de squares en hun omgeving. Heel mooi gedaan!<\/p>\n\n\n\n<p class=\"has-large-font-size\"><strong>De burgerbegroting &#8211;&nbsp;&nbsp;Het dagboek van&nbsp;<em>mijn&nbsp;<\/em>project.<\/strong><\/p>\n\n\n\n<figure class=\"wp-block-image size-large is-resized\"><img loading=\"lazy\" decoding=\"async\" width=\"1024\" height=\"768\" src=\"https:\/\/gaq.be\/wp-content\/uploads\/2024\/07\/image-14-1024x768.png\" alt=\"\" class=\"wp-image-12825\" style=\"width:264px;height:auto\" srcset=\"https:\/\/gaq.be\/wp-content\/uploads\/2024\/07\/image-14-1024x768.png 1024w, https:\/\/gaq.be\/wp-content\/uploads\/2024\/07\/image-14-300x225.png 300w, https:\/\/gaq.be\/wp-content\/uploads\/2024\/07\/image-14-768x576.png 768w, https:\/\/gaq.be\/wp-content\/uploads\/2024\/07\/image-14-1536x1152.png 1536w, https:\/\/gaq.be\/wp-content\/uploads\/2024\/07\/image-14-2048x1536.png 2048w, https:\/\/gaq.be\/wp-content\/uploads\/2024\/07\/image-14-600x450.png 600w\" sizes=\"auto, (max-width: 1024px) 100vw, 1024px\" \/><\/figure>\n\n\n\n<p><em>Mei 2021:<\/em><\/p>\n\n\n\n<p>Ik dien een aantal projectvoorstellen in. Projecten die volgens mij onze wijk zouden verbeteren. De meeste worden geweigerd. Grappig genoeg heeft de stad ondertussen een van mijn geweigerde projecten uitgevoerd, nl. de aankoop van een geluidsradar om luidruchtige voertuigen te verbaliseren.<\/p>\n\n\n\n<p>Mijn overlevend voorstel zou het basket- en voetbalpleintje op het&nbsp;Margaretasquare renoveren. Eigenlijk kan voetbal mij niet zoveel schelen, maar ik zette het erbij om zeker de projectcompetitie te winnen. Voetbal is nu eenmaal populairder dan basketbal..<\/p>\n\n\n\n<p>Was er iets mis met het basketpleintje? Best veel. De lijnen heeft men nooit aangepast aan de nieuwe spelregels uit 2008 (!!), en de ringen hangen veel lager dan de offici\u00eble hoogte.&nbsp;Het project wil de ondergrond uit asfalt vervangen door een van rubbergranulaten. Zachter voor de gewrichten en stiller voor de omwonenden.<\/p>\n\n\n\n<p><em>September 2021:<\/em><\/p>\n\n\n\n<p>Zoals gepland wint mijn project vlotjes de projectcompetitie. Ik neem contact op met de trajectbegeleidster. Ze spreekt geen Nederlands. Bijzonder.&nbsp; Volgende keer ga ik een project voorstellen om ambtenaren landstalen aan te leren.<\/p>\n\n\n\n<p><em>Jaar 2022:<\/em><\/p>\n\n\n\n<p>Niets gehoord en niets gezien ivm mijn project.<\/p>\n\n\n\n<p><em>Maart 2023:<\/em><\/p>\n\n\n\n<p>Ik word per abuis in cc gezet van een email tussen de bedrijvige ambtenaren. Ik zeg dat ik gerust wil afspreken om ter plekke te kijken. We spreken af en ter plekke leg ik het project nog eens uit. Ik vertel hen ook dat de ringen te laag hangen, en dat dit niet ok is.<\/p>\n\n\n\n<p>Men vertelt mij dat een ondergrond in rubbergranulaten niet kan, omdat Stad Brussel niet met dit materiaal werkt. Ik merk op dat het basketplein in het Jubelpark wel zo&#8217;n ondergrond heeft. Men vertelt mij dat de uitbating van het Jubelpark door het gewest gebeurt, en dat de Stad Brussel andere regels hanteert.<\/p>\n\n\n\n<p>Ik vraag of er dan misschien budget vrijkomt om het terrein wat hipper te schilderen. Moeilijk, klinkt het antwoord, want het uitzicht is beschermd.<\/p>\n\n\n\n<p><em>Juni 2023:<\/em><\/p>\n\n\n\n<p>Ik ben uitgenodigd op een receptie georganiseerd door de Stad. Vanwege mijn bijdrage &#8216;als vrijwilliger&#8217; voor de stad.&nbsp;Mijn bijdrage viel al bij al nog mee. Dit stukje schrijven nam meer tijd in beslag. En na meer dan twee jaar is er nog niets veranderd op het terrein. Er zijn speeches, concerten en een komiek. Hapjes en drankjes. Cola was niet te verkrijgen op de receptie.<\/p>\n\n\n\n<p><em>Later in 2023<\/em>:<\/p>\n\n\n\n<p>De ringen worden op de correcte hoogte opgehangen.&nbsp;Maar de netten verdwijnen. Ik zie ze nooit meer terug.&nbsp;Een setje basketnetten kost nochtans maar 15\u20ac.<\/p>\n\n\n\n<p><em>Juni 2024<\/em>:<\/p>\n\n\n\n<p>Nieuwe lijnen! Mij werd niets verteld maar ze hebben de lijnen opnieuw geschilderd.&nbsp; Conform de &#8216;nieuwe&#8217; spelregels uit 2008. Objectief gesproken is de situatie verbeterd. Ik denk dat ze nu klaar zijn met het werk. Er hangen wel nog steeds geen netten.<\/p>\n\n\n\n<p>Het budget voor mijn project was 60.000\u20ac.&nbsp;<\/p>\n\n\n\n<p>Op de Clovislaan heeft Stad Brussel ondertussen een speelplein aangelegd met een een ondergrond van rubbergranulaten.<\/p>\n\n\n\n<p class=\"has-large-font-size\"><strong>Herhaalde vraag naar E9B panelen&nbsp;<\/strong><\/p>\n\n\n\n<figure class=\"wp-block-image size-full is-resized\"><img loading=\"lazy\" decoding=\"async\" width=\"176\" height=\"218\" src=\"https:\/\/gaq.be\/wp-content\/uploads\/2024\/07\/image-15.png\" alt=\"\" class=\"wp-image-12828\" style=\"width:99px;height:auto\"\/><\/figure>\n\n\n\n<p>Ze werden zo&#8217;n 15 jaar geleden ge\u00efnstalleerd met positieve resultaten. Maar met de installatie van parkeermeters in 2022 werden ze verwijderd, wat resulteerde in de terugkeer van vrachtwagens, bestelwagens, vorkheftrucks, takelwagens, enz. in de buurt. Na herhaalde verzoeken van het Comit\u00e9 van de Lutherstraat om de borden terug te plaatsen, is er niets gebeurd (meer op deze site).<\/p>\n\n\n\n<p class=\"has-large-font-size\"><strong>Een mooie gevel<\/strong><\/p>\n\n\n\n<figure class=\"wp-block-image size-full is-resized\"><img loading=\"lazy\" decoding=\"async\" width=\"337\" height=\"631\" src=\"https:\/\/gaq.be\/wp-content\/uploads\/2024\/07\/image-16.png\" alt=\"\" class=\"wp-image-12831\" style=\"width:147px;height:auto\" srcset=\"https:\/\/gaq.be\/wp-content\/uploads\/2024\/07\/image-16.png 337w, https:\/\/gaq.be\/wp-content\/uploads\/2024\/07\/image-16-160x300.png 160w\" sizes=\"auto, (max-width: 337px) 100vw, 337px\" \/><\/figure>\n\n\n\n<figure class=\"wp-block-image size-full is-resized\"><img loading=\"lazy\" decoding=\"async\" width=\"323\" height=\"621\" src=\"https:\/\/gaq.be\/wp-content\/uploads\/2024\/07\/image-17.png\" alt=\"\" class=\"wp-image-12834\" style=\"width:144px;height:auto\" srcset=\"https:\/\/gaq.be\/wp-content\/uploads\/2024\/07\/image-17.png 323w, https:\/\/gaq.be\/wp-content\/uploads\/2024\/07\/image-17-156x300.png 156w\" sizes=\"auto, (max-width: 323px) 100vw, 323px\" \/><\/figure>\n\n\n\n<p>De zwarte gevel van de Jennevalstraat 8, het laatste overblijfsel van het kolengestookte tijdperk, is opgeknapt. Hier is een prachtige voor- en na-foto. Proficiat aan de eigenaars!<\/p>\n\n\n\n<p class=\"has-large-font-size\"><strong>Het Van Oudenhove paviljoen eindelijk gerestaureerd en ingericht?<\/strong><\/p>\n\n\n\n<figure class=\"wp-block-image size-large is-resized\"><img loading=\"lazy\" decoding=\"async\" width=\"1024\" height=\"943\" src=\"https:\/\/gaq.be\/wp-content\/uploads\/2024\/07\/image-18-1024x943.png\" alt=\"\" class=\"wp-image-12837\" style=\"width:263px;height:auto\" srcset=\"https:\/\/gaq.be\/wp-content\/uploads\/2024\/07\/image-18-1024x943.png 1024w, https:\/\/gaq.be\/wp-content\/uploads\/2024\/07\/image-18-300x276.png 300w, https:\/\/gaq.be\/wp-content\/uploads\/2024\/07\/image-18-768x707.png 768w, https:\/\/gaq.be\/wp-content\/uploads\/2024\/07\/image-18-1536x1414.png 1536w, https:\/\/gaq.be\/wp-content\/uploads\/2024\/07\/image-18-2048x1885.png 2048w, https:\/\/gaq.be\/wp-content\/uploads\/2024\/07\/image-18-600x552.png 600w\" sizes=\"auto, (max-width: 1024px) 100vw, 1024px\" \/><\/figure>\n\n\n\n<p>Wandelaars zullen gemerkt hebben dat de werkzaamheden aan het Van Oudenhoven paviljoen (gelegen in het Jubelpark achter de Grote Moskee) zijn hervat. Dit paviljoen was het onderwerp van een project dat door de GAQ werd ingediend voor financiering via de burgerbegroting. In 2022 ontstond er jammer genoeg een brand op het dak, wat de uitvoering van het project bemoeilijkte en vertraagde. De middelen die oorspronkelijk waren toegewezen voor de inrichting van een grote polyvalente zaal moesten worden gebruikt om het dak te vernieuwen en asbest uit het gebouw te verwijderen. De werkzaamheden worden nu hervat. Zullen lokale verenigingen binnenkort gebruik kunnen maken van deze ruimte?\u00a0Wordt vervolgd.\u00a0\u00a0<\/p>\n\n\n\n<h2 class=\"wp-block-heading\" id=\"EN\">Along our streets<\/h2>\n\n\n\n<p class=\"has-large-font-size\"><strong>Trees and pavements<\/strong><\/p>\n\n\n\n<figure class=\"wp-block-image size-large is-resized\"><img loading=\"lazy\" decoding=\"async\" width=\"1024\" height=\"771\" src=\"https:\/\/gaq.be\/wp-content\/uploads\/2024\/07\/image-10-1024x771.png\" alt=\"\" class=\"wp-image-12813\" style=\"width:298px;height:auto\" srcset=\"https:\/\/gaq.be\/wp-content\/uploads\/2024\/07\/image-10-1024x771.png 1024w, https:\/\/gaq.be\/wp-content\/uploads\/2024\/07\/image-10-300x226.png 300w, https:\/\/gaq.be\/wp-content\/uploads\/2024\/07\/image-10-768x578.png 768w, https:\/\/gaq.be\/wp-content\/uploads\/2024\/07\/image-10-1536x1157.png 1536w, https:\/\/gaq.be\/wp-content\/uploads\/2024\/07\/image-10-2048x1542.png 2048w, https:\/\/gaq.be\/wp-content\/uploads\/2024\/07\/image-10-600x452.png 600w\" sizes=\"auto, (max-width: 1024px) 100vw, 1024px\" \/><\/figure>\n\n\n\n<p class=\"has-medium-font-size\">New pavements!&nbsp;&nbsp;The City of Brussels has begun renovating several pavements in the district.&nbsp;&nbsp;To be more precise, the work involves making the junctions safer. This was requested by worried parents.&nbsp;&nbsp;The junctions at rue Jenneval, rue Bordiau, rue Tocsin, rue Charles Quint, rue de l\u2019Inquisition, rue Calvin and rue Le Titien have all had a facelift.&nbsp;&nbsp;To mark the occasion, the City has increased the number of trees in our neighbourhood.<\/p>\n\n\n\n<p class=\"has-large-font-size\"><strong>The forgotten ones: solitary bees and wasps<\/strong><\/p>\n\n\n\n<figure class=\"wp-block-image size-full is-resized\"><img loading=\"lazy\" decoding=\"async\" width=\"400\" height=\"289\" src=\"https:\/\/gaq.be\/wp-content\/uploads\/2024\/07\/image-11.png\" alt=\"\" class=\"wp-image-12816\" style=\"width:139px;height:auto\" srcset=\"https:\/\/gaq.be\/wp-content\/uploads\/2024\/07\/image-11.png 400w, https:\/\/gaq.be\/wp-content\/uploads\/2024\/07\/image-11-300x217.png 300w\" sizes=\"auto, (max-width: 400px) 100vw, 400px\" \/><\/figure>\n\n\n\n<p>Many solitary bees and wasps live in the neighbourhood. They are not dangerous and do not sting. They \u2018lodge\u2019 between the pavement stones. For years, the GAQ has been asking the City of Brussels not to forget them when renovating the pavements. By cementing the stones instead of laying them in sand, these insects are deprived of their habitat. (more info&nbsp;<a href=\"https:\/\/bruxelles.natagora.be\/nature-en-ville\/sous-les-paves-des-abeilles-et-guepes-solitaires\">https:\/\/bruxelles.natagora.be\/nature-en-ville\/sous-les-paves-des-abeilles-et-guepes-solitaires<\/a>)<\/p>\n\n\n\n<p class=\"has-large-font-size\"><strong>Boulevard Clovis<\/strong><\/p>\n\n\n\n<figure class=\"wp-block-image size-large is-resized\"><img loading=\"lazy\" decoding=\"async\" width=\"1024\" height=\"771\" src=\"https:\/\/gaq.be\/wp-content\/uploads\/2024\/07\/image-12-1024x771.png\" alt=\"\" class=\"wp-image-12819\" style=\"width:323px;height:auto\" srcset=\"https:\/\/gaq.be\/wp-content\/uploads\/2024\/07\/image-12-1024x771.png 1024w, https:\/\/gaq.be\/wp-content\/uploads\/2024\/07\/image-12-300x226.png 300w, https:\/\/gaq.be\/wp-content\/uploads\/2024\/07\/image-12-768x578.png 768w, https:\/\/gaq.be\/wp-content\/uploads\/2024\/07\/image-12-1536x1157.png 1536w, https:\/\/gaq.be\/wp-content\/uploads\/2024\/07\/image-12-2048x1542.png 2048w, https:\/\/gaq.be\/wp-content\/uploads\/2024\/07\/image-12-600x452.png 600w\" sizes=\"auto, (max-width: 1024px) 100vw, 1024px\" \/><\/figure>\n\n\n\n<p>Work on the boulevard Clovis finally seems to be complete. Residents living along this emblematic thoroughfare have returned to peace and quiet. However, the inauguration is still some way off, for reasons as yet unknown. Impatient children are having a hard time waiting for the official opening of their play areas. More follow up information on this site later.<\/p>\n\n\n\n<p class=\"has-large-font-size\"><strong>Information totems in the Squares<\/strong><\/p>\n\n\n\n<figure class=\"wp-block-image size-large is-resized\"><img loading=\"lazy\" decoding=\"async\" width=\"495\" height=\"1024\" src=\"https:\/\/gaq.be\/wp-content\/uploads\/2024\/07\/image-13-495x1024.png\" alt=\"\" class=\"wp-image-12822\" style=\"width:110px;height:auto\" srcset=\"https:\/\/gaq.be\/wp-content\/uploads\/2024\/07\/image-13-495x1024.png 495w, https:\/\/gaq.be\/wp-content\/uploads\/2024\/07\/image-13-145x300.png 145w, https:\/\/gaq.be\/wp-content\/uploads\/2024\/07\/image-13-768x1589.png 768w, https:\/\/gaq.be\/wp-content\/uploads\/2024\/07\/image-13-742x1536.png 742w, https:\/\/gaq.be\/wp-content\/uploads\/2024\/07\/image-13-990x2048.png 990w, https:\/\/gaq.be\/wp-content\/uploads\/2024\/07\/image-13-600x1242.png 600w, https:\/\/gaq.be\/wp-content\/uploads\/2024\/07\/image-13.png 1314w\" sizes=\"auto, (max-width: 495px) 100vw, 495px\" \/><\/figure>\n\n\n\n<p>After years of requests by the GAQ, the City of Brussels has installed a series of beautifully illustrated information totems at each entrance to the district&#8217;s squares. Each panel is unique, offering detailed insights into the history of the squares and their surroundings.&nbsp;Very nicely done!<\/p>\n\n\n\n<p class=\"has-large-font-size\"><strong>The citizens&#8217; budget &#8211; The diary of my project.<\/strong><\/p>\n\n\n\n<figure class=\"wp-block-image size-large is-resized\"><img loading=\"lazy\" decoding=\"async\" width=\"1024\" height=\"768\" src=\"https:\/\/gaq.be\/wp-content\/uploads\/2024\/07\/image-14-1024x768.png\" alt=\"\" class=\"wp-image-12825\" style=\"width:264px;height:auto\" srcset=\"https:\/\/gaq.be\/wp-content\/uploads\/2024\/07\/image-14-1024x768.png 1024w, https:\/\/gaq.be\/wp-content\/uploads\/2024\/07\/image-14-300x225.png 300w, https:\/\/gaq.be\/wp-content\/uploads\/2024\/07\/image-14-768x576.png 768w, https:\/\/gaq.be\/wp-content\/uploads\/2024\/07\/image-14-1536x1152.png 1536w, https:\/\/gaq.be\/wp-content\/uploads\/2024\/07\/image-14-2048x1536.png 2048w, https:\/\/gaq.be\/wp-content\/uploads\/2024\/07\/image-14-600x450.png 600w\" sizes=\"auto, (max-width: 1024px) 100vw, 1024px\" \/><\/figure>\n\n\n\n<p><em>May 2021:<\/em><\/p>\n\n\n\n<p>I submited a number of project proposals. Projects that I believe would improve our neighbourhood. Most of them are rejected. Funnily enough, the city has since implemented one of my rejected projects, namely the purchase of a sound radar to fine noisy vehicles.<\/p>\n\n\n\n<p>My surviving proposal aimed at renovating the basketball and football court at Square Marguerite: Actually, I don&#8217;t care much about football, but I put it in to be sure to win the project competition. Football is more popular than basketball, after all.<\/p>\n\n\n\n<p>Was there anything wrong with the basketball court? Quite a lot. They never adapted the floor markings to the 2008 (!!!)&nbsp;&nbsp;new rules of play, and the rings hang much lower than the official height.&nbsp;The project aimed to replace the asphalt surface with one made of rubber granules. Softer for joints and quieter for local residents.<\/p>\n\n\n\n<p><strong><em>September 2021:<\/em><\/strong><\/p>\n\n\n\n<p>As planned, my project smoothly won the competition.  I contact the project implementation supervisor. She does not speak Dutch. Special.&nbsp;Next time, I will propose a project to teach civil servants country languages.<\/p>\n\n\n\n<p><strong><em>Year 2022:<\/em><\/strong><\/p>\n\n\n\n<p>Nothing heard and nothing seen regarding my project.<\/p>\n\n\n\n<p><strong><em>March 2023:<\/em><\/strong><\/p>\n\n\n\n<p>I am mistakenly put in copy of an email between officials. I signal them that I would be happy to meet to check on the spot. We agree and, on site, I explain the project again. I also tell them that the rings hang too low, and that this is not ok.<\/p>\n\n\n\n<p>I am told that a surface in rubber granules is not possible, because the City of Brussels does not work with this material. I note that the basketball court in Cinquantenaire Park does have such a surface. I am told that the Cinquantenaire Park is run by the region, and that the City of Brussels applies different rules.<\/p>\n\n\n\n<p>I ask if that might free up budget to apply&nbsp;&nbsp;a hipper paint to the grounds. Difficult, sounds the reply, because the view is protected.<\/p>\n\n\n\n<p><strong><em>June 2023:<\/em><\/strong><\/p>\n\n\n\n<p>I am invited to a reception organised by the City. Because of my contribution \u2018as a volunteer\u2019 for the city.&nbsp; All in all, my contribution was rather small. Writing this piece took more time. And after more than two years, nothing has changed on the ground. There were speeches, concerts and a comedian. Snacks and drinks. Coke was not available at the reception.<\/p>\n\n\n\n<p><strong><em>Later in 2023:<\/em><\/strong><\/p>\n\n\n\n<p>The rings will be hung at the correct height.&nbsp; But the nets have disappeared. I never saw them again. A set of basketball nets costs only 15\u20ac.<\/p>\n\n\n\n<p><strong><em>June 2024:<\/em><\/strong><\/p>\n\n\n\n<p>New floor lines! I was not informed but they have repainted the floor lines.&nbsp;In line with the \u2018new\u2019 rules of the game from 2008. Objectively speaking, the situation has improved. I think they have now finished the work. There are still no nets hanging, though.<\/p>\n\n\n\n<p>The budget for my project was \u20ac60,000.<\/p>\n\n\n\n<p>Meanwhile, on boulevard Clovis, the City of Brussels has installed a playground with a rubber granulate surface.<\/p>\n\n\n\n<p class=\"has-large-font-size\"><strong><em>Relentless demand for E9B panels&nbsp;<\/em><\/strong><\/p>\n\n\n\n<figure class=\"wp-block-image size-full is-resized\"><img loading=\"lazy\" decoding=\"async\" width=\"176\" height=\"218\" src=\"https:\/\/gaq.be\/wp-content\/uploads\/2024\/07\/image-15.png\" alt=\"\" class=\"wp-image-12828\" style=\"width:99px;height:auto\"\/><\/figure>\n\n\n\n<p>They were installed some 15 years ago with convincing results. However, with the installation of parking meters in 2022, they were removed, resulting in the return of lorries, vans, forklifts, tow trucks, etc. to the neighbourhood. Request after request from the Comit\u00e9 de la rue Luther to put the signs back up, nothing has happened.<\/p>\n\n\n\n<p class=\"has-large-font-size\"><strong><em>A pretty facade<\/em><\/strong><\/p>\n\n\n\n<figure class=\"wp-block-image size-full is-resized\"><img loading=\"lazy\" decoding=\"async\" width=\"337\" height=\"631\" src=\"https:\/\/gaq.be\/wp-content\/uploads\/2024\/07\/image-16.png\" alt=\"\" class=\"wp-image-12831\" style=\"width:147px;height:auto\" srcset=\"https:\/\/gaq.be\/wp-content\/uploads\/2024\/07\/image-16.png 337w, https:\/\/gaq.be\/wp-content\/uploads\/2024\/07\/image-16-160x300.png 160w\" sizes=\"auto, (max-width: 337px) 100vw, 337px\" \/><\/figure>\n\n\n\n<figure class=\"wp-block-image size-full is-resized\"><img loading=\"lazy\" decoding=\"async\" width=\"323\" height=\"621\" src=\"https:\/\/gaq.be\/wp-content\/uploads\/2024\/07\/image-17.png\" alt=\"\" class=\"wp-image-12834\" style=\"width:144px;height:auto\" srcset=\"https:\/\/gaq.be\/wp-content\/uploads\/2024\/07\/image-17.png 323w, https:\/\/gaq.be\/wp-content\/uploads\/2024\/07\/image-17-156x300.png 156w\" sizes=\"auto, (max-width: 323px) 100vw, 323px\" \/><\/figure>\n\n\n\n<p>The last vestige of the coal-fired era, the black facade at 8 rue Jenneval has been cleaned up. Here&#8217;s a delightful before and after picture. Congratulations to the owners!<\/p>\n\n\n\n<p class=\"has-large-font-size\"><strong><em>The Van Oudenhove pavilion finally restored and equipped?<\/em><\/strong><\/p>\n\n\n\n<figure class=\"wp-block-image size-large is-resized\"><img loading=\"lazy\" decoding=\"async\" width=\"1024\" height=\"943\" src=\"https:\/\/gaq.be\/wp-content\/uploads\/2024\/07\/image-18-1024x943.png\" alt=\"\" class=\"wp-image-12837\" style=\"width:263px;height:auto\" srcset=\"https:\/\/gaq.be\/wp-content\/uploads\/2024\/07\/image-18-1024x943.png 1024w, https:\/\/gaq.be\/wp-content\/uploads\/2024\/07\/image-18-300x276.png 300w, https:\/\/gaq.be\/wp-content\/uploads\/2024\/07\/image-18-768x707.png 768w, https:\/\/gaq.be\/wp-content\/uploads\/2024\/07\/image-18-1536x1414.png 1536w, https:\/\/gaq.be\/wp-content\/uploads\/2024\/07\/image-18-2048x1885.png 2048w, https:\/\/gaq.be\/wp-content\/uploads\/2024\/07\/image-18-600x552.png 600w\" sizes=\"auto, (max-width: 1024px) 100vw, 1024px\" \/><\/figure>\n\n\n\n<p>Passers-by will have noticed that work has resumed at the Van Oudenhove pavilion (located in the Parc du Cinquantenaire behind the Grand Mosque). This pavilion was the subject of a project submitted by the GAQ for funding through the participatory budget. A fire on the roof in 2022 complicated and delayed the implementation of the project. The funds initially allocated for equipping a large multi-purpose hall had to be used to redo the roof and remove asbestos from the building. Work is now resuming. Will local associations soon be able to use the space? To be continued.&nbsp;&nbsp;<\/p>\n\n\n\n<p class=\"has-text-align-center\"><mark style=\"background-color:#57EAC2\" class=\"has-inline-color has-contrast-color\"><a href=\"https:\/\/gaq.be\/iq2024\/\">Retour \u00e0 l&#8217;aper\u00e7u &#8211; Return to overview &#8211; Terug naar overzicht<\/a><\/mark><\/p>\n","protected":false},"excerpt":{"rendered":"<p>Arbres et trottoirs De nouveaux trottoirs ! &nbsp;La Ville de Bruxelles a entam\u00e9 la r\u00e9novation de plusieurs trottoirs dans le quartier. &nbsp;Il s\u2019agit plus exactement de s\u00e9curisation des carrefours.&nbsp;Celle-ci avait [&hellip;]<\/p>\n","protected":false},"author":2025,"featured_media":0,"parent":0,"menu_order":0,"comment_status":"closed","ping_status":"closed","template":"","meta":{"_EventAllDay":false,"_EventTimezone":"","_EventStartDate":"","_EventEndDate":"","_EventStartDateUTC":"","_EventEndDateUTC":"","_EventShowMap":false,"_EventShowMapLink":false,"_EventURL":"","_EventCost":"","_EventCostDescription":"","_EventCurrencySymbol":"","_EventCurrencyCode":"","_EventCurrencyPosition":"","_EventDateTimeSeparator":"","_EventTimeRangeSeparator":"","_EventOrganizerID":[],"_EventVenueID":[],"_OrganizerEmail":"","_OrganizerPhone":"","_OrganizerWebsite":"","_VenueAddress":"","_VenueCity":"","_VenueCountry":"","_VenueProvince":"","_VenueState":"","_VenueZip":"","_VenuePhone":"","_VenueURL":"","_VenueStateProvince":"","_VenueLat":"","_VenueLng":"","_VenueShowMap":false,"_VenueShowMapLink":false,"footnotes":""},"categories":[230],"tags":[],"class_list":["post-12485","page","type-page","status-publish","hentry","category-infor-quartier"],"_links":{"self":[{"href":"https:\/\/gaq.be\/en\/wp-json\/wp\/v2\/pages\/12485","targetHints":{"allow":["GET"]}}],"collection":[{"href":"https:\/\/gaq.be\/en\/wp-json\/wp\/v2\/pages"}],"about":[{"href":"https:\/\/gaq.be\/en\/wp-json\/wp\/v2\/types\/page"}],"author":[{"embeddable":true,"href":"https:\/\/gaq.be\/en\/wp-json\/wp\/v2\/users\/2025"}],"replies":[{"embeddable":true,"href":"https:\/\/gaq.be\/en\/wp-json\/wp\/v2\/comments?post=12485"}],"version-history":[{"count":10,"href":"https:\/\/gaq.be\/en\/wp-json\/wp\/v2\/pages\/12485\/revisions"}],"predecessor-version":[{"id":12907,"href":"https:\/\/gaq.be\/en\/wp-json\/wp\/v2\/pages\/12485\/revisions\/12907"}],"wp:attachment":[{"href":"https:\/\/gaq.be\/en\/wp-json\/wp\/v2\/media?parent=12485"}],"wp:term":[{"taxonomy":"category","embeddable":true,"href":"https:\/\/gaq.be\/en\/wp-json\/wp\/v2\/categories?post=12485"},{"taxonomy":"post_tag","embeddable":true,"href":"https:\/\/gaq.be\/en\/wp-json\/wp\/v2\/tags?post=12485"}],"curies":[{"name":"wp","href":"https:\/\/api.w.org\/{rel}","templated":true}]}}