{"id":12623,"date":"2024-07-16T13:03:02","date_gmt":"2024-07-16T11:03:02","guid":{"rendered":"https:\/\/gaq.be\/?page_id=12623"},"modified":"2024-07-23T12:09:53","modified_gmt":"2024-07-23T10:09:53","slug":"iq2024-accidents","status":"publish","type":"page","link":"https:\/\/gaq.be\/en\/iq2024-accidents\/","title":{"rendered":"IQ2024 &#8211; Accidents en chiffres"},"content":{"rendered":"\n<p>Un crissement de freins et de pneus, suivi d\u2019un bruit sourd. J&#8217;avais d\u00e9j\u00e0 assist\u00e9 \u00e0 une collision. Alors quand j&#8217;ai entendu le m\u00eame bruit un soir de mai 2017, j&#8217;ai tout de suite su de quoi il s&#8217;agissait. Rapidement, je me suis dirig\u00e9 vers la fen\u00eatre. Une Mercedes grise s&#8217;\u00e9loignait.&nbsp;&nbsp;&nbsp;L&#8217;homme avait \u00e9t\u00e9 percut\u00e9 sur le passage pour pi\u00e9ton reliant le square Ambiorix \u00e0 la rue Charles Martel. Il promenait son chien. Il saignait de la t\u00eate et ne bougeait pas.&nbsp;<\/p>\n\n\n\n<p>Tant d&#8217;ann\u00e9es plus tard. Je suis assis chez moi en train de travailler et j&#8217;entends des sir\u00e8nes. On les entend souvent au square Ambiorix. Mais celles-ci continuent, s&#8217;arr\u00eatant juste devant la porte. Je jette tout de m\u00eame un coup d&#8217;\u0153il. Un bus qui tournait dans la rue Archim\u00e8de a renvers\u00e9 une femme sur le passage pour pi\u00e9ton. Elle est coinc\u00e9e et les pompiers doivent la d\u00e9gager.&nbsp;<\/p>\n\n\n\n<p>Pour ceux qui passent une demi-heure plus t\u00f4t ou plus tard, c&#8217;est comme si rien ne s&#8217;\u00e9tait pass\u00e9. Apr\u00e8s avoir assist\u00e9 \u00e0 deux accidents graves, je me suis demand\u00e9 combien il y en avait en r\u00e9alit\u00e9 dans le quartier. Ai-je \u00e9t\u00e9 deux fois au mauvais moment et au mauvais endroit ?&nbsp;&nbsp;Ou s&#8217;agissait-il de la partie \u00e9merg\u00e9e de l&#8217;iceberg ?<\/p>\n\n\n\n<p>Il n&#8217;a pas \u00e9t\u00e9 facile d&#8217;obtenir des chiffres. Les autorit\u00e9s qui disposent des donn\u00e9es ne veulent pas les partager. Nous savons \u00e9galement que de nombreux accidents ne sont pas signal\u00e9s, de sorte que les chiffres officiels sont par d\u00e9finition sous-estim\u00e9s. De plus, les confinements \u00e0 l&#8217;\u00e9poque de la COVID compliquent la lecture des chiffres. Certains changements, comme la zone 30 g\u00e9n\u00e9ralis\u00e9e et la popularit\u00e9 croissante du v\u00e9lo, sont \u00e9galement tr\u00e8s r\u00e9cents. Sont-ils d\u00e9j\u00e0 visibles dans les chiffres ?<\/p>\n\n\n\n<p>Via Statbel, l&#8217;office belge de statistique, nous avons obtenu des chiffres d\u00e9taill\u00e9s sur le quartier des squares, qui se situe entre le petit ring, la chauss\u00e9e de Louvain, la rue du Noyer et l\u2019avenue de Cortenbergh. Ils comptabilisent les accidents pour lesquels la police a dress\u00e9 un proc\u00e8s-verbal.<\/p>\n\n\n\n<figure class=\"wp-block-image size-full is-resized\"><img loading=\"lazy\" decoding=\"async\" width=\"522\" height=\"592\" src=\"https:\/\/gaq.be\/wp-content\/uploads\/2024\/07\/image-4.png\" alt=\"\" class=\"wp-image-12757\" style=\"width:376px;height:auto\" srcset=\"https:\/\/gaq.be\/wp-content\/uploads\/2024\/07\/image-4.png 522w, https:\/\/gaq.be\/wp-content\/uploads\/2024\/07\/image-4-265x300.png 265w\" sizes=\"auto, (max-width: 522px) 100vw, 522px\" \/><\/figure>\n\n\n\n<p>Le quartier des squares est relativement petit &#8211; moins de 1 km\u00b2 &#8211; et pourtant il y a 1,3 bless\u00e9 l\u00e9ger par semaine. Et en moyenne, tous les 2,5 mois, il y a un accident avec un bless\u00e9 grave (ou pire).&nbsp;<\/p>\n\n\n\n<p>L&#8217;introduction de la zone 30 g\u00e9n\u00e9ralis\u00e9e \u00e0 partir du 1er janvier 2021 ne solutionne certainement pas compl\u00e8tement le probl\u00e8me. J&#8217;ai demand\u00e9 \u00e0 Bruxelles Mobilit\u00e9 comment ils comptent am\u00e9liorer la situation. Car la R\u00e9gion bruxelloise veut qu&#8217;il n&#8217;y ait plus d&#8217;accidents majeurs d&#8217;ici 2030. Pour les seuls squares, cela semble totalement irr\u00e9alisable, et encore moins pour l&#8217;ensemble de la r\u00e9gion. La r\u00e9ponse a \u00e9t\u00e9 qu\u2019ils veulent continuer \u00e0 se concentrer sur l&#8217;infrastructure, tout en renfor\u00e7ant la sensibilisation et l&#8217;application de la Loi.&nbsp;<\/p>\n\n\n\n<p>Si l&#8217;on examine en d\u00e9tail les accidents majeurs survenus aux alentours des squares, on constate que les usagers de la route vuln\u00e9rables en sont tr\u00e8s souvent les victimes.<\/p>\n\n\n\n<figure class=\"wp-block-image size-full\"><img loading=\"lazy\" decoding=\"async\" width=\"904\" height=\"568\" src=\"https:\/\/gaq.be\/wp-content\/uploads\/2024\/07\/image.png\" alt=\"\" class=\"wp-image-12742\" srcset=\"https:\/\/gaq.be\/wp-content\/uploads\/2024\/07\/image.png 904w, https:\/\/gaq.be\/wp-content\/uploads\/2024\/07\/image-300x188.png 300w, https:\/\/gaq.be\/wp-content\/uploads\/2024\/07\/image-768x483.png 768w, https:\/\/gaq.be\/wp-content\/uploads\/2024\/07\/image-600x377.png 600w\" sizes=\"auto, (max-width: 904px) 100vw, 904px\" \/><\/figure>\n\n\n\n<p>Il est \u00e9galement frappant de constater \u00e0 quel point les bus sont repr\u00e9sent\u00e9s. Ils sont impliqu\u00e9s dans plus d&#8217;un cinqui\u00e8me des accidents graves. Bruxelles Mobilit\u00e9 a d\u00e9clar\u00e9 que les bus n&#8217;\u00e9taient impliqu\u00e9s que dans 6,8 % des accidents graves dans le quartier europ\u00e9en. Un commentaire curieux, car les chiffres de Statbel sont tout autres. Peut-\u00eatre l&#8217;administration se base-t-elle sur une zone plus large o\u00f9 de nombreux accidents se produisent sans bus ? L&#8217;administration elle-m\u00eame n&#8217;a pas pu partager les chiffres, c&#8217;est pourquoi nous continuons \u00e0 utiliser les chiffres de Statbel.<\/p>\n\n\n\n<p>\u00cates-vous surpris que les bus soient si dangereux ? Je vois r\u00e9guli\u00e8rement comment les grands bus se d\u00e9battent dans nos petites rues, comment ils heurtent les bornes aux intersections, comment ils s&#8217;arrogent parfois un droit de passage qu&#8217;ils n&#8217;ont pas. Autant d&#8217;\u00e9l\u00e9ments qui ne contribuent pas \u00e0 la s\u00e9curit\u00e9 routi\u00e8re.<\/p>\n\n\n\n<p>Il est \u00e9galement trop t\u00f4t aujourd&#8217;hui pour \u00e9valuer de mani\u00e8re approfondie l&#8217;impact de la zone 30, mais dans la liste des accidents majeurs, nous ne voyons qu&#8217;un seul accident majeur impliquant une voiture de tourisme apr\u00e8s 2021. Pour l&#8217;instant, il semble que la conduite plus lente fasse vraiment la diff\u00e9rence.<\/p>\n\n\n\n<p>Je continue d&#8217;essayer d&#8217;obtenir de meilleurs chiffres. Si j&#8217;y parviens, une mise \u00e0 jour sera publi\u00e9e sur ce site web.<\/p>\n\n\n\n<p>Wouter Acke<\/p>\n\n\n\n<p><\/p>\n\n\n\n<h2 class=\"wp-block-heading\" id=\"NL\">Ongevallencijfers<\/h2>\n\n\n\n<p>Piepende remmen en banden. Dan een doffe klap. Ik had al eens een aanrijding gezien. Dus toen ik op een meiavond in 2017 hetzelfde hoorde wist ik meteen wat het was. Vlug naar het raam. Een grijze Mercedes reed weg. Vluchtmisdrijf. De man was aangereden op het zebrapad van het park naar de Karel Martelstraat. Hij liet zijn hond uit. Bloedde uit zijn hoofd en bewoog niet meer.&nbsp;<\/p>\n\n\n\n<p>Zoveel jaar later. Ik zit thuis te werken en hoor sirenes. Die hoor je wel vaker rond Square Ambiorix. Maar ze blijven, en stoppen vlak voor de deur. Toch maar kijken. Een bus die de Archimedesstraat indraaide heeft een vrouw op het zebrapad overreden. Ze zit geklemd en de brandweer moet haar verwijderen.&nbsp;<\/p>\n\n\n\n<p>Voor wie een halfuur vroeger of later passeert, is het alsof er niets gebeurde. Na twee zware ongevallen gezien te hebben, begon ik mij af te vragen hoeveel het er eigenlijk waren. Was ik toevallig tweemaal op de verkeerde tijd en plaats?&nbsp;&nbsp;Of gaat het om het topje van de ijsberg?<\/p>\n\n\n\n<p>Het was niet makkelijk om aan cijfers te geraken. De overheden die de data hebben willen ze niet delen. We weten ook dat veel ongevallen niet aangegeven worden, waardoor de offici\u00eble cijfers per definitie een onderschatting zijn. En de lockdowns uit de COVID-tijd zorgen voor ruis op de cijfers. Sommige veranderingen, zoals de algemene zone 30 en de groeiende populariteit van het fietsen, zijn ook heel recent. Zijn ze al zichtbaar in de cijfers?<\/p>\n\n\n\n<p>Via Statbel, het Belgische bureau voor de statistiek, kregen we gedetailleerde cijfers over de wijk van de Squares. Grofweg tussen de kleine ring, Leuvensesteenweg, Notelaarstraat en Kortenberglaan. Ze tellen ongevallen waarvoor de politie een PV opmaakte.<\/p>\n\n\n\n<figure class=\"wp-block-image size-full is-resized\"><img loading=\"lazy\" decoding=\"async\" width=\"516\" height=\"524\" src=\"https:\/\/gaq.be\/wp-content\/uploads\/2024\/07\/image-3.png\" alt=\"\" class=\"wp-image-12753\" style=\"width:323px;height:auto\" srcset=\"https:\/\/gaq.be\/wp-content\/uploads\/2024\/07\/image-3.png 516w, https:\/\/gaq.be\/wp-content\/uploads\/2024\/07\/image-3-295x300.png 295w\" sizes=\"auto, (max-width: 516px) 100vw, 516px\" \/><\/figure>\n\n\n\n<p>De Squares zijn relatief klein \u2013 minder dan 1 km\u00b2 &#8211; maar toch vallen er elke week 1,3 lichtgewonden. En gemiddeld om de 2,5 maand is er een ongeval met een zwaargewonde (of erger).&nbsp;<\/p>\n\n\n\n<p>De invoering van een algemene zone 30 sinds 1 januari 2021 is alvast geen totaaloplossing. Ik vroeg aan de Brussel Mobiliteit hoe het nu verder moet. Want het Brussels Gewest wil tegen 2030 geen enkel zwaar ongeval meer. Alleen al voor de Squares lijkt dit compleet onhaalbaar, laat staan voor het volledige gewest. Het antwoord was dat men verder wil inzetten&nbsp;<em>op de infrastructuur, in combinatie met meer sensibilisering en handhaving<\/em>.&nbsp;<\/p>\n\n\n\n<p>Als we in detail kijken naar de zware ongevallen binnen de Squares, dan zien we dat de zwakke weggebruikers erg vaak slachtoffer zijn.&nbsp;<\/p>\n\n\n\n<figure class=\"wp-block-image size-full is-resized\"><img loading=\"lazy\" decoding=\"async\" width=\"904\" height=\"532\" src=\"https:\/\/gaq.be\/wp-content\/uploads\/2024\/07\/image-2.png\" alt=\"\" class=\"wp-image-12749\" style=\"width:757px;height:auto\" srcset=\"https:\/\/gaq.be\/wp-content\/uploads\/2024\/07\/image-2.png 904w, https:\/\/gaq.be\/wp-content\/uploads\/2024\/07\/image-2-300x177.png 300w, https:\/\/gaq.be\/wp-content\/uploads\/2024\/07\/image-2-768x452.png 768w, https:\/\/gaq.be\/wp-content\/uploads\/2024\/07\/image-2-600x353.png 600w\" sizes=\"auto, (max-width: 904px) 100vw, 904px\" \/><\/figure>\n\n\n\n<p>Wat ook opvalt, is hoe sterk de bussen vertegenwoordigd zijn. Ze zijn betrokken bij meer dan een vijfde van alle zware ongevallen. In een reactie hierop stelde Brussel Mobiliteit dat bussen bij slechts 6,8% van de ernstige ongevallen in de Europese wijk betrokken zijn. Een merkwaardige opmerking, want de cijfers van Statbel vertellen een ander verhaal. Misschien baseert de administratie zich op een ruimer gebied met veel ongevallen zonder autobussen? De administratie zelf kon geen cijfers delen, waardoor we toch verder gaan met de cijfers van Statbel.<\/p>\n\n\n\n<p>Verbaast het dat bussen zo gevaarlijk zijn? Ik zie regelmatig hoe grote bussen worstelen met onze kleine straten, hoe ze paaltjes aan kruispunten aanrijden, hoe assertief ze soms voorrang zoeken die ze niet hebben. Allemaal zaken die niet bijdragen tot de verkeersveiligheid.<\/p>\n\n\n\n<p>Ook is het vandaag nog te vroeg om de impact van de zone 30 grondig te beoordelen, maar in de lijst van zware ongevallen zien we slechts 1 zwaar ongeval met een personenwagen na 2021. Voorlopig lijkt het er op dat trager rijden hier echt wel verschil maakt.<\/p>\n\n\n\n<p>Ik blijf proberen om betere cijfers te pakken te krijgen. Als dat lukt komt er een update op de website.<\/p>\n\n\n\n<p>Wouter Acke<\/p>\n\n\n\n<h2 class=\"wp-block-heading\" id=\"EN\">Accident Statistics<\/h2>\n\n\n\n<p>Squealing brakes and tyres. Then a dull bang. I had witnessed a collision before. So when I heard the same noise on an evening in May 2017, I immediately knew what it was. Swiftly to the window. A grey Mercedes drove away. Hit-and-run. The man had been hit on the pedestrian crossing from the park to rue Charles Martel. He was walking his dog. Bleeding from his head and not moving.&nbsp;<\/p>\n\n\n\n<p>So many years later. I am sitting at home working and hear sirens. You often hear those around Square Ambiorix. But this time they stop right outside the door. So, I take a look. A bus turning into Archimedes Street has run over a woman on the pedestrian crossing. She is trapped and the fire brigade has to remove her.&nbsp;<\/p>\n\n\n\n<p>For those passing half an hour earlier or later, it is as if nothing happened. After seeing two serious accidents, I began to wonder how many there actually are. Did I happen to be at the wrong place at the wrong time?&nbsp;&nbsp;Or were they the tip of the iceberg?<\/p>\n\n\n\n<p>It was not easy to get figures. The authorities that have the data do not want to share them. We also know that many accidents go unreported, so the official figures are by definition an underestimate. And the lockdowns from the COVID era add noise to the figures. Some changes, such as the general 30 km\/h zone and the growing popularity of cycling, are also very recent. Are they already visible in the statistics?<\/p>\n\n\n\n<p>Via Statbel, the Belgian statistical office, we got detailed figures on the Squares neighbourhood, situated roughly between the small ring, the Chauss\u00e9e de Louvain, the rue du Noyer and the avenue de Cortenbergh. They count accidents for which the police drew up an official report.<\/p>\n\n\n\n<figure class=\"wp-block-image size-full is-resized\"><img loading=\"lazy\" decoding=\"async\" width=\"452\" height=\"512\" src=\"https:\/\/gaq.be\/wp-content\/uploads\/2024\/07\/image-5.png\" alt=\"\" class=\"wp-image-12761\" style=\"width:298px;height:auto\" srcset=\"https:\/\/gaq.be\/wp-content\/uploads\/2024\/07\/image-5.png 452w, https:\/\/gaq.be\/wp-content\/uploads\/2024\/07\/image-5-265x300.png 265w\" sizes=\"auto, (max-width: 452px) 100vw, 452px\" \/><\/figure>\n\n\n\n<p>The Squares quarter is relatively small &#8211; less than 1 km\u00b2 &#8211; yet there are 1.3 minor injuries every week. And on average, every 2.5 months there is an accident with a seriously injured person (or worse).&nbsp;<\/p>\n\n\n\n<p>The introduction of a general 30 km\/h zone since 1 January 2021 is certainly not the only solution. I asked Brussels Mobility how they plan to proceed. Because by 2030 the Brussels Region does not want to have any serious accidents any more. For the Squares alone, this seems completely unachievable, let alone for the entire Region. The answer was that they will continue to focus on infrastructure, combined with more awareness and law enforcement.&nbsp;<\/p>\n\n\n\n<p>If we look in detail at the major accidents within the Squares, we see that vulnerable road users are very often victims.<\/p>\n\n\n\n<figure class=\"wp-block-image size-full is-resized\"><img loading=\"lazy\" decoding=\"async\" width=\"904\" height=\"568\" src=\"https:\/\/gaq.be\/wp-content\/uploads\/2024\/07\/image-6.png\" alt=\"\" class=\"wp-image-12765\" style=\"width:703px;height:auto\" srcset=\"https:\/\/gaq.be\/wp-content\/uploads\/2024\/07\/image-6.png 904w, https:\/\/gaq.be\/wp-content\/uploads\/2024\/07\/image-6-300x188.png 300w, https:\/\/gaq.be\/wp-content\/uploads\/2024\/07\/image-6-768x483.png 768w, https:\/\/gaq.be\/wp-content\/uploads\/2024\/07\/image-6-600x377.png 600w\" sizes=\"auto, (max-width: 904px) 100vw, 904px\" \/><\/figure>\n\n\n\n<p>What is also striking is how often buses are involved, in more than a fifth of all serious accidents. Commenting on this, Brussels Mobility stated that buses are involved in only 6.8% of serious accidents in the European quarter. A curious comment, as Statbel&#8217;s figures tell a different story. Perhaps the administration relies on a wider area including many accidents without buses? The administration itself could not share figures, which is why we continue with Statbel&#8217;s figures anyway.<\/p>\n\n\n\n<p>Are you surprised that buses are so dangerous? I regularly see how big buses struggle on our small streets, how they hit bollards at intersections, how assertively they sometimes claim the right of way that they don&#8217;t have; all things that do not contribute to road safety.<\/p>\n\n\n\n<p>It is also too early to thoroughly assess the impact of the 30 km\/h zone, but in the list of major accidents, we see only 1 major accident involving a passenger car after 2021. For now, it seems that slower driving really does make a difference here.<\/p>\n\n\n\n<p>I keep trying to get hold of better figures. If I succeed, there will be an update on the website.<\/p>\n\n\n\n<p>Wouter Acke<\/p>\n\n\n\n<p class=\"has-text-align-center\"><a href=\"https:\/\/gaq.be\/iq2024\/\"><mark style=\"background-color:#57EAC2\" class=\"has-inline-color\">Retour \u00e0 l&#8217;aper\u00e7u &#8211; Return to overview &#8211; Terug naar overzicht<\/mark><\/a><\/p>\n","protected":false},"excerpt":{"rendered":"<p>Un crissement de freins et de pneus, suivi d\u2019un bruit sourd. J&#8217;avais d\u00e9j\u00e0 assist\u00e9 \u00e0 une collision. Alors quand j&#8217;ai entendu le m\u00eame bruit un soir de mai 2017, j&#8217;ai [&hellip;]<\/p>\n","protected":false},"author":2025,"featured_media":0,"parent":0,"menu_order":0,"comment_status":"closed","ping_status":"closed","template":"","meta":{"_EventAllDay":false,"_EventTimezone":"","_EventStartDate":"","_EventEndDate":"","_EventStartDateUTC":"","_EventEndDateUTC":"","_EventShowMap":false,"_EventShowMapLink":false,"_EventURL":"","_EventCost":"","_EventCostDescription":"","_EventCurrencySymbol":"","_EventCurrencyCode":"","_EventCurrencyPosition":"","_EventDateTimeSeparator":"","_EventTimeRangeSeparator":"","_EventOrganizerID":[],"_EventVenueID":[],"_OrganizerEmail":"","_OrganizerPhone":"","_OrganizerWebsite":"","_VenueAddress":"","_VenueCity":"","_VenueCountry":"","_VenueProvince":"","_VenueState":"","_VenueZip":"","_VenuePhone":"","_VenueURL":"","_VenueStateProvince":"","_VenueLat":"","_VenueLng":"","_VenueShowMap":false,"_VenueShowMapLink":false,"footnotes":""},"categories":[230],"tags":[],"class_list":["post-12623","page","type-page","status-publish","hentry","category-infor-quartier"],"_links":{"self":[{"href":"https:\/\/gaq.be\/en\/wp-json\/wp\/v2\/pages\/12623","targetHints":{"allow":["GET"]}}],"collection":[{"href":"https:\/\/gaq.be\/en\/wp-json\/wp\/v2\/pages"}],"about":[{"href":"https:\/\/gaq.be\/en\/wp-json\/wp\/v2\/types\/page"}],"author":[{"embeddable":true,"href":"https:\/\/gaq.be\/en\/wp-json\/wp\/v2\/users\/2025"}],"replies":[{"embeddable":true,"href":"https:\/\/gaq.be\/en\/wp-json\/wp\/v2\/comments?post=12623"}],"version-history":[{"count":13,"href":"https:\/\/gaq.be\/en\/wp-json\/wp\/v2\/pages\/12623\/revisions"}],"predecessor-version":[{"id":12796,"href":"https:\/\/gaq.be\/en\/wp-json\/wp\/v2\/pages\/12623\/revisions\/12796"}],"wp:attachment":[{"href":"https:\/\/gaq.be\/en\/wp-json\/wp\/v2\/media?parent=12623"}],"wp:term":[{"taxonomy":"category","embeddable":true,"href":"https:\/\/gaq.be\/en\/wp-json\/wp\/v2\/categories?post=12623"},{"taxonomy":"post_tag","embeddable":true,"href":"https:\/\/gaq.be\/en\/wp-json\/wp\/v2\/tags?post=12623"}],"curies":[{"name":"wp","href":"https:\/\/api.w.org\/{rel}","templated":true}]}}