{"id":4728,"date":"2020-10-10T13:14:51","date_gmt":"2020-10-10T11:14:51","guid":{"rendered":"http:\/\/gaq.be\/evenements\/visite-serres-de-la-ville-2\/"},"modified":"2020-10-10T13:14:51","modified_gmt":"2020-10-10T11:14:51","slug":"visite-serres-de-la-ville-2","status":"publish","type":"tribe_events","link":"https:\/\/gaq.be\/en\/evenements\/visite-serres-de-la-ville-2\/","title":{"rendered":"Visite: Serres de la Ville"},"content":{"rendered":"<p>Vous pourrez aussi d\u00e9couvrir les Serres de la Ville (acc\u00e8s gratuit de 10h \u00e0 17h \u2013 Zavelstraat 95 \u00e0 1933 Sterrebeek). Ce site s\u2019\u00e9tend sur environ 12 hectares et comporte 5000 m\u00b2 de serres. Quelque 600 000 fleurs et plantes y sont cultiv\u00e9es annuellement pour agr\u00e9menter ensuite parterres; vasques d\u00e9coratives ou b\u00e2timents publics de la Ville. Vous aurez \u00e9galement la possibilit\u00e9 de vous informer (animations et sensibilisation autour du compostage des d\u00e9chets organiques et du r\u00f4le des abeilles dans la biodiversit\u00e9) et de vous restaurer \u00e0 prix modique.<\/p>\n","protected":false},"excerpt":{"rendered":"<p>Vous pourrez aussi d\u00e9couvrir les Serres de la Ville (acc\u00e8s gratuit de 10h \u00e0 17h \u2013 Zavelstraat 95 \u00e0 1933 Sterrebeek). Ce site s\u2019\u00e9tend sur environ 12 hectares et comporte [&hellip;]<\/p>\n","protected":false},"author":1,"featured_media":0,"template":"","meta":{"_EventAllDay":false,"_EventTimezone":"Europe\/Brussels","_EventStartDate":"2010-05-15 00:00:00","_EventEndDate":"2010-05-15 17:00:00","_EventStartDateUTC":"2010-05-14 22:00:00","_EventEndDateUTC":"2010-05-15 15:00:00","_EventShowMap":false,"_EventShowMapLink":false,"_EventURL":"","_EventCost":"","_EventCostDescription":"","_EventCurrencySymbol":"","_EventCurrencyCode":"","_EventCurrencyPosition":"prefix","_EventDateTimeSeparator":"","_EventTimeRangeSeparator":"","_EventOrganizerID":[],"_EventVenueID":[],"_OrganizerEmail":"","_OrganizerPhone":"","_OrganizerWebsite":"","_VenueAddress":"","_VenueCity":"","_VenueCountry":"","_VenueProvince":"","_VenueState":"","_VenueZip":"","_VenuePhone":"","_VenueURL":"","_VenueStateProvince":"","_VenueLat":"","_VenueLng":"","_VenueShowMap":false,"_VenueShowMapLink":false,"_tribe_events_status":"","_tribe_events_status_reason":"","footnotes":""},"tags":[],"tribe_events_cat":[],"class_list":["post-4728","tribe_events","type-tribe_events","status-publish","hentry"],"_links":{"self":[{"href":"https:\/\/gaq.be\/en\/wp-json\/wp\/v2\/tribe_events\/4728","targetHints":{"allow":["GET"]}}],"collection":[{"href":"https:\/\/gaq.be\/en\/wp-json\/wp\/v2\/tribe_events"}],"about":[{"href":"https:\/\/gaq.be\/en\/wp-json\/wp\/v2\/types\/tribe_events"}],"author":[{"embeddable":true,"href":"https:\/\/gaq.be\/en\/wp-json\/wp\/v2\/users\/1"}],"version-history":[{"count":0,"href":"https:\/\/gaq.be\/en\/wp-json\/wp\/v2\/tribe_events\/4728\/revisions"}],"wp:attachment":[{"href":"https:\/\/gaq.be\/en\/wp-json\/wp\/v2\/media?parent=4728"}],"wp:term":[{"taxonomy":"post_tag","embeddable":true,"href":"https:\/\/gaq.be\/en\/wp-json\/wp\/v2\/tags?post=4728"},{"taxonomy":"tribe_events_cat","embeddable":true,"href":"https:\/\/gaq.be\/en\/wp-json\/wp\/v2\/tribe_events_cat?post=4728"}],"curies":[{"name":"wp","href":"https:\/\/api.w.org\/{rel}","templated":true}]}}