{"id":14409,"date":"2025-09-12T17:54:57","date_gmt":"2025-09-12T15:54:57","guid":{"rendered":"https:\/\/gaq.be\/?page_id=14409"},"modified":"2025-09-18T17:03:37","modified_gmt":"2025-09-18T15:03:37","slug":"iq2025-nl","status":"publish","type":"page","link":"https:\/\/gaq.be\/nl\/iq2025-nl\/","title":{"rendered":"Infor-Quartier 08\/2025\u00a0\u00a0 #37 (NL)"},"content":{"rendered":"\n<p><strong>Dit is de uitgebreide versie van Infor-Quartier 2025 in het Nederlands.<\/strong><br><strong>Werk in uitvoering: Lay-out en illustraties volgen nog&#8230;<\/strong><\/p>\n\n\n\n<p>La version compl\u00e8te d&#8217;Infor-Quartier 2025 en fran\u00e7ais est disponible <a href=\"https:\/\/gaq.be\/iq2025-fr\/\">ici<\/a>.<br>The extended version of Infor-Quartier 2025 in <strong>English <\/strong>is available <a href=\"https:\/\/gaq.be\/?page_id=14414\">here<\/a>.<\/p>\n\n\n\n<figure class=\"wp-block-image size-large\"><img loading=\"lazy\" decoding=\"async\" width=\"722\" height=\"1024\" src=\"https:\/\/gaq.be\/wp-content\/uploads\/2025\/07\/GAQ-IQ2025-722x1024.png\" alt=\"\" class=\"wp-image-14191\" srcset=\"https:\/\/gaq.be\/wp-content\/uploads\/2025\/07\/GAQ-IQ2025-722x1024.png 722w, https:\/\/gaq.be\/wp-content\/uploads\/2025\/07\/GAQ-IQ2025-212x300.png 212w, https:\/\/gaq.be\/wp-content\/uploads\/2025\/07\/GAQ-IQ2025-768x1089.png 768w, https:\/\/gaq.be\/wp-content\/uploads\/2025\/07\/GAQ-IQ2025-600x851.png 600w, https:\/\/gaq.be\/wp-content\/uploads\/2025\/07\/GAQ-IQ2025.png 840w\" sizes=\"auto, (max-width: 722px) 100vw, 722px\" \/><\/figure>\n\n\n\n<h1 class=\"wp-block-heading\" id=\"mati\u00e8res\"><strong>Inhoudstafel<\/strong><\/h1>\n\n\n\n<h4 class=\"wp-block-heading\"><p>Klik op een titel om de inhoud te bekijken.<\/p><\/h4>\n\n\n\n<p><strong><a href=\"#Colophon\">Colophon<\/a><\/strong><br><strong><a href=\"#Editoriaal\">Editoriaal<\/a><\/strong><br><strong><a href=\"#De-GAQ\">De GAQ \u2013 uw buurtcomit\u00e9<\/a><\/strong><br><a href=\"#Netheid-en\"><strong>Enqu\u00eate<\/strong>: <strong><strong>Netheid en milieu in de Europese wijk<\/strong><\/strong><\/a><br><strong><a href=\"#Maak-kennis\">Maak kennis met onze straatvegers<\/a><\/strong><br><strong><a href=\"#Interview-met\">Interview met Schepen Anas Ben Abdelmoumen<\/a><\/strong><br><a href=\"#Kaart\">Kaart: de lucht die we inademen<\/a><br><strong><a href=\"#Een-nieuw\">Een nieuw leven voor het 2017 sensorproject van de GAQ<\/a><\/strong><br><strong><a href=\"#Wat-kunnen\">Wat kunnen we nog doen voor een schoner et veiliger Brussel ?<\/a><\/strong><br><strong><a href=\"#Ken-de\">Ken de kwaliteit van uw kraantjeswater<\/a><\/strong><br><strong><a href=\"#Autour-de\">Autour de Marguerite, dat is ook netheid<\/a><\/strong><br><strong><a href=\"#Getuigenis-van\">Getuigenis van een verfraaier<\/a><\/strong><br><strong><a href=\"#Ratten-en\">Ratten en kraaien in Brussel : respectvol samenleven<\/a><\/strong><br><strong><a href=\"#Nieuws-van\">Nieuws van onze zusterorganisaties<\/a><\/strong><br><strong><a href=\"#Langs-onze\">Langs onze straten<\/a><\/strong><br><strong><a href=\"#Belangrijke\">Belangrijke stedenbouwkundige dossiers<\/a><\/strong><br><strong><a href=\"#Wandeling\">Wandeling langs de oude straten van onze wijk<\/a><\/strong><br><strong><a href=\"#Europa-in\">Europa in onze wijk: Gulliver in Lilliput&nbsp;?<\/a><\/strong><br><strong><a href=\"https:\/\/gaq.be\/nl\/evenements\/feest-van-de-gaq-op-de-ambiorixsquare-2025\/\">Rommelmarkt reglement<\/a><\/strong><\/p>\n\n\n\n<p class=\"has-text-align-right has-large-font-size\"><a href=\"#mati\u00e8res\">&#8230;vers le haut <img loading=\"lazy\" decoding=\"async\" width=\"30\" height=\"30\" class=\"wp-image-14354\" style=\"width: 30px;\" src=\"https:\/\/gaq.be\/wp-content\/uploads\/2025\/09\/top-arrow.png\" alt=\"\" srcset=\"https:\/\/gaq.be\/wp-content\/uploads\/2025\/09\/top-arrow.png 668w, https:\/\/gaq.be\/wp-content\/uploads\/2025\/09\/top-arrow-300x300.png 300w, https:\/\/gaq.be\/wp-content\/uploads\/2025\/09\/top-arrow-150x150.png 150w, https:\/\/gaq.be\/wp-content\/uploads\/2025\/09\/top-arrow-600x600.png 600w, https:\/\/gaq.be\/wp-content\/uploads\/2025\/09\/top-arrow-100x100.png 100w\" sizes=\"auto, (max-width: 30px) 100vw, 30px\" \/><\/a><\/p>\n\n\n\n<h1 class=\"wp-block-heading\" id=\"Colophon\"><strong>Colophon<\/strong><\/h1>\n\n\n\n<p>Infor-Quartier 2025, \u00e9dition 37<\/p>\n\n\n\n<p>Infor-Quartier, jaarlijks bulletin van de GAQ, gratis in alle brievenbussen van de Europese wijk van de Stad Brussel bezorgd.<br><br>Gedrukt in Belgi\u00eb door Artoos<br><br><strong>Grafisme, laatste pagina en vormgeving&nbsp;: <\/strong>Gero Sander<br><strong>&nbsp;<\/strong><br><strong>GAQ asbl,<\/strong><br>Zetel&nbsp;&nbsp;&nbsp;<br>Charles Quintstraat 130<br>B-1000 Bruxelles,<br><br><strong>Het bestuursorgaan van de GAQ bestaat uit 7 leden:<\/strong><\/p>\n\n\n\n<figure class=\"wp-block-image size-large\"><img loading=\"lazy\" decoding=\"async\" width=\"1024\" height=\"221\" src=\"https:\/\/gaq.be\/wp-content\/uploads\/2025\/09\/photo-2-GAQ-CA-2025-1024x221.png\" alt=\"\" class=\"wp-image-14565\" srcset=\"https:\/\/gaq.be\/wp-content\/uploads\/2025\/09\/photo-2-GAQ-CA-2025-1024x221.png 1024w, https:\/\/gaq.be\/wp-content\/uploads\/2025\/09\/photo-2-GAQ-CA-2025-300x65.png 300w, https:\/\/gaq.be\/wp-content\/uploads\/2025\/09\/photo-2-GAQ-CA-2025-768x166.png 768w, https:\/\/gaq.be\/wp-content\/uploads\/2025\/09\/photo-2-GAQ-CA-2025-1536x331.png 1536w, https:\/\/gaq.be\/wp-content\/uploads\/2025\/09\/photo-2-GAQ-CA-2025-600x129.png 600w, https:\/\/gaq.be\/wp-content\/uploads\/2025\/09\/photo-2-GAQ-CA-2025.png 1702w\" sizes=\"auto, (max-width: 1024px) 100vw, 1024px\" \/><\/figure>\n\n\n\n<p><br>Van links naar rechts: <strong>Christian Dekeyser (Pr\u00e9sident), Nina Bachkatov, <strong>Chantal Matthys, Michael Van Gompen<\/strong><\/strong>, <strong>Alain Dewez<\/strong>, <strong>Kristine De Mulder, Philippe de Boeck.<\/strong><\/p>\n\n\n\n<p><a href=\"http:\/\/www.gaq.be\">www.gaq.be<\/a><br>@GAQ_Bruxelles<br>Facebook GAQBruxelles<br><strong>Verantwoordelijke uitgever<\/strong>: Christian Dekeyser<br><strong>Redactie<\/strong>: Barbara Bentein<br><strong>Redactie comit\u00e9<\/strong>: Wouter Acke, Barbara Bentein, Philippe Deboeck, Hannes Frank, Chantal Matthys, Katia Vandenborre<br><strong>Vertaling en nalezing<\/strong>: Wouter Acke, Danielle Beeldens, Jacques Boyer, Christian De Bock, Hannes Frank, Arabel Goldenson, Robert Nijhof, Jonathon Sawdon&nbsp;<br><strong>Fotos en afbeeldingen<\/strong>: GAQ tenzij anders aangegeven<br>De teksten van Infor-Quartier 2025 werden in mei-juni geschreven om in augustus te verschijnen.<\/p>\n\n\n\n<p class=\"has-text-align-right has-large-font-size\"><a href=\"#mati\u00e8res\">&#8230;vers le haut <img loading=\"lazy\" decoding=\"async\" width=\"30\" height=\"30\" class=\"wp-image-14354\" style=\"width: 30px;\" src=\"https:\/\/gaq.be\/wp-content\/uploads\/2025\/09\/top-arrow.png\" alt=\"\" srcset=\"https:\/\/gaq.be\/wp-content\/uploads\/2025\/09\/top-arrow.png 668w, https:\/\/gaq.be\/wp-content\/uploads\/2025\/09\/top-arrow-300x300.png 300w, https:\/\/gaq.be\/wp-content\/uploads\/2025\/09\/top-arrow-150x150.png 150w, https:\/\/gaq.be\/wp-content\/uploads\/2025\/09\/top-arrow-600x600.png 600w, https:\/\/gaq.be\/wp-content\/uploads\/2025\/09\/top-arrow-100x100.png 100w\" sizes=\"auto, (max-width: 30px) 100vw, 30px\" \/><\/a><\/p>\n\n\n\n<h1 class=\"wp-block-heading\" id=\"Editoriaal\"><strong>Editoriaal<\/strong><\/h1>\n\n\n\n<p>Het afgelopen jaar werd gekenmerkt door verschillende acties. Hier zijn de belangrijkste:<br><strong>Stedenbouw,<\/strong> met onze deelname aan belangrijke dossiers waarvoor beroepen zijn ingesteld, met name Newton, Kortenberglaan 58 en The One \u2014 dit laatste is al gebouwd en vereist een regularisatie, wat een precedent zou scheppen. De GAQ ondersteunt al deze acties op verschillende manieren: ondersteuning met briefwisseling, contacten met de autoriteiten, betrokkenheid bij gerechtelijke procedures, enz.<br><strong>Mobiliteit<\/strong>, waaronder het Schumanproject, waarvoor nog steeds een beroep loopt. De werkzaamheden aan het rondpunt zijn begonnen, en de centrale installatie \u2013 de overkapping \u2013 zal waarschijnlijk worden opgegeven. Beloftes rond vergroening lijken niet nagekomen in dit zeer \u201cmineraal\u201d project. Er is verkeersoverlast door het omleiden van bussen en verkeer naar straten die niet geschikt zijn voor zoveel en zulke zware voertuigen. De GAQ steunt de buurtbewoners in hun verschillende procedures.<br><strong>Leefkwaliteit, <\/strong>met name het probleem van lawaai en vuil veroorzaakt door de renovatie van het Shelton Hotel, dat onder meer dakterrassen voorziet met uitzicht op naburige huizen. Dit werd zonder vergunning gebouwd. De GAQ volgde de situatie op en greep in.<br><strong>Infor-Quartier,<\/strong> waarvan u de nieuwste editie nu in handen hebt, is het resultaat van een prachtige collectieve inspanning. De artikels werden geschreven door buurtbewoners. Infor-Quartier is het visitekaartje van de GAQ.<br><strong>De werkgroep \u201cFeesten\u201d<\/strong> organiseert met verve het buurtfeest en de rommelmarkt. Ze co\u00f6rdineert ook de deelname van de GAQ aan Winter Pop. De GAQ ondersteunt of verspreidt informatie over straatfeesten georganiseerd door buurtbewoners, die steeds populairder worden.<br>Laten we ook onze <strong>samenwerkingen<\/strong> met BRAL en IEB niet vergeten, evenals onze deelname aan de vergaderingen van de comit\u00e9s Tervuren-Montgomery\/Parc L\u00e9opold en Quartier des Arts. Al deze samenwerkingen zorgen voor een goede energie in de wijk en leveren tastbare resultaten op voor de gemeenschap.<br>Tot slot hopen we onze <strong>maandelijkse bijeenkomsten<\/strong> voort te zetten, waarbij we deskundigen of politici uitnodigen om te spreken over onderwerpen die onze leden en vrienden interesseren. Aarzel niet om thema\u2019s en\/of sprekers voor te stellen voor een van deze bijeenkomsten.<br><strong>In memoriam Michel Van Roye, voormalig bestuurslid van de GAQ, oud-schepen van de Stad Brussel<\/strong><br>Christian Dekeyser<\/p>\n\n\n\n<p class=\"has-text-align-right has-large-font-size\"><a href=\"#mati\u00e8res\">&#8230;vers le haut <img loading=\"lazy\" decoding=\"async\" width=\"30\" height=\"30\" class=\"wp-image-14354\" style=\"width: 30px;\" src=\"https:\/\/gaq.be\/wp-content\/uploads\/2025\/09\/top-arrow.png\" alt=\"\" srcset=\"https:\/\/gaq.be\/wp-content\/uploads\/2025\/09\/top-arrow.png 668w, https:\/\/gaq.be\/wp-content\/uploads\/2025\/09\/top-arrow-300x300.png 300w, https:\/\/gaq.be\/wp-content\/uploads\/2025\/09\/top-arrow-150x150.png 150w, https:\/\/gaq.be\/wp-content\/uploads\/2025\/09\/top-arrow-600x600.png 600w, https:\/\/gaq.be\/wp-content\/uploads\/2025\/09\/top-arrow-100x100.png 100w\" sizes=\"auto, (max-width: 30px) 100vw, 30px\" \/><\/a><\/p>\n\n\n\n<h1 class=\"wp-block-heading\" id=\"De-GAQ\">De GAQ &#8211; Uw buurtcomit\u00e9&nbsp;<\/h1>\n\n\n\n<p>Ontdek de GAQ vzw: wij bevorderen de gezelligheid in de buurt, het verbeteren van de levenskwaliteit, het beschermen van erfgoed, het aanpakken van klimaatverandering en het stimuleren van burgerbetrokkenheid.<br><strong>Voor meer informatie, bekijk de volledige versie van Infor-Quartier op <\/strong><a href=\"http:\/\/www.gaq.be\"><strong>www.gaq.be<\/strong><\/a><strong>.<\/strong><br>Bent u ge\u00efnteresseerd en woont u in onze buurt? Word lid van GAQ! De jaarlijkse bijdrage bedraagt 25\u20ac en kan gestort worden op de vermelde rekening met uw naam, adres en e-mailadres in de mededeling. Doe mee en maak een verschil in onze buurt!<br><strong>Een nette omgeving!?<\/strong><br><strong>Inleiding<\/strong><br>De netheid van onze omgeving ligt ons nauw aan het hart: onze gezondheid hangt ervan af, net als de biodiversiteit en onze levenskwaliteit. Toch zijn er veel uitdagingen: ondanks onze inspanningen slagen we er niet in om onze straten, pleinen en parken vrij van zwerfvuil te houden; teer en olie maken vlekken op de wegen; de lucht is te vervuild door uitlaatgassen, en over het water heerst wantrouwen sinds we over PFAS hebben gehoord. Doeltreffend afvalbeheer, het verminderen van vervuilende uitstoot en het beschermen van natuurlijke hulpbronnen zijn voor ons allemaal prioriteiten. De GAQ buigt zich over deze problematiek in onze wijk.<\/p>\n\n\n\n<p class=\"has-text-align-right has-large-font-size\"><a href=\"#mati\u00e8res\">&#8230;vers le haut <img loading=\"lazy\" decoding=\"async\" width=\"30\" height=\"30\" class=\"wp-image-14354\" style=\"width: 30px;\" src=\"https:\/\/gaq.be\/wp-content\/uploads\/2025\/09\/top-arrow.png\" alt=\"\" srcset=\"https:\/\/gaq.be\/wp-content\/uploads\/2025\/09\/top-arrow.png 668w, https:\/\/gaq.be\/wp-content\/uploads\/2025\/09\/top-arrow-300x300.png 300w, https:\/\/gaq.be\/wp-content\/uploads\/2025\/09\/top-arrow-150x150.png 150w, https:\/\/gaq.be\/wp-content\/uploads\/2025\/09\/top-arrow-600x600.png 600w, https:\/\/gaq.be\/wp-content\/uploads\/2025\/09\/top-arrow-100x100.png 100w\" sizes=\"auto, (max-width: 30px) 100vw, 30px\" \/><\/a><\/p>\n\n\n\n<h1 class=\"wp-block-heading\" id=\"Netheid-en\"><strong>Enqu\u00eate<\/strong>: <strong>Netheid en milieu in de Europese wijk<\/strong><\/h1>\n\n\n\n<p><strong>Resultaten van de enqu\u00eate uitgevoerd door de GAQ<\/strong><\/p>\n\n\n\n<p>In het voorjaar van 2025 heeft de GAQ een drietalige enqu\u00eate gehouden over netheid en milieu bij bewoners en gebruikers van de Europese wijk. De vragen gingen over netheid, overheidsbeheer, het sorteren van huishoudelijk afval, het onderhoud van trottoirs, en de lucht- en waterkwaliteit. Bij de sluiting van de enqu\u00eate op 5 juni 2025 hadden 100 mensen gereageerd.<br><em>Opmerking: de citaten tussen aanhalingstekens weerspiegelen niet noodzakelijk het standpunt van de GAQ.<\/em><\/p>\n\n\n\n<h3 class=\"wp-block-heading\"><strong>Een vuile wijk<\/strong><\/h3>\n\n\n\n<figure class=\"wp-block-image size-large\"><img loading=\"lazy\" decoding=\"async\" width=\"1024\" height=\"576\" src=\"https:\/\/gaq.be\/wp-content\/uploads\/2025\/09\/Graphic-1-PropreteQuartier-1-1024x576.jpg\" alt=\"\" class=\"wp-image-14638\" srcset=\"https:\/\/gaq.be\/wp-content\/uploads\/2025\/09\/Graphic-1-PropreteQuartier-1-1024x576.jpg 1024w, https:\/\/gaq.be\/wp-content\/uploads\/2025\/09\/Graphic-1-PropreteQuartier-1-300x169.jpg 300w, https:\/\/gaq.be\/wp-content\/uploads\/2025\/09\/Graphic-1-PropreteQuartier-1-768x432.jpg 768w, https:\/\/gaq.be\/wp-content\/uploads\/2025\/09\/Graphic-1-PropreteQuartier-1-600x338.jpg 600w, https:\/\/gaq.be\/wp-content\/uploads\/2025\/09\/Graphic-1-PropreteQuartier-1.jpg 1280w\" sizes=\"auto, (max-width: 1024px) 100vw, 1024px\" \/><\/figure>\n\n\n\n<p>De meeste bewoners zijn ontevreden over de netheid in de wijk. Ze vinden dat \u201cde wijk over het algemeen vuil blijft\u201d en zelfs dat \u201chet van week tot week verslechtert!\u201d Hoewel ze een algemene score van 7 op 10 geven, beoordelen ze de netheid van de straten en trottoirs zeer negatief (4,9 en 3,8 op 10 respectievelijk). Over het onderhoud van groene ruimten (5,4), speelpleinen (5,7) en sportvelden (6) zijn de meningen verdeeld. De meerderheid uit echter kritiek op het afvalophalingssysteem (6 op 10).<\/p>\n\n\n\n<h3 class=\"wp-block-heading\"><strong>Publieke vuilnisbakken<\/strong><\/h3>\n\n\n\n<p>Wat betreft het netheidsbeheer is het legen van publieke vuilnisbakken volgens de deelnemers het meest prangende probleem (3,9 op 10). Allereerst moeten \u201calle straatvuilnisbakken die verwijderd zijn worden teruggeplaatst\u201d, \u201chun aantal worden verhoogd\u201d en \u201cvaker geleegd worden, vooral na evenementen\u201d, \u201cvooral tussen april en oktober\u201d, en \u201cook in het weekend!\u201d<br>Deze vuilnisbakken zouden moeten worden geplaatst in \u201cparken en groene ruimten of op drukbezochte plaatsen\u201d, \u201cop Ambiorixsquare\u201d, \u201cop de Margaretasquare\u201d, \u201caan de ingang van het Jubelpark aan de Renaissancelaan\u201d, \u201cnabij bushaltes en ontmoetingsplaatsen\u201d. E\u00e9n iemand stelt voor om \u201ceen vuilnisbak te gebruiken die het afval comprimeert\u201d.<\/p>\n\n\n\n<figure class=\"wp-block-image size-large\"><img loading=\"lazy\" decoding=\"async\" width=\"1024\" height=\"576\" src=\"https:\/\/gaq.be\/wp-content\/uploads\/2025\/09\/Graphic-2-GestionProprete-1024x576.jpg\" alt=\"\" class=\"wp-image-14601\" srcset=\"https:\/\/gaq.be\/wp-content\/uploads\/2025\/09\/Graphic-2-GestionProprete-1024x576.jpg 1024w, https:\/\/gaq.be\/wp-content\/uploads\/2025\/09\/Graphic-2-GestionProprete-300x169.jpg 300w, https:\/\/gaq.be\/wp-content\/uploads\/2025\/09\/Graphic-2-GestionProprete-768x432.jpg 768w, https:\/\/gaq.be\/wp-content\/uploads\/2025\/09\/Graphic-2-GestionProprete-600x338.jpg 600w, https:\/\/gaq.be\/wp-content\/uploads\/2025\/09\/Graphic-2-GestionProprete.jpg 1280w\" sizes=\"auto, (max-width: 1024px) 100vw, 1024px\" \/><\/figure>\n\n\n\n<h3 class=\"wp-block-heading\"><strong>Illegale sluikstortingen<\/strong><\/h3>\n\n\n\n<p>Het weghalen van vuilnisbakken heeft niet het gewenste effect gehad om illegaal storten te beperken: \u201cEr wordt t\u00f3ch illegaal gestort!!!\u201d Deelnemers aan de enqu\u00eate vragen om controle en sancties: \u201cInstalleer camera\u2019s om sluikstorters te identificeren, die bijna elke week naar dezelfde plek komen\u201d en \u201cleg echte boetes op\u201d.<br>Het probleem van sluikstorten roept ook de kwestie op van afval recycleparks, die \u201cdichterbij en bereikbaar zonder auto\u201d moeten zijn en \u201c\u2019s avonds en in het weekend open\u201d. E\u00e9n oplossing zou zijn: \u201cgebruik kunnen maken van het containerpark van Sint-Joost in plaats van dat van Buda, dat ver en moeilijk bereikbaar is\u201d. Een andere oplossing zou zijn: \u201cregelmatiger ophaling van grofvuil\u201d.<br><strong>Vuilniszakken<\/strong><\/p>\n\n\n\n<p>Met een bevolking van 18.864 inwoners (volgens BISA<a href=\"#_ftn1\" id=\"_ftnref1\">[1]<\/a>) produceert onze wijk een enorme hoeveelheid vuilniszakken, vooral omdat de meerderheid van de mensen wekelijks minstens \u00e9\u00e9n witte zak buitenzet (79% van de respondenten). Sommigen vinden dat \u201chet aan de bewoners is om redelijk te consumeren en minder afval te produceren\u201d, bijvoorbeeld door \u201chet verminderen van thuisleveringen\u201d.<br>Meer structureel zou men \u201cwegwerpverpakkingen moeten verbieden of er statiegeld op heffen\u201d of \u201clokale handelaars ondersteunen bij de recyclage van zaken zoals brood, kleding, boeken en papier\u201d.<br>Toch geven de meeste mensen de schuld aan het afvalophalingssysteem (score: 6 op 10), dat soms als \u201cverschrikkelijk\u201d wordt omschreven. Sommigen vragen om het \u201ceffici\u00ebnter\u201d te maken of zelfs \u201cte hervormen\u201d en om \u201ceen betere oplossing\u201d te vinden, zoals \u201ccontainers aan het einde van de straat\u201d.<br>Het tijdstip is bijzonder problematisch: \u201cDe verplichting om het afval op maandag tussen 18:00 en 20:00 uur buiten te zetten, verplicht mensen om thuis te blijven of vroeg van het werk terug te keren. Dat is belachelijk.\u201d \u201cVeel mensen komen pas na die uren thuis van het werk, waardoor zakken te laat buitengezet worden en soms een week blijven liggen.\u201d<br>Vaak is er ook een vertraging tussen het buitenzetten en de ophaling, wat tot vuiligheid leidt: \u201cIedereen zet zijn vuilnis op straat op willekeurige momenten in de week, waardoor er extra afval zich opstapelt. Vogels scheuren de zakken open, pikken erin en verspreiden de rommel.\u201d<\/p>\n\n\n\n<h3 class=\"wp-block-heading\"><strong>Honden<\/strong><\/h3>\n\n\n\n<p>\u201cEr is een groot probleem met sommige hondeneigenaars en de vuil dat ze achterlaten.\u201d Het is absoluut nodig om \u201ceigenaars bewust te maken\u201d, hen te informeren over de regels (\u201dduidelijke en zichtbare borden plaatsen die aangeven dat men hondenpoep moet opruimen\u201d) en hen aan te zetten om die na te leven (bijvoorbeeld via \u201cgratis hondenpoepzakjes\u201d).<br>Maar het probleem is zo ernstig dat \u201ceigenaars strenger gestraft moeten worden\u201d: \u201c1) boetes voor wie de stoepen en parken bevuilt; 2) boetes voor wie honden tegen gevels laat urineren.\u201d<br>De omgeving van het hondenpark op de Gutenbergsquare is bijzonder getroffen: \u201cSinds de opening vijf jaar geleden is er een dramatische toename van hondenpoep in het milieu rond de Maria-Louizasquare. Het park zelf, ooit een mooie groene ruimte, is nu een modderpoel. Een schande!\u201d<br><strong>Wat kunnen we doen om de netheid te verbeteren?<\/strong><br>Informatie en sensibilisering zijn de hoogste prioriteiten. Gezien de \u201choge bewonersrotatie\u201d is het noodzakelijk om \u201cregelmatig bewoners te informeren over de regels rond sorteren en afvalverwerking\u201d, bijvoorbeeld met \u201cuitlegfolders in meerdere talen, niet alleen Frans en Nederlands\u201d.<br>Verhuurders zouden verplicht kunnen worden om ophaaldagen te vermelden, of er kunnen publiekscampagnes komen (bijvoorbeeld aan boomvoeten of op bushokjes).<br>In het algemeen moet men \u201cbewoners bewust maken van hun verantwoordelijkheden voor netheid (bv. onderhoud van de stoep)\u201d, met specifieke aandacht voor \u201ctijdelijke bewoners\u201d. Dat zijn onder meer \u201cjonge stagiairs bij de EU\u201d, \u201cgedeelde woningen\u201d en \u201cwerklieden die op hun laatste dag alles zomaar op straat gooien\u201d.<br>Tegelijk moet er controle en sanctionering zijn. Men pleit voor: \u201cfrequente straatinspecties, ook \u2019s nachts\u201d, \u201ccamerabewaking op bepaalde plaatsen\u201d, \u201ceen toezichter (opzichter) op drukke en mooie pleinen\u201d.<br>Er moeten meer boetes en controles komen voor: peuken, sluikstorten, spuwen, hondenpoep, vuilniszakken op het verkeerde moment of op de verkeerde plaats, en mensen die openbare vuilnisbakken vullen met afval dat in witte zakken thuishoort.<br>Algemeen klinkt de oproep om \u201cde afvalwetgeving echt uit te voeren en inbreuken te beboeten\u201d en om \u201cstrenger op te treden tegen asociaal gedrag\u201d: \u201cBoetes voor asociaal gedrag zijn nodig, want dat ondermijnt de verdraagzaamheid en het gemeenschapsgevoel in onze mooie, multiculturele en vredige wijk.\u201d Sommigen wijzen op \u201cenorme tekortkomingen, vooral wat betreft het opleggen van boetes\u201d: \u201cWe merken vaak dat de overheid geen boetes durft op te leggen [\u2026]. Het is tijd om weer een kader te cre\u00ebren en effectief boetes op te leggen, zodat het zichtbaar wordt. Wij zijn van mening dat onze politici hier verantwoordelijkheid moeten nemen.\u201d<br>Bewoners vragen om fundamentele maatregelen: \u201caanpak van de oorzaken, niet alleen de symptomen\u201d. Ze willen het huidige beheer verbeteren: \u201cEr is te veel sluikstort, achtergelaten vuilniszakken en kleine incidenten die ALLEEN opgelost worden na een klacht via FixMyStreet.\u201d<br>Iemand stelt zelfs voor om een wijkbeheerder aan te stellen: \u201ciemand die in de buurt woont en fungeert als schakel tussen de buurt en de reinigingsdienst\u201d.<\/p>\n\n\n\n<figure class=\"wp-block-image size-large\"><img loading=\"lazy\" decoding=\"async\" width=\"1024\" height=\"576\" src=\"https:\/\/gaq.be\/wp-content\/uploads\/2025\/09\/Graphic-3-Trottoirs-1024x576.jpg\" alt=\"\" class=\"wp-image-14604\" srcset=\"https:\/\/gaq.be\/wp-content\/uploads\/2025\/09\/Graphic-3-Trottoirs-1024x576.jpg 1024w, https:\/\/gaq.be\/wp-content\/uploads\/2025\/09\/Graphic-3-Trottoirs-300x169.jpg 300w, https:\/\/gaq.be\/wp-content\/uploads\/2025\/09\/Graphic-3-Trottoirs-768x432.jpg 768w, https:\/\/gaq.be\/wp-content\/uploads\/2025\/09\/Graphic-3-Trottoirs-600x338.jpg 600w, https:\/\/gaq.be\/wp-content\/uploads\/2025\/09\/Graphic-3-Trottoirs.jpg 1280w\" sizes=\"auto, (max-width: 1024px) 100vw, 1024px\" \/><\/figure>\n\n\n\n<h3 class=\"wp-block-heading\"><strong>Wat kunnen we doen om het milieu te verbeteren?<\/strong><\/h3>\n\n\n\n<p>Luchtkwaliteit is een grote zorg voor de bewoners. Ze geven die een score van 4 op 10 en vragen om \u201ceen meer verfijnd systeem voor luchtkwaliteitsmonitoring\u201d. Het is dan ook niet verrassend dat 70% van de voorstellen om het milieu in de wijk te verbeteren betrekking heeft op het verminderen van het wegverkeer: \u201cdrastische vermindering van het aantal auto\u2019s\u201d, \u201cminder auto\u2019s, vooral diesel en benzine, minder vrachtwagens, meer elektrische bussen\u201d, \u201cbeperk het aantal auto\u2019s dat toegang heeft tot de wijk\u201d, enz.<br>Doorgaand verkeer is het voornaamste doelwit: \u201cDe constante files aan het Schumanrondpunt en in de Wetstraat zijn de belangrijkste bronnen van luchtvervuiling in de wijk. Het is werkelijk betreurenswaardig dat de gewestelijke overheid geen initiatief neemt om dit verkeer te beperken.\u201d<br>Meerdere mensen verwijzen naar de belastingvrijstelling voor bedrijfswagens, maar de nadruk ligt vooral op: \u201cminder auto\u2019s naar Brussel laten komen\u201d, \u201cde toegangsroute via de E40 heroverwegen\u201d, \u201chet aantal pendelaars verminderen via de langverwachte RER\u201d.<\/p>\n\n\n\n<figure class=\"wp-block-image size-large\"><img loading=\"lazy\" decoding=\"async\" width=\"1024\" height=\"576\" src=\"https:\/\/gaq.be\/wp-content\/uploads\/2025\/09\/Graphic-4-PoubellesBlanches-1024x576.jpg\" alt=\"\" class=\"wp-image-14607\" srcset=\"https:\/\/gaq.be\/wp-content\/uploads\/2025\/09\/Graphic-4-PoubellesBlanches-1024x576.jpg 1024w, https:\/\/gaq.be\/wp-content\/uploads\/2025\/09\/Graphic-4-PoubellesBlanches-300x169.jpg 300w, https:\/\/gaq.be\/wp-content\/uploads\/2025\/09\/Graphic-4-PoubellesBlanches-768x432.jpg 768w, https:\/\/gaq.be\/wp-content\/uploads\/2025\/09\/Graphic-4-PoubellesBlanches-600x338.jpg 600w, https:\/\/gaq.be\/wp-content\/uploads\/2025\/09\/Graphic-4-PoubellesBlanches.jpg 1280w\" sizes=\"auto, (max-width: 1024px) 100vw, 1024px\" \/><\/figure>\n\n\n\n<p>Meerdere respondenten klagen over de heraanleg van het Schumanrondpunt, dat \u201chet verkeer omleidt rond het Ambiorixplein, met een verslechtering van de luchtkwaliteit tot gevolg.\u201d \u201cDe werken aan het Schumanrondpunt en de inkrimping van het aantal rijstroken op de Wetstraat offeren de longen van verschillende generaties buurtbewoners op.\u201d<\/p>\n\n\n\n<figure class=\"wp-block-image size-large\"><img loading=\"lazy\" decoding=\"async\" width=\"1024\" height=\"576\" src=\"https:\/\/gaq.be\/wp-content\/uploads\/2025\/09\/Graphic-6-AIREAU-Qualite-1024x576.jpg\" alt=\"\" class=\"wp-image-14613\" srcset=\"https:\/\/gaq.be\/wp-content\/uploads\/2025\/09\/Graphic-6-AIREAU-Qualite-1024x576.jpg 1024w, https:\/\/gaq.be\/wp-content\/uploads\/2025\/09\/Graphic-6-AIREAU-Qualite-300x169.jpg 300w, https:\/\/gaq.be\/wp-content\/uploads\/2025\/09\/Graphic-6-AIREAU-Qualite-768x432.jpg 768w, https:\/\/gaq.be\/wp-content\/uploads\/2025\/09\/Graphic-6-AIREAU-Qualite-600x338.jpg 600w, https:\/\/gaq.be\/wp-content\/uploads\/2025\/09\/Graphic-6-AIREAU-Qualite.jpg 1280w\" sizes=\"auto, (max-width: 1024px) 100vw, 1024px\" \/><\/figure>\n\n\n\n<p>Algemeen moet het verkeersplan erop gericht zijn om doorgaand verkeer uit woonstraten te weren: \u201cLaat niet-inwoners niet door onze straten rijden. Soms is de stank in de files misselijkmakend.\u201d Ook moet men \u201cfiles in woonstraten vermijden\u201d en \u201csnelheidslimieten beter handhaven\u201d.<br>Tegelijkertijd moet zachte mobiliteit worden aangemoedigd: \u201cStimuleer het gebruik van fietsen en openbaar vervoer door veilige fietspaden aan te leggen en autotoegang in bepaalde zones te beperken\u201d. \u201cMeer fietsenstallingen en herstelpunten voorzien. \u201cStimuleer het fietsgebruik onder medewerkers van Europese instellingen, die nu vaak met de auto komen.\u201d \u201cOrganiseer vaker autoloze dagen.\u201d<br>Daarnaast moeten we blijven bomen planten: \u201cmeer bomen in de wijk\u201d, \u201cmeer bomen binnen bouwblokken\u201d, \u201cvervang parkeerplaatsen door bomen en groenzones\u201d, \u201cmeer groene ruimten cre\u00ebren\u201d.\u00a0 En waarom ook niet: \u201cde Wetstraat vergroenen om fijnstof op te vangen\u201d.<\/p>\n\n\n\n<p><strong><em>Analyse door Katia Vandenborre<\/em><\/strong><\/p>\n\n\n\n<p class=\"has-text-align-right has-large-font-size\"><a href=\"#mati\u00e8res\">&#8230;vers le haut <img loading=\"lazy\" decoding=\"async\" width=\"30\" height=\"30\" class=\"wp-image-14354\" style=\"width: 30px;\" src=\"https:\/\/gaq.be\/wp-content\/uploads\/2025\/09\/top-arrow.png\" alt=\"\" srcset=\"https:\/\/gaq.be\/wp-content\/uploads\/2025\/09\/top-arrow.png 668w, https:\/\/gaq.be\/wp-content\/uploads\/2025\/09\/top-arrow-300x300.png 300w, https:\/\/gaq.be\/wp-content\/uploads\/2025\/09\/top-arrow-150x150.png 150w, https:\/\/gaq.be\/wp-content\/uploads\/2025\/09\/top-arrow-600x600.png 600w, https:\/\/gaq.be\/wp-content\/uploads\/2025\/09\/top-arrow-100x100.png 100w\" sizes=\"auto, (max-width: 30px) 100vw, 30px\" \/><\/a><\/p>\n\n\n\n<figure class=\"wp-block-image size-large\"><img loading=\"lazy\" decoding=\"async\" width=\"1024\" height=\"936\" src=\"https:\/\/gaq.be\/wp-content\/uploads\/2025\/09\/photo-3-affiche-le-charme-de-luniforme-1024x936.jpg\" alt=\"\" class=\"wp-image-14550\" srcset=\"https:\/\/gaq.be\/wp-content\/uploads\/2025\/09\/photo-3-affiche-le-charme-de-luniforme-1024x936.jpg 1024w, https:\/\/gaq.be\/wp-content\/uploads\/2025\/09\/photo-3-affiche-le-charme-de-luniforme-300x274.jpg 300w, https:\/\/gaq.be\/wp-content\/uploads\/2025\/09\/photo-3-affiche-le-charme-de-luniforme-768x702.jpg 768w, https:\/\/gaq.be\/wp-content\/uploads\/2025\/09\/photo-3-affiche-le-charme-de-luniforme-1536x1405.jpg 1536w, https:\/\/gaq.be\/wp-content\/uploads\/2025\/09\/photo-3-affiche-le-charme-de-luniforme-2048x1873.jpg 2048w, https:\/\/gaq.be\/wp-content\/uploads\/2025\/09\/photo-3-affiche-le-charme-de-luniforme-600x549.jpg 600w\" sizes=\"auto, (max-width: 1024px) 100vw, 1024px\" \/><\/figure>\n\n\n\n<h1 class=\"wp-block-heading\" id=\"Maak-kennis\"><strong>Maak kennis met Arnold, Abdelaziz, Ahmed, Alassane, Koffi, Lydia, Mamadou, Soyaou en Yusuf<\/strong><\/h1>\n\n\n\n<p><strong>We zien hen elke dag in onze straten. Ze zijn goed zichtbaar in hun oranje uniformen en leveren ons waardevolle diensten. En toch\u2026 weten we wie deze mannen en deze ene vrouw zijn die onze wijk elke dag weer een beetje properder maken?<\/strong>De GAQ is met hen gaan praten en nodigt u uit om hen beter te leren kennen. Op 10 april hadden we een afspraak met Arnold, de teamleider van de straatvegers.<br>De straatvegers staan heel vroeg op om om 6u30 present te zijn in hun lokaal in de Jacques de Lalaingstraat. Arnold zelf komt elke dag met de trein uit Aalst. Om 6u40 vertrekken ze naar de \u2018Cap\u2019 \u2014 de afgesloten zone op de Ambiorixsquare waar het materiaal van de straatvegers is opgeslagen. Van daaruit vertrekt ieder naar zijn of haar \u2018post\u2019. Voor ze vertrekken, verdeelt Arnold de negen posten onder de twaalf teamleden. Daarna gaan ze aan het werk. Om 14u is het werk gedaan en verzamelen ze opnieuw in het lokaal om te douchen en om 14u30 naar huis te gaan.<br>Let op: de 12 teamleden zijn niet altijd allemaal aanwezig, o.a. wegens vakantie of ziekte.<br><strong>GAQ: <\/strong>Wat houdt het werk precies in?<br><strong>Arnold:<\/strong> Op zeven van de twaalf locaties (zie kaart) bestaat het werk uit het vegen van de straten. Op de andere posten gaat het om het leegmaken van vuilnisbakken en het opruimen van sluikstort. En dat werk gebeurt in weer en wind, of het nu regent, waait, vriest of snikheet is. De straatvegers ruimen wat door onze nonchalance of achteloosheid op de grond is beland. Ze hebben daarvoor allemaal een kar, een bezem, een schep en een werktuig om riooldeksels te openen. Want ja, straatvegers zorgen er ook voor dat onze afvoeren goed doorlopen.<br><strong>GAQ: <\/strong>Wat doen jullie nog meer?<br><strong>Arnold:<\/strong> We hebben twee veegmachines, kleine wagens die over onze straten en voetpaden rijden om het wegdek schoon te maken en bladeren of vruchten van bomen te verwijderen \u2014 die kunnen immers de afvoeren verstoppen.<br><strong>GAQ: <\/strong>Kan je iets vertellen over sluikstort en vuilniszakken die bewoners op verkeerde momenten buitenzetten?<br><strong>Arnold:<\/strong> Elke dag controleer ik de \u2018hotspots\u2019. De straatvegers kennen de plekken in de wijk waar vaak grof vuil wordt gedumpt: Gravelingenstraat, Carrouselstraat, Keizer Karelstraat, Notelaarstraat, Franklinstraat \u2014 allemaal plaatsen waar medeburgers (soms uit Schaarbeek of andere gemeenten, omdat ze hun eigen buurt niet willen bevuilen) van alles dumpen.<br>En dat ondanks alle diensten van de Stad, zoals huisophaling en de dagen voor grofvuil, die twee keer per jaar georganiseerd worden.<br><strong>GAQ: <\/strong>Er zijn vaak discussies over straatvuilnisbakken. Sommige mensen willen er meer, anderen minder. Wat vinden jullie daarvan?<br><strong>Arnold:<\/strong> Er moeten voldoende vuilnisbakken staan op belangrijke plaatsen. Het klopt dat sommige bewoners er hun hele huishoudelijke afval in gooien, waardoor ze overlopen. De straatvegers ledigen deze bakken tweemaal per dag in groene zakken, die nadien worden opgehaald.<br>Er is een groot gebrek aan voorlichting bij het publiek, ondanks de verspreiding van folders en infopakketten voor nieuwkomers. Wat we nodig hebben zijn visuele en duidelijke posters.<br>De GAQ zou de straatvegers kunnen uitnodigen op de jaarlijkse rommelmarkt op het Ambiorixplein in september \u2014 niet om te vegen, maar om in gesprek te gaan met bewoners en hun werk zichtbaar te maken.<\/p>\n\n\n\n<figure class=\"wp-block-image size-large\"><img loading=\"lazy\" decoding=\"async\" width=\"1024\" height=\"763\" src=\"https:\/\/gaq.be\/wp-content\/uploads\/2025\/09\/photo-1-balayeurs-1024x763.jpg\" alt=\"\" class=\"wp-image-14616\" srcset=\"https:\/\/gaq.be\/wp-content\/uploads\/2025\/09\/photo-1-balayeurs-1024x763.jpg 1024w, https:\/\/gaq.be\/wp-content\/uploads\/2025\/09\/photo-1-balayeurs-300x224.jpg 300w, https:\/\/gaq.be\/wp-content\/uploads\/2025\/09\/photo-1-balayeurs-768x572.jpg 768w, https:\/\/gaq.be\/wp-content\/uploads\/2025\/09\/photo-1-balayeurs-1536x1145.jpg 1536w, https:\/\/gaq.be\/wp-content\/uploads\/2025\/09\/photo-1-balayeurs-2048x1526.jpg 2048w, https:\/\/gaq.be\/wp-content\/uploads\/2025\/09\/photo-1-balayeurs-600x447.jpg 600w\" sizes=\"auto, (max-width: 1024px) 100vw, 1024px\" \/><\/figure>\n\n\n\n<p><strong>GAQ: <\/strong>En hoe zit het met boetes voor asociaal gedrag?<br><strong>Arnold:<\/strong> Als bewoners melden dat iemand herhaaldelijk vuilniszakken op verkeerde momenten buitenzet of illegaal afval dumpt, gaat de teamleider van de straatvegers ter plaatse kijken. Hij kan dan een bemiddelaar sturen om met de betrokken persoon te praten. Als dat niets uithaalt, wordt er een boete uitgeschreven. Helaas moeten we maandelijks zo\u2019n 20 boetes opleggen. Dat is echt jammer.<br><strong>GAQ: <\/strong>Heb je nog een boodschap voor de bewoners van de wijk?<br><strong>Arnold:<\/strong> Netheid is een gedeelde verantwoordelijkheid. Wij doen onze deel elke ochtend: we vegen en ruimen afval op. We laten de buurt schoon achter. Na 14u zijn wij er niet meer. We zouden aan de bewoners kunnen vragen om het dan ook schoon te houden. Maar als het daarna weer vuil wordt en jullie dat melden: doe het alsjeblieft beleefd.<br><strong>GAQ: <\/strong>We begrijpen dat de berichten die Arnold krijgt niet altijd even vriendelijk zijn. Heel erg bedankt! Jullie werk wordt enorm gewaardeerd door de bewoners van de wijk!<\/p>\n\n\n\n<figure class=\"wp-block-image size-large\"><img loading=\"lazy\" decoding=\"async\" width=\"1024\" height=\"576\" src=\"https:\/\/gaq.be\/wp-content\/uploads\/2025\/09\/photo-4-lachgas-1024x576.jpg\" alt=\"\" class=\"wp-image-14553\" srcset=\"https:\/\/gaq.be\/wp-content\/uploads\/2025\/09\/photo-4-lachgas-1024x576.jpg 1024w, https:\/\/gaq.be\/wp-content\/uploads\/2025\/09\/photo-4-lachgas-300x169.jpg 300w, https:\/\/gaq.be\/wp-content\/uploads\/2025\/09\/photo-4-lachgas-768x432.jpg 768w, https:\/\/gaq.be\/wp-content\/uploads\/2025\/09\/photo-4-lachgas-1536x864.jpg 1536w, https:\/\/gaq.be\/wp-content\/uploads\/2025\/09\/photo-4-lachgas-2048x1152.jpg 2048w, https:\/\/gaq.be\/wp-content\/uploads\/2025\/09\/photo-4-lachgas-600x338.jpg 600w\" sizes=\"auto, (max-width: 1024px) 100vw, 1024px\" \/><\/figure>\n\n\n\n<p class=\"has-text-align-right has-large-font-size\"><a href=\"#mati\u00e8res\">&#8230;vers le haut <img loading=\"lazy\" decoding=\"async\" width=\"30\" height=\"30\" class=\"wp-image-14354\" style=\"width: 30px;\" src=\"https:\/\/gaq.be\/wp-content\/uploads\/2025\/09\/top-arrow.png\" alt=\"\" srcset=\"https:\/\/gaq.be\/wp-content\/uploads\/2025\/09\/top-arrow.png 668w, https:\/\/gaq.be\/wp-content\/uploads\/2025\/09\/top-arrow-300x300.png 300w, https:\/\/gaq.be\/wp-content\/uploads\/2025\/09\/top-arrow-150x150.png 150w, https:\/\/gaq.be\/wp-content\/uploads\/2025\/09\/top-arrow-600x600.png 600w, https:\/\/gaq.be\/wp-content\/uploads\/2025\/09\/top-arrow-100x100.png 100w\" sizes=\"auto, (max-width: 30px) 100vw, 30px\" \/><\/a><\/p>\n\n\n\n<h1 class=\"wp-block-heading\" id=\"Interview-met\"><strong>Interview met Schepen Anas Ben Abdelmoumen \u2013 bevoegd voor openbare netheid<\/strong><\/h1>\n\n\n\n<figure class=\"wp-block-image alignright size-large is-resized\"><img loading=\"lazy\" decoding=\"async\" width=\"576\" height=\"1024\" src=\"https:\/\/gaq.be\/wp-content\/uploads\/2025\/09\/photo-5-de-lechevin-576x1024.jpg\" alt=\"\" class=\"wp-image-14556\" style=\"width:353px;height:auto\" srcset=\"https:\/\/gaq.be\/wp-content\/uploads\/2025\/09\/photo-5-de-lechevin-576x1024.jpg 576w, https:\/\/gaq.be\/wp-content\/uploads\/2025\/09\/photo-5-de-lechevin-169x300.jpg 169w, https:\/\/gaq.be\/wp-content\/uploads\/2025\/09\/photo-5-de-lechevin-768x1367.jpg 768w, https:\/\/gaq.be\/wp-content\/uploads\/2025\/09\/photo-5-de-lechevin-863x1536.jpg 863w, https:\/\/gaq.be\/wp-content\/uploads\/2025\/09\/photo-5-de-lechevin-1151x2048.jpg 1151w, https:\/\/gaq.be\/wp-content\/uploads\/2025\/09\/photo-5-de-lechevin-600x1068.jpg 600w, https:\/\/gaq.be\/wp-content\/uploads\/2025\/09\/photo-5-de-lechevin-scaled.jpg 1439w\" sizes=\"auto, (max-width: 576px) 100vw, 576px\" \/><\/figure>\n\n\n\n<p><strong>GAQ: <\/strong>Hallo meneer de schepen, u bracht onlangs een bezoek aan de Europese wijk van de Stad Brussel. Hoe zou u de situatie qua netheid beoordelen?<\/p>\n\n\n\n<p><strong>ABA:<\/strong> Over het algemeen is de situatie in de Europese wijk redelijk bevredigend. Jullie initiatieven rond netheid, zoals de \u201cStadsverfraaiers\u201d, dragen daar ongetwijfeld toe bij, en daarvoor wil ik jullie hartelijk bedanken.<br>Het garanderen van schone openbare ruimtes is uiteraard een dagelijkse en lastige taak, en ook deze wijk kent uitdagingen die we moeten aanpakken. Ik denk bijvoorbeeld aan vuilniszakken die niet op het juiste moment worden buitengezet of aan sluikstort dat regelmatig aan de voet van bomen opduikt. Ook op sommige caf\u00e9terrassen belanden te veel sigarettenpeuken op de openbare weg.<br>We hebben een bemiddelaar van onze netheidsdienst gestuurd naar deze caf\u00e9s om samen met de uitbaters een passende oplossing te zoeken.<br>De Europese wijk telt bovendien veel expats, die vaak maar tijdelijk in Brussel verblijven, maar het is natuurlijk essentieel dat ook zij de regels inzake openbare netheid begrijpen en respecteren. Daarom willen we in onze flyers bijvoorbeeld meer pictogrammen gebruiken.<br><strong>\u201cBedankt dat u het opmerkelijke werk van onze terreinmedewerkers onder de aandacht brengt \u2014 zij voeren elke dag een essenti\u00eble taak uit, die vaak over het hoofd wordt gezien.\u201d<\/strong><br><strong>GAQ: <\/strong>Ondanks de inspanningen van de straatvegers en het team dat de grofvuildagen organiseert, blijft sluikstorten een probleem. Hoe pakt u dat aan? En wat kunnen wij als burgers doen?<br><strong>ABA:<\/strong> Bedankt dat u het belangrijke werk van onze medewerkers benadrukt. Wat betreft sluikstort hanteren we een gestructureerde aanpak in verschillende stappen: eerst komt er sensibilisering als er op een adres geen historiek is van overtredingen, bij een particulier of een organisatie. Als het probleem aanhoudt of als het om zware overtredingen gaat, dan leggen we boetes op \u2014 soms met steun van de politie bij gezamenlijke acties.\u00a0 We moedigen ook burgerparticipatie aan via de app Fix My Street, waarmee gebruikers snel problemen met netheid of andere overlast kunnen melden.<br>Elke melding leidt tot een gerichte reactie: sensibilisering, onderzoek naar de daders of een boete van onze inspecteurs. Want netheid van de openbare ruimte is een gemeengoed, en alleen collectieve actie \u2014 met burgers, stadsdiensten en politie \u2014 kan sluikstorten echt doeltreffend bestrijden.<br><strong>GAQ: <\/strong>Over straatvuilnisbakken bestaan tegenstrijdige meningen. Wat is uw beleid en hoe worden buurtbewoners erbij betrokken?<br><strong>ABA:<\/strong> Mijn beleid rond openbare vuilnisbakken is pragmatisch. Het meerderheidsakkoord voorziet in een terugkeer van vuilnisbakken, maar deze beslissing moet objectief genomen worden op basis van concrete criteria. We plaatsen vuilnisbakken waar ze nodig zijn, rekening houdend met de specifieke noden van elke wijk. Elke aanvraag tot plaatsing of verwijdering wordt zorgvuldig geanalyseerd, of ze nu komt van bewoners of van onze velddiensten, die de wijken goed kennen.<br>Hoewel de mening van de bewoners cruciaal is, lopen de standpunten soms uiteen. Daarom baseren we ons op zowel feedback als de objectieve vaststellingen van onze ploegen. Ons algemeen beleid geeft voorrang aan strategische locaties: bij openbare banken, rond scholen, bij haltes van openbaar vervoer en in drukke winkelgebieden, om tegemoet te komen aan de meest evidente noden.<br><strong>GAQ: <\/strong>De voorbije jaren is er een nieuw probleem opgedoken: lachgasflessen. Ze vervuilen onze straten en zijn gevaarlijk. Wat kunnen we doen?<br><strong>ABA:<\/strong> Inderdaad, lachgas is \u2014 zoals alle andere drugs \u2014 zeer schadelijk voor de gezondheid. Bovendien vervuilen deze cilinders de openbare ruimte. Elk jaar moeten onze diensten tientallen tonnen van deze flessen verwijderen uit straten, pleinen en parken. Ze bevatten zeer gevaarlijke stoffen, wat de verwerking complex maakt. Onderzoek toont aan dat jongeren lachgas nog altijd niet als een gevaarlijk of risicovol product beschouwen.<br>Er is dus nood aan effectievere en gerichtere sensibilisering om die perceptie te veranderen. Daarnaast moet het verbod op recreatief gebruik beter gehandhaafd worden en moeten producenten verantwoordelijk gehouden worden.<br><strong>GAQ: <\/strong>In februari 2023 keurde de Stad Brussel een motie goed voor de invoering van een statiegeld op PET-flessen en blikjes. Hoe wordt dit in de praktijk gebracht?<br><strong>ABA:<\/strong> Samen met de Stad Brussel zijn we voorstander van een statiegeldsysteem, want het is een doeltreffend middel in de strijd tegen vervuiling van de openbare ruimte. In het buitenland heeft statiegeld al geleid tot 90% minder achtergelaten drankverpakkingen. Daarom zijn we verheugd dat er op Europees niveau besloten is dat tegen 2029 in alle EU-landen zo\u2019n systeem moet worden ingevoerd. In Belgi\u00eb vallen de bevoegdheden hiervoor onder de gewesten. Samen met de Stad blijven we druk uitoefenen op het Gewest om dit systeem zo snel mogelijk in te voeren.<br><strong>GAQ: <\/strong>Netheid betekent ook schone lucht. Luchtvervuiling is verantwoordelijk voor bijna 1.000 vroegtijdige overlijdens per jaar in Brussel. Wat is uw boodschap aan inwoners die met gezondheidsproblemen kampen?<br><strong>ABA:<\/strong> De Stad Brussel is zich ten volle bewust van de impact van luchtvervuiling op de gezondheid, vooral bij kwetsbare mensen met ademhalings-, allergie- of circulatieproblemen. Om dit aan te pakken, voert mijn collega Frederik Ceulemans, schepen van Klimaat, concrete acties uit of werkt hij eraan: er komen extra sensoren om de situatie in alle wijken beter in kaart te brengen; er wordt gewerkt aan een online kaartentool waarmee bewoners in real-time de luchtkwaliteit kunnen volgen; er worden informatieschermen voorzien om bewoners te waarschuwen bij pieken in vervuiling; en er zijn metingen gepland in gevoelige gebouwen zoals scholen, cr\u00e8ches en rusthuizen om de binnenlucht kwaliteit te verbeteren.<br><strong>GAQ: <\/strong>Aangezien deze kwesties terecht als belangrijk worden beschouwd door de bewoners, hoe wilt u het gesprek levend houden en tegelijk frustraties verminderen en vooruitgang vieren?<br><strong>ABA:<\/strong> Een goed netheidsbeleid kan alleen als je luistert naar de uitdagingen per wijk. Daarom hecht ik veel belang aan dialoog met bewoners, handelaars, verenigingen en bedrijven. Ik ben een man van het terrein. Hebt u vragen of wilt u een afspraak maken? Contacteer me gerust via: \ud83d\udce7 <a href=\"mailto:cabinet.a.benabdelmoumen@brucity.be\">cabinet.a.benabdelmoumen@brucity.be<\/a> ; \ud83d\udcde 02 279 52 00; \ud83d\udcf1 of via mijn sociale media.<br>Vanaf dit jaar organiseer ik opnieuw de Netheidscomit\u00e9s, waarbij ik met mijn teams de verschillende wijken bezoek om in dialoog te gaan met bewoners over netheid en samen passende oplossingen te zoeken.<\/p>\n\n\n\n<p class=\"has-text-align-right has-large-font-size\"><a href=\"#mati\u00e8res\">&#8230;vers le haut <img loading=\"lazy\" decoding=\"async\" width=\"30\" height=\"30\" class=\"wp-image-14354\" style=\"width: 30px;\" src=\"https:\/\/gaq.be\/wp-content\/uploads\/2025\/09\/top-arrow.png\" alt=\"\" srcset=\"https:\/\/gaq.be\/wp-content\/uploads\/2025\/09\/top-arrow.png 668w, https:\/\/gaq.be\/wp-content\/uploads\/2025\/09\/top-arrow-300x300.png 300w, https:\/\/gaq.be\/wp-content\/uploads\/2025\/09\/top-arrow-150x150.png 150w, https:\/\/gaq.be\/wp-content\/uploads\/2025\/09\/top-arrow-600x600.png 600w, https:\/\/gaq.be\/wp-content\/uploads\/2025\/09\/top-arrow-100x100.png 100w\" sizes=\"auto, (max-width: 30px) 100vw, 30px\" \/><\/a><\/p>\n\n\n\n<h1 class=\"wp-block-heading\" id=\"Kaart\">Kaart: de lucht die we inademen<\/h1>\n\n\n\n<figure class=\"wp-block-image size-large\"><img decoding=\"async\" src=\"https:\/\/gaq.be\/wp-content\/uploads\/2025\/09\/GAQ-Area-2025-1024x724.png\" alt=\"\" class=\"wp-image-14430\"\/><\/figure>\n\n\n\n<p>Luchtvervuiling wordt wel eens een &#8220;onzichtbare bedreiging voor de gezondheid&#8221;<a href=\"#_ftn2\" id=\"_ftnref2\">[2]<\/a> en &#8220;de belangrijkste milieugerelateerde gezondheidsrisicofactor in Europa&#8221; <a href=\"#_ftn3\" id=\"_ftnref3\">[3]<\/a> genoemd. Luchtvervuiling is direct verbonden met hart- en longziekten, beroertes en longkanker. In 2018 werd geschat dat ongezonde lucht verantwoordelijk was voor meer dan 500.000 vroegtijdige sterfgevallen in Europa per jaar<a href=\"#_ftn4\" id=\"_ftnref4\">[4]<\/a>. In Brussel sterven jaarlijks 930 mensen voortijdig door luchtvervuiling <a href=\"#_ftn5\" id=\"_ftnref5\">[5]<\/a>. Dit betekent meer dan twee sterfgevallen per dag, en meer dan 10% van alle sterfgevallen in de Belgische hoofdstad wordt veroorzaakt door luchtvervuiling.<br>In 2024 werd bijna de helft van de gevallen van invaliditeit (ernstige ziekte\/gezondheidsproblemen) veroorzaakt door aandoeningen van de luchtwegen of longen<a href=\"#_ftn6\" id=\"_ftnref6\">[6]<\/a>.<br>Hebben we je bang gemaakt? In dit geval is bang zijn intelligent, en actief worden des te intelligenter, want ons kleine kwartiertje in het hart van Europa is daarop geen uitzondering! Acht jaar geleden, in het artikel &#8220;La pollution de l\u2019air&#8221; in Infor-Quartier 2017, beschreven we onze zoektocht naar betrouwbare informatie over de luchtkwaliteit in onze buurt. We betreurden daarbij het gebrek aan sensoren en betrouwbare data. We eisten meer hoogwaardige meetstations, transparante data en kaarten, en vooral effectieve maatregelen om de luchtkwaliteit in onze woonomgeving in het hart van Europa te verbeteren.<\/p>\n\n\n\n<p><strong>De lucht in onze wijk<\/strong><\/p>\n\n\n\n<p>Helaas zijn veel van de gegevens die relevant zijn voor onze regio verouderd. In het voorjaar van 2025 kunnen we slechts vier &#8220;offici\u00eble&#8221; meetstations in onze regio identificeren, waarvan alleen het meetstation aan de Regentlaan de beruchte PM (Particulate Matter) &#8211; fijnstofdeeltjes &#8211; meet. Deze bevinden zich: Kunst-Wet &#8211; 41B001 &#8211; meet alleen NO2; Europees Parlement &#8211; 41B006 &#8211; alleen CO; C6H6; Belliardstraat &#8211; 41B008 &#8211; alleen NO2; Regentlaan &#8211; 41REG1 &#8211; NO2; PM10; PM2.5.<br>E\u00e9n &#8220;onofficieel&#8221; meetstation in de Veronesestraat levert alleen PM2.5-waarden. Dit meetstation maakt deel uit van de Sensor Community (https:\/\/sensor.community\/nl, later meer hierover), die ook enkele meetstations in omliggende gebieden heeft. De exacte locatie van sensoren is essentieel voor het begrijpen van hun waarden. Dit komt doordat sensoren aan de straatkant en op straatniveau waarden opleveren die relevant zijn voor voetgangers en fietsers. Sensoren op een dak of in een tuin zijn daarentegen meer van algemeen of academisch belang.<br>In plaats van grafieken en cijfers hebben we dit jaar relevante gegevens voor ons gebied verzameld in de Infor-Quartier centrefold-kaart. Wilt u actuele, gedetailleerde gegevens bij de hand hebben? In onze onderstaande lijst vindt u een aantal apps voor mobiele apparaten.<br>Er is weinig industrie in ons gebied, waar komt de vervuiling vandaan? Volgens onderzoek van de VUB en de ULB komt deze uitstoot uit verschillende bronnen:<br>\u2022 De stikstofdioxide-uitstoot van NOx (ook bekend als NO2) in Brussel wordt voornamelijk veroorzaakt door auto&#8217;s, ander wegvervoer (47%) en de verwarming van gebouwen. Een aanzienlijk deel (40%) lijkt afkomstig te zijn van emissies buiten het Brusselse Gewest. Deze vervuilende stof blijft de belangrijkste vorm van luchtvervuiling in het Brusselse Gewest.<br>\u2022 PM10 is de vervuiling door fijnstof afkomstig van de verwarming van gebouwen in de residenti\u00eble en dienstensector in Brussel, waaronder de financi\u00eble sector, het onderwijs en de horeca. Het was de belangrijkste lokale bron van PM10-vervuiling en veroorzaakte 55% van de directe emissies. Het wegvervoer was naar schatting verantwoordelijk voor 42% van de emissies.<br>\u2022 PM5-niveaus zijn afkomstig van een combinatie van lokale (20%), regionale (35%) en achtergrondvervuiling (45%).<\/p>\n\n\n\n<p class=\"has-text-align-right has-large-font-size\"><a href=\"#mati\u00e8res\">&#8230;vers le haut <img loading=\"lazy\" decoding=\"async\" width=\"30\" height=\"30\" class=\"wp-image-14354\" style=\"width: 30px;\" src=\"https:\/\/gaq.be\/wp-content\/uploads\/2025\/09\/top-arrow.png\" alt=\"\" srcset=\"https:\/\/gaq.be\/wp-content\/uploads\/2025\/09\/top-arrow.png 668w, https:\/\/gaq.be\/wp-content\/uploads\/2025\/09\/top-arrow-300x300.png 300w, https:\/\/gaq.be\/wp-content\/uploads\/2025\/09\/top-arrow-150x150.png 150w, https:\/\/gaq.be\/wp-content\/uploads\/2025\/09\/top-arrow-600x600.png 600w, https:\/\/gaq.be\/wp-content\/uploads\/2025\/09\/top-arrow-100x100.png 100w\" sizes=\"auto, (max-width: 30px) 100vw, 30px\" \/><\/a><\/p>\n\n\n\n<h1 class=\"wp-block-heading\" id=\"Een-nieuw\">Een nieuw leven voor het GAQ-sensorenproject uit 2017<\/h1>\n\n\n\n<p>Helaas is ons project uit 2017, een netwerk van sensoren in onze wijk, niet zo ge\u00ebvolueerd als gehoopt. Maar nu, met hernieuwde energie, een wanhopigere situatie en nieuwe technische opties, zullen we het initiatief nemen om een of meer stations in onze straten te plaatsen.<br>Het doel is om officieel erkende gegevens te leveren die worden ge\u00efntegreerd in offici\u00eble kaarten, om de lokale situatie te belichten en de verantwoordelijke autoriteiten tot actie aan te zetten.<br>We onderzoeken momenteel onze mogelijkheden om professionele sensoren te vinden die geldige en voldoende gegevens leveren (PM2,5; PM10; O3; NO2 &#8230;). Deze zouden moeten bijdragen aan een solide, toekomstbestendig initiatief, waarbij onze gegevens worden weergegeven op officieel erkende kaarten en grafieken (geen eilandoplossing). De gegevens zullen realtime zichtbaar zijn op de GAQ-website om ons te helpen bij de planning van onze dag. Als u ge\u00efnteresseerd bent, kom dan naar een van de maandelijkse GAQ-bijeenkomsten; we houden GAQ-leden ook op de hoogte via onze nieuwsbrief.<br><strong>Herinnert u zich CurieuzenAir nog?<\/strong><br>Eind 2021 ondernam dit participatief wetenschappelijk project de luchtkwaliteit in het hele Brussels Hoofdstedelijk Gewest te meten.<br>3.000 Brusselaars, particulieren, scholen en bedrijven installeerden een meetkit op hun gevel om de concentratie stikstofdioxide (een goede indicator van vervuiling door wegverkeer) in hun straat te registreren.<br>Het project toont een relatieve verbetering van de luchtkwaliteit in Brussel in de afgelopen jaren. En onze buurt deed het niet slecht: we kunnen dus weer ademen!<br><em>CurieuzenAir werd gesteund door de Universiteit Antwerpen, de ULB, de burgerbeweging BRAL, Leefmilieu Brussel en verschillende mediapartners.<\/em><\/p>\n\n\n\n<p class=\"has-text-align-right has-large-font-size\"><a href=\"#mati\u00e8res\">&#8230;vers le haut <img loading=\"lazy\" decoding=\"async\" width=\"30\" height=\"30\" class=\"wp-image-14354\" style=\"width: 30px;\" src=\"https:\/\/gaq.be\/wp-content\/uploads\/2025\/09\/top-arrow.png\" alt=\"\" srcset=\"https:\/\/gaq.be\/wp-content\/uploads\/2025\/09\/top-arrow.png 668w, https:\/\/gaq.be\/wp-content\/uploads\/2025\/09\/top-arrow-300x300.png 300w, https:\/\/gaq.be\/wp-content\/uploads\/2025\/09\/top-arrow-150x150.png 150w, https:\/\/gaq.be\/wp-content\/uploads\/2025\/09\/top-arrow-600x600.png 600w, https:\/\/gaq.be\/wp-content\/uploads\/2025\/09\/top-arrow-100x100.png 100w\" sizes=\"auto, (max-width: 30px) 100vw, 30px\" \/><\/a><\/p>\n\n\n\n<h1 class=\"wp-block-heading\" id=\"Wat-kunnen\"><strong>Wat kunnen we nog meer doen voor een schoner en veiliger Brussel?<\/strong><\/h1>\n\n\n\n<p>Hallo buren!<br>Heb je ooit gewenst dat onze straten en scholen veiliger zouden aanvoelen en de lucht frisser zou zijn? Veel Brusselaars maken die visie werkelijkheid met projecten die ons dichter bij elkaar brengen.<br>Een goed voorbeeld is de Schoolstraten, waar straten in de buurt van scholen tijdens drukke breng- en haaltijden, of zelfs de hele schooldag, worden afgesloten voor verkeer. Dit cre\u00ebert een veilige, autovrije zone waar kinderen kunnen wandelen, spelen, leren en schonere lucht kunnen inademen (meer informatie: https:\/\/www.brussel.be\/wijken-schoolstraten)<br>Een ander inspirerend initiatief is Heroes for Zero. Hun missie is groots, maar simpel: nul verkeersdoden en zwaargewonden in onze stad. Via lokale evenementen en campagnes verspreiden ze de boodschap over verkeersveiligheid en een gezondere, minder vervuilde omgeving.<br>Ook Filter Caf\u00e9 Filtr\u00e9 is een vriendelijke lokale groep die inwoners samenbrengt door workshops en evenementen te organiseren die gericht zijn op het heroverwegen van de ruimtes in onze buurt. Met input van ouders, kinderen en buurtbewoners promoot Filter Caf\u00e9 Filtr\u00e9 meer autovrije zones en creatieve idee\u00ebn om onze luchtkwaliteit en openbare ruimtes te verbeteren.<br>Kleine, door de gemeenschap gedreven acties kunnen leiden tot grote veranderingen. Wil je je bij deze inspanningen aansluiten, idee\u00ebn delen en samenwerken aan een gezonder Brussel? Neem dan contact op met ca@gaq.be of ecf.rrr@gmail.com. Elke stap draagt bij aan een betere toekomst voor ons allemaal!<br><strong><em>Randy Rzewnicki<\/em><\/strong><br><strong>98% van ons ademt (zeer) vervuilde lucht in<\/strong><br>Luchtvervuiling in Brussel is niet alleen een milieuprobleem, maar ook een kwestie van sociale ongelijkheid. Het ExpAIR-project van BRAL toont aan dat 98% van de Brusselaars lucht inademt die niet voldoet aan de normen van de Wereldgezondheidsorganisatie (WHO).<br>Opvallend is dat de luchtvervuiling ongelijk verdeeld is over de stad. In de eerste kroon van Brussel, tussen de ringwegen R20 en R21, waar het autobezit lager ligt en mensen dichter op elkaar wonen, is de luchtkwaliteit zelfs slechter. Dit komt doordat vervuilende stoffen zich ophopen in dichtbebouwde gebieden, waar ze moeilijk kunnen ontsnappen. Hoge gebouwen en een gebrek aan groen versterken dit effect.<br>Deze situatie treft vooral kwetsbare groepen, die vaak minder toegang hebben tot schone lucht en groen. Het ExpAIR-project wil mensen bewustmaken en betrekken bij het meten en verbeteren van de luchtkwaliteit in Brussel. Door samen te werken, kunnen we streven naar een gezondere en rechtvaardigere stad voor iedereen.<br><strong>Zijn elektrische auto&#8217;s de oplossing?<\/strong><br>Elektrische auto&#8217;s lijken misschien een schonere optie, maar ze verhogen in werkelijkheid bepaalde vormen van luchtvervuiling. Remblokken, banden en wegslijtage produceren deeltjes die schadelijk zijn voor onze gezondheid. De gevaarlijkste deeltjes zijn minuscuul, kleiner dan 2,5 micron in diameter (PM2,5). Ze komen in onze longen terecht en veroorzaken ernstige gezondheidsproblemen zoals hartaandoeningen, beroertes, longziekten en kanker.<br>Maar liefst 60% van de deeltjes in het wegverkeer, kleiner dan 10 micron, is niet afkomstig van verbranding van brandstof, maar van banden, remblokken en wegslijtage. Uit onderzoek is gebleken dat stof van remblokken menselijke longcellen meer beschadigt dan dieseldampdeeltjes. Waarom? Omdat remblokken een hoger kopergehalte hebben, wat cellen en DNA kan beschadigen.<br>Elektrische voertuigen produceren meer niet-uitlaatgassen dan andere auto&#8217;s, omdat ze sneller accelereren en een zware accu hebben. Uit onderzoek is gebleken dat het gemiddelde gewicht van een elektrische auto 2133 kg is, terwijl gewone auto&#8217;s 1500 &#8211; 1800 kg wegen. Het goede nieuws: ondanks hun nadelen zijn elektrische auto&#8217;s nog steeds schoner dan andere auto&#8217;s. Uitlaatgassen van auto&#8217;s zijn schadelijk voor onze gezondheid en kleinere auto&#8217;s zijn beter. Grote auto&#8217;s zijn gevaarlijk en de meeste mensen hebben de extra actieradius van grote autoaccu&#8217;s niet nodig. Het is belangrijk dat elektrische auto&#8217;s schone elektriciteit gebruiken, omdat het verbranden van kolen of gas voor energie alleen maar de vervuiling van de uitlaatgassen naar de schoorsteen van de energiecentrale verplaatst. Elektrische auto&#8217;s zijn belangrijk voor de energietransitie, maar ze zijn niet d\u00e9 oplossing.<\/p>\n\n\n\n<p class=\"has-text-align-right has-large-font-size\"><a href=\"#mati\u00e8res\">&#8230;vers le haut <img loading=\"lazy\" decoding=\"async\" width=\"30\" height=\"30\" class=\"wp-image-14354\" style=\"width: 30px;\" src=\"https:\/\/gaq.be\/wp-content\/uploads\/2025\/09\/top-arrow.png\" alt=\"\" srcset=\"https:\/\/gaq.be\/wp-content\/uploads\/2025\/09\/top-arrow.png 668w, https:\/\/gaq.be\/wp-content\/uploads\/2025\/09\/top-arrow-300x300.png 300w, https:\/\/gaq.be\/wp-content\/uploads\/2025\/09\/top-arrow-150x150.png 150w, https:\/\/gaq.be\/wp-content\/uploads\/2025\/09\/top-arrow-600x600.png 600w, https:\/\/gaq.be\/wp-content\/uploads\/2025\/09\/top-arrow-100x100.png 100w\" sizes=\"auto, (max-width: 30px) 100vw, 30px\" \/><\/a><\/p>\n\n\n\n<h1 class=\"wp-block-heading\" id=\"Ken-de\"><strong>Ken de kwaliteit van uw kraanwater<\/strong><\/h1>\n\n\n\n<figure class=\"wp-block-image alignleft size-full is-resized\"><img loading=\"lazy\" decoding=\"async\" width=\"1024\" height=\"1024\" src=\"https:\/\/gaq.be\/wp-content\/uploads\/2025\/09\/Photo-xx-goutte-deau.png\" alt=\"\" class=\"wp-image-14574\" style=\"width:294px;height:auto\" srcset=\"https:\/\/gaq.be\/wp-content\/uploads\/2025\/09\/Photo-xx-goutte-deau.png 1024w, https:\/\/gaq.be\/wp-content\/uploads\/2025\/09\/Photo-xx-goutte-deau-300x300.png 300w, https:\/\/gaq.be\/wp-content\/uploads\/2025\/09\/Photo-xx-goutte-deau-150x150.png 150w, https:\/\/gaq.be\/wp-content\/uploads\/2025\/09\/Photo-xx-goutte-deau-768x768.png 768w, https:\/\/gaq.be\/wp-content\/uploads\/2025\/09\/Photo-xx-goutte-deau-600x600.png 600w, https:\/\/gaq.be\/wp-content\/uploads\/2025\/09\/Photo-xx-goutte-deau-100x100.png 100w\" sizes=\"auto, (max-width: 1024px) 100vw, 1024px\" \/><\/figure>\n\n\n\n<p><strong>Wist u dat u zich kunt informeren over de kwaliteit van het kraanwater in uw straat?<\/strong><br>Bezoek de website van Vivaqua. VIVAQUA is een 100% overheidsbedrijf dat ervoor zorgt dat Brusselse consumenten dagelijks drinkwater uit de kraan krijgen.<br>In onze wijk, net als overal in Brussel, is kraanwater uitstekend drinkwater. Vivaqua publiceert maandelijks rapporten op haar website over de kwaliteit van het water dat uit uw kraan komt. Dit omvat resultaten met betrekking tot PFA&#8217;s. Sinds eind 2021 controleert Vivaqua systematisch en regelmatig de PFA-waarden in haar waterwinlocaties, met name in de zes waterreservoirs die het Brussels Gewest bevoorraden.<\/p>\n\n\n\n<p>Meer informatie: <a href=\"https:\/\/www.vivaqua.be\/nl\/kwaliteit-van-water\/\">https:\/\/www.vivaqua.be\/nl\/kwaliteit-van-water\/<\/a><\/p>\n\n\n\n<p class=\"has-text-align-right has-large-font-size\"><a href=\"#mati\u00e8res\">&#8230;vers le haut <img loading=\"lazy\" decoding=\"async\" width=\"30\" height=\"30\" class=\"wp-image-14354\" style=\"width: 30px;\" src=\"https:\/\/gaq.be\/wp-content\/uploads\/2025\/09\/top-arrow.png\" alt=\"\" srcset=\"https:\/\/gaq.be\/wp-content\/uploads\/2025\/09\/top-arrow.png 668w, https:\/\/gaq.be\/wp-content\/uploads\/2025\/09\/top-arrow-300x300.png 300w, https:\/\/gaq.be\/wp-content\/uploads\/2025\/09\/top-arrow-150x150.png 150w, https:\/\/gaq.be\/wp-content\/uploads\/2025\/09\/top-arrow-600x600.png 600w, https:\/\/gaq.be\/wp-content\/uploads\/2025\/09\/top-arrow-100x100.png 100w\" sizes=\"auto, (max-width: 30px) 100vw, 30px\" \/><\/a><\/p>\n\n\n\n<h1 class=\"wp-block-heading\" id=\"Autour-de\"><strong>Autour de Marguerite draait ook om netheid<\/strong><\/h1>\n\n\n\n<figure class=\"wp-block-image alignright size-large is-resized\"><img loading=\"lazy\" decoding=\"async\" width=\"1024\" height=\"728\" src=\"https:\/\/gaq.be\/wp-content\/uploads\/2025\/09\/photo-6-Carte-AdM-2024-1024x728.png\" alt=\"\" class=\"wp-image-14568\" style=\"width:694px;height:auto\" srcset=\"https:\/\/gaq.be\/wp-content\/uploads\/2025\/09\/photo-6-Carte-AdM-2024-1024x728.png 1024w, https:\/\/gaq.be\/wp-content\/uploads\/2025\/09\/photo-6-Carte-AdM-2024-300x213.png 300w, https:\/\/gaq.be\/wp-content\/uploads\/2025\/09\/photo-6-Carte-AdM-2024-768x546.png 768w, https:\/\/gaq.be\/wp-content\/uploads\/2025\/09\/photo-6-Carte-AdM-2024-600x426.png 600w, https:\/\/gaq.be\/wp-content\/uploads\/2025\/09\/photo-6-Carte-AdM-2024.png 1520w\" sizes=\"auto, (max-width: 1024px) 100vw, 1024px\" \/><\/figure>\n\n\n\n<p><strong>Tussen 2012 en 2018 organiseerde de Schepen bevoegd voor netheid burgerbijeenkomsten in alle wijken van de stad. Zij was ook de drijvende kracht achter de oprichting van de &#8220;Ambassadeurs voor Netheid&#8221;.<\/strong><\/p>\n\n\n\n<p>De schepen die haar opvolgde, pakte het concept iets later op. De &#8220;Ambassadeurs&#8221; werden &#8220;Verfraaiers&#8221; om ook hun rol in de promotie van &#8220;natuur in de stad&#8221; te benadrukken.<br>Het project lijkt niet erg succesvol te zijn geweest. Onze ervaring leert dat dit deels te wijten is aan een gebrek aan opvolging door de wethouder en haar kabinet. Zo hebben we nooit een reactie ontvangen op onze vragen en suggesties voor verbetering.<br>Over het algemeen was er weinig interactie op sociale media (wat maar goed ook is, want we waren er om ethische redenen geen voorstander van) en weinig interactie tussen bewoners, het kantoor van de gemeenteraad en haar bestuur.<br>Dit weerhield een paar buren er niet van om in &#8220;splendid isolation&#8221; te blijven zorgen voor de kwaliteit van de buurt!<br>Laten we eerlijk zijn: het Geuzenplein is bijvoorbeeld gerenoveerd, wat heeft geleid tot een aanzienlijke vermindering van zwerfvuil en illegaal dumpen. Het is jammer dat deze verbeteringen geen &#8220;demineralisatie&#8221; omvatten.<br>Wat betreft de vergroening zelf zijn er de afgelopen zes jaar opmerkelijke verbeteringen geweest.<br>Twee voorbeelden: de renovatie van bepaalde kruispunten met het planten van bomen en de mogelijkheid voor buurtbewoners om boomstammen te adopteren, wat hen helpt beschermen tegen &#8220;agressie&#8221; in de vorm van het regelmatig dumpen van vuilniszakken.<br>Kortom, de resultaten zijn enerzijds gemengd, maar anderzijds bemoedigender.<br><strong><em>Autour de Marguerite<\/em><\/strong><\/p>\n\n\n\n<p class=\"has-text-align-right has-large-font-size\"><a href=\"#mati\u00e8res\">&#8230;vers le haut <img loading=\"lazy\" decoding=\"async\" width=\"30\" height=\"30\" class=\"wp-image-14354\" style=\"width: 30px;\" src=\"https:\/\/gaq.be\/wp-content\/uploads\/2025\/09\/top-arrow.png\" alt=\"\" srcset=\"https:\/\/gaq.be\/wp-content\/uploads\/2025\/09\/top-arrow.png 668w, https:\/\/gaq.be\/wp-content\/uploads\/2025\/09\/top-arrow-300x300.png 300w, https:\/\/gaq.be\/wp-content\/uploads\/2025\/09\/top-arrow-150x150.png 150w, https:\/\/gaq.be\/wp-content\/uploads\/2025\/09\/top-arrow-600x600.png 600w, https:\/\/gaq.be\/wp-content\/uploads\/2025\/09\/top-arrow-100x100.png 100w\" sizes=\"auto, (max-width: 30px) 100vw, 30px\" \/><\/a><\/p>\n\n\n\n<h1 class=\"wp-block-heading\" id=\"Getuigenis-van\"><strong>Getuigenis van een &#8220;embellisseur&#8221; (verfraaier)<\/strong><\/h1>\n\n\n\n<p><strong>We hebben ook een paar vragen gesteld aan een buurtbewoner die zich inzet voor de strijd tegen asociaal gedrag.<\/strong><br><strong>IQ:<\/strong> Waarom bent u zich gaan inzetten voor de openbare netheid?<br><strong>CDB:<\/strong> Het was gebaseerd op een heel simpele redenering: naast wat de gemeente of het Gewest voor mij kan doen, voel ik me ook verantwoordelijk voor wat ik voor hen kan doen, namelijk voor mijn directe omgeving, mijn buurt en mijn buren. Als Embellisseur besteed ik een of twee uur per week aan de openbare netheid.<br><strong>IQ:<\/strong> Wat doet u precies op het terrein?<br><strong>CDB:<\/strong> Net als veel Brusselaars meld ik regelmatig problemen via de app FixMyStreet. Ik houd geen systematisch register bij, maar helaas komt het neer op meerdere meldingen per week. Elke zondag loop ik rond de Margaretasquare om klein afval op te rapen. De &#8220;oogst&#8221; varieert van week tot week, afhankelijk van het seizoen en het weer, maar is \u2013 helaas \u2013 altijd vruchtbaar. Ik heb ook de helft van de Jennevalstraat, tussen het plein en de Eedgenotenstraat, &#8220;geadopteerd&#8221;, evenals de glasbakken in dezelfde straat, die veel mensen verwarren met een OlioBox.<br><strong>IQ:<\/strong> Dat klinkt als de normale taak van onze straatvegers. Vindt u dat hun werk onvoldoende is?<br><strong>CDB:<\/strong> Integendeel, mijn actie is een manier om hulde te brengen aan hun harde werk. Vergeet niet dat ze hun dag heel vroeg beginnen, regen of zonneschijn, wind of sneeuw (zelden!). Het zijn de onnadenkende voorbijgangers die me van streek maken. Maar ik ga niet zo ver om hun gebrek aan manieren aan te wijzen als ik ze op heterdaad betrap.<br><strong>IQ:<\/strong> Nog anekdotes om mee af te sluiten?<br><strong>CDB:<\/strong> Op een dag, op de Ambiorixsquare, zag ik een man een blikje drinken leegdrinken en het op een meter afstand van een groene container op de grond gooien.<br>Ik haalde hem in en vroeg hem of ik zijn blikje in de container mocht gooien. Wat denk je dat zijn reactie was?<br><strong>IQ:<\/strong> Hij deed alsof hij het niet begreep, versnelde zijn pas om bij je vandaan te komen, begreep de ironie van je vraag en bedreigde je?<br><strong>CDB:<\/strong> Helemaal niet, hij zei alleen maar &#8220;Ok\u00e9&#8221;, dus hij liet me vriendelijk zijn afval weggooien! Ik lach er nog steeds om als ik eraan denk, het is beter dan huilen.<br>Dat gezegd hebbende, moedig ik de lezers van Infor-Quartier aan mijn voorbeeld te volgen en bedank hen bij voorbaat. Zelfs af en toe bijdragen aan ieders welzijn is zeer de moeite waard!<br><strong><em>Interview door Autour de Marguerite<\/em><\/strong><\/p>\n\n\n\n<p class=\"has-text-align-right has-large-font-size\"><a href=\"#mati\u00e8res\">&#8230;vers le haut <img loading=\"lazy\" decoding=\"async\" width=\"30\" height=\"30\" class=\"wp-image-14354\" style=\"width: 30px;\" src=\"https:\/\/gaq.be\/wp-content\/uploads\/2025\/09\/top-arrow.png\" alt=\"\" srcset=\"https:\/\/gaq.be\/wp-content\/uploads\/2025\/09\/top-arrow.png 668w, https:\/\/gaq.be\/wp-content\/uploads\/2025\/09\/top-arrow-300x300.png 300w, https:\/\/gaq.be\/wp-content\/uploads\/2025\/09\/top-arrow-150x150.png 150w, https:\/\/gaq.be\/wp-content\/uploads\/2025\/09\/top-arrow-600x600.png 600w, https:\/\/gaq.be\/wp-content\/uploads\/2025\/09\/top-arrow-100x100.png 100w\" sizes=\"auto, (max-width: 30px) 100vw, 30px\" \/><\/a><\/p>\n\n\n\n<h1 class=\"wp-block-heading\" id=\"Ratten-en\"><strong>Ratten en kraaien in Brussel: respectvol samenleven<\/strong><\/h1>\n\n\n\n<p><strong>In Brussel, net als in veel grote steden, passen bepaalde diersoorten zich zeer goed aan de stedelijke omgeving aan. Dit geldt ook voor ratten en kraaien. Hoewel ze vaak onpopulair zijn, zijn ze desondanks volwaardige inwoners van onze stad. Hun aanwezigheid daagt ons uit om na te denken over onze gewoonten, en vooral over hoe we met afval omgaan.<\/strong><\/p>\n\n\n\n<figure class=\"wp-block-image alignleft size-large is-resized\"><img loading=\"lazy\" decoding=\"async\" width=\"1024\" height=\"683\" src=\"https:\/\/gaq.be\/wp-content\/uploads\/2025\/09\/photo-7-rat-and-crow-1024x683.png\" alt=\"\" class=\"wp-image-14571\" style=\"width:435px;height:auto\" srcset=\"https:\/\/gaq.be\/wp-content\/uploads\/2025\/09\/photo-7-rat-and-crow-1024x683.png 1024w, https:\/\/gaq.be\/wp-content\/uploads\/2025\/09\/photo-7-rat-and-crow-300x200.png 300w, https:\/\/gaq.be\/wp-content\/uploads\/2025\/09\/photo-7-rat-and-crow-768x512.png 768w, https:\/\/gaq.be\/wp-content\/uploads\/2025\/09\/photo-7-rat-and-crow-600x400.png 600w, https:\/\/gaq.be\/wp-content\/uploads\/2025\/09\/photo-7-rat-and-crow.png 1536w\" sizes=\"auto, (max-width: 1024px) 100vw, 1024px\" \/><\/figure>\n\n\n\n<h3 class=\"wp-block-heading\"><strong>Intelligente en nuttige dieren<\/strong><\/h3>\n\n\n\n<p>Ratten zijn zeer intelligente en sociale knaagdieren. Ze leven in georganiseerde groepen en spelen een rol in het stedelijk ecosysteem, met name door bepaalde soorten organisch afval op te ruimen. Zwarte kraaien daarentegen zijn extreem intelligente vogels, die in staat zijn om gereedschap te gebruiken, complexe problemen op te lossen en zich snel aan hun omgeving aan te passen. Ze voeden zich met insecten, voedselresten en soms zelfs kleine knaagdieren. In tegenstelling tot wat vaak wordt gedacht, zijn ratten en kraaien er niet op uit om mensen kwaad te doen. Ze leven simpelweg waar ze voedsel kunnen vinden en zich kunnen voortplanten.<\/p>\n\n\n\n<h3 class=\"wp-block-heading\"><strong>Waarom nemen hun aantallen toe?<\/strong><\/h3>\n\n\n\n<p>De belangrijkste reden voor de toename van ratten en kraaien is de gemakkelijke toegang tot voedsel. In Brussel vormt slecht verpakt voedselafval, dat op de openbare weg wordt gegooid of buiten de ophaaltijden wordt achtergelaten, een waar &#8216;all-you-can-eat&#8217;-buffet voor deze dieren. Hoe meer voedsel er is, hoe sneller ze zich voortplanten. Vrouwtjesratten kunnen meerdere nesten per jaar krijgen. Voor kraaien stelt de toegang tot overvloedige bronnen hen in staat om met succes meer jongen groot te brengen.<br>Een andere factor die bijdraagt aan de toename van kraaienpopulaties is het direct voeren door mensen. Hoewel dit vaak goed bedoeld is, verstoort dit het natuurlijke evenwicht en bevordert de overbevolking. Het is daarom essentieel om het publiek bewust te maken van het belang van het niet voeren van kraaien en om educatieve campagnes te implementeren om deze gewoonte te voorkomen. In het geval van ratten tonen recente studies, uitgevoerd in 16 steden wereldwijd (waaronder Amsterdam, New York en Toronto), aan dat de opwarming van de aarde ook een belangrijke rol speelt bij de toename van rattenpopulaties<strong>. <\/strong>Menselijke activiteiten zijn dan ook grotendeels verantwoordelijk voor de toename van bepaalde diersoorten in onze steden.<\/p>\n\n\n\n<h3 class=\"wp-block-heading\"><strong>Wat kunnen we doen?<\/strong><\/h3>\n\n\n\n<p>In plaats van te proberen deze soorten uit te roeien, wat vaak wreed en op de lange termijn ineffectief is, kunnen we humane en verantwoorde oplossingen kiezen:<br>\u2022 Ga goed om met ons afval: gebruik oranje bakken voor gft-afval (oranje bakken zijn gratis verkrijgbaar bij de gemeente), respecteer de ophaaltijden en laat geen etensresten achter op de openbare weg of in parken. Het is vooral een kwestie van burgerzin.<\/p>\n\n\n\n<ul class=\"wp-block-list\">\n<li>Bewustwording cre\u00ebren in de buurt: hoe meer mensen goede praktijken toepassen, hoe zichtbaarder het effect zal zijn.<\/li>\n\n\n\n<li>Pas de openbare ruimte aan: gesloten bakken, goed onderhouden compostbakken en veilige opslagplaatsen kunnen de toegang tot voedselbronnen beperken.<\/li>\n\n\n\n<li>Observeer met vriendelijkheid: deze dieren weerspiegelen onze manier van leven. Door ze beter te begrijpen, kunnen we ook onze omgeving beter begrijpen.<\/li>\n<\/ul>\n\n\n\n<h3 class=\"wp-block-heading\"><strong>Een stad om te delen<\/strong><\/h3>\n\n\n\n<p>Ratten en kraaien zijn geen vijanden: ze leven samen. Hun groeiende aantal is echter een teken: ze herinneren ons eraan dat de stad een ecosysteem is en dat onze acties de balans tussen verschillende diersoorten bepalen. In plaats van ze te demoniseren en te proberen soorten die we nu als &#8216;plagen&#8217; beschouwen, uit te roeien, laten we leren ons gedrag aan te passen.<br>Door onze gewoonten te veranderen, kunnen we overlast verminderen (niemand houdt van een vieze stad), terwijl we tegelijkertijd de legitieme plaats van deze dieren in ons stedelijk ecosysteem erkennen.<br><strong>De gevaren van rodenticiden en humanere alternatieven<\/strong><br>Rodenticiden, die vaak worden gebruikt om rattenpopulaties te beheersen, veroorzaken inwendige bloedingen bij knaagdieren, wat resulteert in een langzame en pijnlijke dood. Bovendien vormen deze gifstoffen een gevaar voor andere dieren, met name de natuurlijke vijanden van ratten, zoals roofvogels, die vergiftigd kunnen raken door het eten van besmette ratten.<br>Gezien deze risico&#8217;s worden humanere en milieuvriendelijkere alternatieven onderzocht. Zo zijn in Brussel met succes anticonceptieprogramma&#8217;s voor duiven ge\u00efmplementeerd.<br>Ook New York City heeft onlangs een vergelijkbare aanpak voor ratten ingevoerd door specifieke anticonceptiemiddelen te introduceren. In september 2024 nam de stad New York (https:\/\/abcnews.go.com\/US\/rat-birth-control-rat-walks-new-initiatives-curb\/story?id=117620322) de &#8216;Wet van Flaco&#8217; aan, die de verspreiding van anticonceptiemiddelen voor ratten in specifieke gebieden toestaat. Deze anticonceptiemiddelen, zoals ContraPest, verminderen de vruchtbaarheid van ratten zonder ze te doden, wat een ethischere en duurzamere oplossing biedt. De eerste resultaten zijn veelbelovend, met een aanzienlijke afname van het aantal rattenwaarnemingen in de beoogde gebieden.<br>Deze initiatieven tonen aan dat het mogelijk is om stedelijke dierenpopulaties op een respectvolle en effectieve manier te beheren, waarbij de voorkeur wordt gegeven aan methoden die het evenwicht van ons stedelijk ecosysteem behouden.<br><strong><em>Elena Nalon<\/em><\/strong><\/p>\n\n\n\n<p class=\"has-text-align-right has-large-font-size\"><a href=\"#mati\u00e8res\">&#8230;vers le haut <img loading=\"lazy\" decoding=\"async\" width=\"30\" height=\"30\" class=\"wp-image-14354\" style=\"width: 30px;\" src=\"https:\/\/gaq.be\/wp-content\/uploads\/2025\/09\/top-arrow.png\" alt=\"\" srcset=\"https:\/\/gaq.be\/wp-content\/uploads\/2025\/09\/top-arrow.png 668w, https:\/\/gaq.be\/wp-content\/uploads\/2025\/09\/top-arrow-300x300.png 300w, https:\/\/gaq.be\/wp-content\/uploads\/2025\/09\/top-arrow-150x150.png 150w, https:\/\/gaq.be\/wp-content\/uploads\/2025\/09\/top-arrow-600x600.png 600w, https:\/\/gaq.be\/wp-content\/uploads\/2025\/09\/top-arrow-100x100.png 100w\" sizes=\"auto, (max-width: 30px) 100vw, 30px\" \/><\/a><\/p>\n\n\n\n<h1 class=\"wp-block-heading\" id=\"Nieuws-van\"><strong>Nieuws van onze zusterverenigingen<\/strong><\/h1>\n\n\n\n<h3 class=\"wp-block-heading\">Autour de Marguerite: lang leve de dwergvleermuizen!<\/h3>\n\n\n\n<figure class=\"wp-block-image alignleft size-full\"><img loading=\"lazy\" decoding=\"async\" width=\"391\" height=\"269\" src=\"https:\/\/gaq.be\/wp-content\/uploads\/2025\/09\/Photo-8-Bats.jpg\" alt=\"\" class=\"wp-image-14559\" srcset=\"https:\/\/gaq.be\/wp-content\/uploads\/2025\/09\/Photo-8-Bats.jpg 391w, https:\/\/gaq.be\/wp-content\/uploads\/2025\/09\/Photo-8-Bats-300x206.jpg 300w\" sizes=\"auto, (max-width: 391px) 100vw, 391px\" \/><\/figure>\n\n\n\n<p>Het bewonerscollectief &#8220;Autour de Marguerite&#8221; organiseerde een inzamelingsactie om vleermuisschuilplaatsen te plaatsen in de openbare ruimte en bij particulieren.<br>Ondanks hun soms negatieve reputatie zijn vleermuizen ongevaarlijk en spelen ze een essenti\u00eble ecologische rol omdat ze zich in grote hoeveelheden voeden met insecten zoals muggen. Elke schuilplaats kost ongeveer \u20ac 50. Het collectief heeft meer dan \u20ac 1.000 ingezameld en een toezegging ontvangen van de Stad Brussel om in natura bij te dragen. In het najaar organiseren we de collectieve installatie van de schuilplaatsen. Hartelijk dank voor uw waardevolle bijdrage!<\/p>\n\n\n\n<h3 class=\"wp-block-heading\">L&#8217;Estampille brengt boeken en lezen tot leven!<\/h3>\n\n\n\n<figure class=\"wp-block-image alignright size-full is-resized\"><img loading=\"lazy\" decoding=\"async\" width=\"320\" height=\"229\" src=\"https:\/\/gaq.be\/wp-content\/uploads\/2025\/09\/photo-9-lestampille.jpeg\" alt=\"\" class=\"wp-image-14580\" style=\"width:433px;height:auto\" srcset=\"https:\/\/gaq.be\/wp-content\/uploads\/2025\/09\/photo-9-lestampille.jpeg 320w, https:\/\/gaq.be\/wp-content\/uploads\/2025\/09\/photo-9-lestampille-300x215.jpeg 300w\" sizes=\"auto, (max-width: 320px) 100vw, 320px\" \/><\/figure>\n\n\n\n<p>L&#8217;Estampille, een ruimte voor culturele promotie aan de Paviastraat 75, zet zich dit jaar opnieuw in om leesplezier in al zijn vormen te stimuleren.<br>Dankzij de boekenbox voor de galerie kunnen buurtbewoners gratis een boek inleveren, lenen of gewoon ontdekken. Dit kleine uitwisselingspunt is uitgegroeid tot een levendige ruimte waar verhalen van hand tot hand gaan.<br>Elke week bezoeken leden van L&#8217;Estampille ook de kleuterschool in de Eburonenstraat om leessessies met de kinderen te leiden. Een zachte en vrolijke manier om hun verbeelding al op jonge leeftijd te prikkelen.<br>Ten slotte is er dit jaar een leeskring opgericht, die eens per kwartaal bijeenkomt. Rond twee geselecteerde boeken delen de deelnemers hun indrukken en gedachten in een sfeer van openheid en gezelligheid.<br><strong>Wilt u meer weten of deelnemen? Stuur ons een e-mail: <\/strong><a href=\"mailto:info@estampille.be\"><strong>info@estampille.be<\/strong><\/a><\/p>\n\n\n\n<p class=\"has-text-align-right has-large-font-size\"><a href=\"#mati\u00e8res\">&#8230;vers le haut <img loading=\"lazy\" decoding=\"async\" width=\"30\" height=\"30\" class=\"wp-image-14354\" style=\"width: 30px;\" src=\"https:\/\/gaq.be\/wp-content\/uploads\/2025\/09\/top-arrow.png\" alt=\"\" srcset=\"https:\/\/gaq.be\/wp-content\/uploads\/2025\/09\/top-arrow.png 668w, https:\/\/gaq.be\/wp-content\/uploads\/2025\/09\/top-arrow-300x300.png 300w, https:\/\/gaq.be\/wp-content\/uploads\/2025\/09\/top-arrow-150x150.png 150w, https:\/\/gaq.be\/wp-content\/uploads\/2025\/09\/top-arrow-600x600.png 600w, https:\/\/gaq.be\/wp-content\/uploads\/2025\/09\/top-arrow-100x100.png 100w\" sizes=\"auto, (max-width: 30px) 100vw, 30px\" \/><\/a><\/p>\n\n\n\n<h1 class=\"wp-block-heading\" id=\"Langs-onze\"><strong>Langs onze straten<\/strong><\/h1>\n\n\n\n<figure class=\"wp-block-image alignleft size-large is-resized\"><img loading=\"lazy\" decoding=\"async\" width=\"683\" height=\"1024\" src=\"https:\/\/gaq.be\/wp-content\/uploads\/2025\/09\/photo-10-citerne-683x1024.jpeg\" alt=\"\" class=\"wp-image-14583\" style=\"width:348px;height:auto\" srcset=\"https:\/\/gaq.be\/wp-content\/uploads\/2025\/09\/photo-10-citerne-683x1024.jpeg 683w, https:\/\/gaq.be\/wp-content\/uploads\/2025\/09\/photo-10-citerne-200x300.jpeg 200w, https:\/\/gaq.be\/wp-content\/uploads\/2025\/09\/photo-10-citerne-768x1152.jpeg 768w, https:\/\/gaq.be\/wp-content\/uploads\/2025\/09\/photo-10-citerne-1024x1536.jpeg 1024w, https:\/\/gaq.be\/wp-content\/uploads\/2025\/09\/photo-10-citerne-1365x2048.jpeg 1365w, https:\/\/gaq.be\/wp-content\/uploads\/2025\/09\/photo-10-citerne-600x900.jpeg 600w, https:\/\/gaq.be\/wp-content\/uploads\/2025\/09\/photo-10-citerne-scaled.jpeg 1707w\" sizes=\"auto, (max-width: 683px) 100vw, 683px\" \/><\/figure>\n\n\n\n<h3 class=\"wp-block-heading\"><strong>Regenwater, een kostbare bron!<\/strong><\/h3>\n\n\n\n<p>Het buurtcollectief Autour de Marguerite steunt initiatieven die het milieu en de biodiversiteit bevorderen.<br>In het kader hiervan vroeg het in 2024 de eigenaar van de Stormklokstraat 1 toestemming om een regenwateropvangtank (1000 liter) op hun binnenplaats te plaatsen.<br>De tank werd aangekocht met steun van de Stad Brussel. De kraan is van buitenaf toegankelijk, zodat men de binnenplaats niet hoeft te betreden. De bijzonder droge lente en zomer van 2025 hebben al aangetoond hoe nuttig het is om regenwater op te vangen om de dorstige plantenbakken in de Stormklokstraat en de Jennevalstraat te besproeien.<br>Het collectief zet zijn activiteiten voort in de moestuin\/boomgaard aan de Margaretasquare. Het blijft echter voorzichtig met zijn toekomstige engagementen, aangezien de nieuwe meerderheid in de gemeenteraad traag is met het goedkeuren van budgetten ter ondersteuning van verenigingen (mei 2025).<\/p>\n\n\n\n<h3 class=\"wp-block-heading\"><strong>Een mysterieus apparaat op de Ambiorix- en Gutenbergsquares<\/strong><\/h3>\n\n\n\n<figure class=\"wp-block-image alignright size-large is-resized\"><img loading=\"lazy\" decoding=\"async\" width=\"735\" height=\"1024\" src=\"https:\/\/gaq.be\/wp-content\/uploads\/2025\/09\/Photo-11-contraception--735x1024.jpeg\" alt=\"\" class=\"wp-image-14586\" style=\"width:352px;height:auto\" srcset=\"https:\/\/gaq.be\/wp-content\/uploads\/2025\/09\/Photo-11-contraception--735x1024.jpeg 735w, https:\/\/gaq.be\/wp-content\/uploads\/2025\/09\/Photo-11-contraception--215x300.jpeg 215w, https:\/\/gaq.be\/wp-content\/uploads\/2025\/09\/Photo-11-contraception--768x1070.jpeg 768w, https:\/\/gaq.be\/wp-content\/uploads\/2025\/09\/Photo-11-contraception--600x836.jpeg 600w, https:\/\/gaq.be\/wp-content\/uploads\/2025\/09\/Photo-11-contraception-.jpeg 919w\" sizes=\"auto, (max-width: 735px) 100vw, 735px\" \/><\/figure>\n\n\n\n<p>De Stad Brussel heeft anticonceptiezaaddispensers voor duiven ge\u00efnstalleerd.<br>Ontwikkeld door het Italiaanse bedrijf ACME en onder toezicht van Vets For City Pigeons, worden er elke ochtend met nicarbazine omhulde ma\u00efskorrels verstrekt.<br>Dit antiparasitaire middel, dat in de pluimveehouderij wordt gebruikt, heeft als bijwerking dat het eieren omkeerbaar steriliseert. De hoeveelheid verspreid zaad is evenredig aan de aanwezige duivenpopulatie (hier ongeveer 100 tot 200 exemplaren).<br>De ma\u00efs wordt zeer snel door de duiven opgegeten, waardoor er geen uitspoeling van het product in de bodem plaatsvindt. De duiven verhinderen dat andere vogels (kraaien, houtduiven, enz.) dichterbij komen. De ma\u00efskorrels zijn te groot voor zangvogels, die ze niet kunnen doorslikken.<br>Bovendien is berekend dat een hond of kat 5 tot 6 kilo graan zou moeten eten om enig effect te ondervinden. De dispensers worden tweewekelijks bijgevuld door straatvegers (openbare wegen) en tuiniers (groene ruimtes).<br>Voor meer informatie:<br><a href=\"https:\/\/www.bruxelles.be\/duiven\">https:\/\/www.bruxelles.be\/duiven<\/a> (met video van het voeren)<br><a href=\"https:\/\/www.vetsforcitypigeons.com\/fr\">https:\/\/www.vetsforcitypigeons.com\/fr<\/a><\/p>\n\n\n\n<h3 class=\"wp-block-heading\"><strong>Getjilp op de Ambiorixsquare<\/strong><\/h3>\n\n\n\n<figure class=\"wp-block-image alignleft size-large is-resized\"><img loading=\"lazy\" decoding=\"async\" width=\"1024\" height=\"576\" src=\"https:\/\/gaq.be\/wp-content\/uploads\/2025\/09\/photo-12-oisillons-jpeg-1024x576.jpeg\" alt=\"\" class=\"wp-image-14589\" style=\"width:483px;height:auto\" srcset=\"https:\/\/gaq.be\/wp-content\/uploads\/2025\/09\/photo-12-oisillons-jpeg-1024x576.jpeg 1024w, https:\/\/gaq.be\/wp-content\/uploads\/2025\/09\/photo-12-oisillons-jpeg-300x169.jpeg 300w, https:\/\/gaq.be\/wp-content\/uploads\/2025\/09\/photo-12-oisillons-jpeg-768x432.jpeg 768w, https:\/\/gaq.be\/wp-content\/uploads\/2025\/09\/photo-12-oisillons-jpeg-600x338.jpeg 600w, https:\/\/gaq.be\/wp-content\/uploads\/2025\/09\/photo-12-oisillons-jpeg.jpeg 1280w\" sizes=\"auto, (max-width: 1024px) 100vw, 1024px\" \/><\/figure>\n\n\n\n<p>In het najaar van 2023 vertrouwde het wijkcollectief Autour de Marguerite een aangesloten vogelhuisje toe aan het team van het buurthuis.<br>Dit is een samenwerking met de Jardin Extraordinaire, die indien nodig technische ondersteuning biedt.<br>Het nestkastje werd in het voorjaar van 2024 door een koolmezenkoppel geadopteerd. Twee broedsels volgden elkaar op. In het voorjaar van 2025 tekenden de vogels snel een nieuw huurcontract. Het eerste broedsel is al uitgevlogen (mei 2025). Na de schoonmaak is het nestkastje weer operationeel en klaar om een nieuw gezin te verwelkomen.<br>De toegang tot de beelden is om privacyredenen beperkt, omdat de microfoon gesprekken in de buurt mogelijk maakt. Het buurthuis deelt nieuws via het lokale sociale netwerk Hoplr. Je kunt de site ook bezoeken om te zien hoe het broeden verloopt. Dit is wat de kinderen van de lokale scholen hebben gedaan.<br><a href=\"https:\/\/www.lesmaisonsdequartier.brussels\/nl\/maison-de-quartier\/maison-de-quartier-ambiorix\">https:\/\/www.lesmaisonsdequartier.brussels\/nl\/maison-de-quartier\/maison-de-quartier-ambiorix<\/a><br><\/p>\n\n\n\n<h3 class=\"wp-block-heading\"><strong>Hoera, het Pavi&#8217;On heeft zijn deuren geopend!<\/strong><\/h3>\n\n\n\n<figure class=\"wp-block-image alignright size-full is-resized\"><img loading=\"lazy\" decoding=\"async\" width=\"480\" height=\"640\" src=\"https:\/\/gaq.be\/wp-content\/uploads\/2025\/09\/photo-13-pavi-on-rotated.jpeg\" alt=\"\" class=\"wp-image-14592\" style=\"width:335px;height:auto\" srcset=\"https:\/\/gaq.be\/wp-content\/uploads\/2025\/09\/photo-13-pavi-on-rotated.jpeg 480w, https:\/\/gaq.be\/wp-content\/uploads\/2025\/09\/photo-13-pavi-on-225x300.jpeg 225w\" sizes=\"auto, (max-width: 480px) 100vw, 480px\" \/><\/figure>\n\n\n\n<p>Meer dan vier jaar na de brand is het \u2018Pavi&#8217;On\u2019 (de nieuwe naam voor het voormalige Pavillon Vanaudenhove in het Jubelpark) weer open.<\/p>\n\n\n\n<p>De Stad Brussel heeft een langlopend huurcontract afgesloten met het Gewest en heeft het paviljoen prachtig gerestaureerd en gerenoveerd. Er komen twee prachtige zalen, een prachtige bar en binnenkort ook projectieapparatuur.<br>De Stad wil dat het Pavi&#8217;On een ontmoetingsplek wordt voor alle verenigingen. U kunt voorstellen doen voor de invulling ervan. Laat uw creativiteit de vrije loop \u2013 theater, bioscoop, tentoonstellingen. Zoekt uw vereniging een mooie plek in dit prachtige park? Neem dan contact op met pavion@lmdq.brussels. Het wordt beheerd door de Wijkhuizen.<br>Hoewel bewoners al lang vragen om openbare toiletten in het Jubelpark en de GAQ heeft voorgesteld om de toiletten van het Pavi&#8217;On voor iedereen toegankelijk te maken, is dit probleem nog steeds niet opgelost.<\/p>\n\n\n\n<h3 class=\"wp-block-heading\"><strong>Palmerstonlaan 12<\/strong><\/h3>\n\n\n\n<figure class=\"wp-block-image alignleft size-full is-resized\"><img loading=\"lazy\" decoding=\"async\" width=\"331\" height=\"387\" src=\"https:\/\/gaq.be\/wp-content\/uploads\/2025\/09\/Palmerston_n\u00b06-14-edited.jpg\" alt=\"\" class=\"wp-image-14661\" style=\"width:298px;height:auto\" srcset=\"https:\/\/gaq.be\/wp-content\/uploads\/2025\/09\/Palmerston_n\u00b06-14-edited.jpg 331w, https:\/\/gaq.be\/wp-content\/uploads\/2025\/09\/Palmerston_n\u00b06-14-edited-257x300.jpg 257w\" sizes=\"auto, (max-width: 331px) 100vw, 331px\" \/><\/figure>\n\n\n\n<p>Dit gebouw, dat vroeger een kinderdagverblijf van de Europese Commissie huisvestte, stond acht jaar leeg en is sinds september 2024 een &#8216;innovatief kunsthuis&#8217;.<br>Met een tijdelijk contract tot april 2026 hebben 90 kunstenaars 52 creatieve workshops kunnen cre\u00ebren. Ze organiseren eenmalige evenementen en \u00e9\u00e9n grote tentoonstelling per jaar. Ze hebben beloofd de GAQ op de hoogte te houden van hun planning. Meer informatie: <a href=\"https:\/\/www.pali-pali.com\/2024\/10\/whitewood-treves-palmerston\/\">https:\/\/www.pali-pali.com\/2024\/10\/whitewood-treves-palmerston\/<\/a><\/p>\n\n\n\n<h3 class=\"wp-block-heading\"><strong>Een mooi voorbeeld van renovatie en optopping<\/strong><\/h3>\n\n\n\n<figure class=\"wp-block-image alignright size-full is-resized\"><img loading=\"lazy\" decoding=\"async\" width=\"480\" height=\"640\" src=\"https:\/\/gaq.be\/wp-content\/uploads\/2025\/09\/photo-14-bon-exemple-rotated.jpeg\" alt=\"\" class=\"wp-image-14595\" style=\"width:340px;height:auto\" srcset=\"https:\/\/gaq.be\/wp-content\/uploads\/2025\/09\/photo-14-bon-exemple-rotated.jpeg 480w, https:\/\/gaq.be\/wp-content\/uploads\/2025\/09\/photo-14-bon-exemple-225x300.jpeg 225w\" sizes=\"auto, (max-width: 480px) 100vw, 480px\" \/><\/figure>\n\n\n\n<p><strong>Dit prachtig gerenoveerde gebouw bevindt zich op de hoek van de Bordiaustraat en de Eedgenotenstraat.<\/strong><br>Een jaar geleden stond er aan de Bordiaustraat alleen een garage en dus wat in de stedenbouwkunde een &#8216;gat&#8217; wordt genoemd. In de loop der maanden zagen we een gebouw verrijzen waarvan we dachten dat het een stedenbouwkundige afwijking was, maar het eindresultaat heeft ons aangenaam verrast. Gefeliciteerd aan de eigenaar met deze succesvolle ontwikkeling.<\/p>\n\n\n\n<h3 class=\"wp-block-heading\"><strong>Aziatische hoornaars: een stille bedreiging die beter begrepen moet worden<\/strong><\/h3>\n\n\n\n<p><strong>Belgi\u00eb, net als veel andere Europese landen, wordt de laatste jaren geconfronteerd met de komst en snelle verspreiding van de Aziatische hoornaar (Vespa velutina).<\/strong><br>Dit insect, afkomstig uit Zuidoost-Azi\u00eb, werd begin jaren 2000 per ongeluk in Europa ge\u00efntroduceerd. Hij verspreidde zich snel, met name dankzij zijn ongelooflijke aanpassingsvermogen. Tegenwoordig is hij in alle Belgische regio&#8217;s goed ingeburgerd.<br>De Aziatische hoornaar is een groot zwart insect met gele poten en een oranje band op zijn achterlijf (niet te verwarren met de Europese hoornaar, die groter is en meer oranje van kleur). Hij is niet agressiever tegenover mensen dan een gewone wesp, tenzij je te dicht bij zijn nest komt. De toename van nesten en de geringe hoogte ervan verhogen echter het risico op ongelukken, vooral voor tuinders.<br><strong>Waarom is zijn aanwezigheid een probleem?<\/strong><br>Het werkelijke gevaar dat de Aziatische hoornaar vormt, betreft niet direct de mens, maar de biodiversiteit:<br>Een bedreiging voor bijen: De Aziatische hoornaar is een geduchte predator van zowel tamme als wilde bijen. Hij kan een volk binnen enkele dagen decimeren, wat een ernstige bedreiging vormt voor de bestuiving en de lokale honingproductie. Een enkele hoornaarkolonie kan duizenden bijen in \u00e9\u00e9n seizoen verorberen.<br>Een verstoring van het evenwicht in ecosystemen: door vele soorten insecten aan te vallen (159 soorten volgens recente informatie), verstoort hij lokale voedselketens. Zijn snelle verspreiding laat weinig ruimte over voor natuurlijke vijanden of concurrenten. Een gemiddeld nest van een Aziatische hoornaar verorbert 11,3 kg insecten per jaar, terwijl een groot nest 22,6 kg kan verorberen! Dit leidt tot minder volwassen (voortplantende) insecten, wat een bedreiging vormt voor de lokale biodiversiteit, ook in het Brussels Gewest.<br>Een risico voor de mens: hoewel de Aziatische hoornaar niet bijzonder agressief is, kan hij in groepen steken wanneer hij in de buurt van zijn nest komt. Deze steken kunnen zeer pijnlijk en gevaarlijk zijn voor mensen met allergie\u00ebn, waardoor een spoedopname in het ziekenhuis noodzakelijk kan zijn.<br><strong>Wat kunnen we doen?<\/strong><br>De strijd tegen de Aziatische hoornaar moet collectief, geco\u00f6rdineerd en milieuvriendelijk zijn. De Stad Brussel heeft initiatieven gelanceerd om de aanwezigheid en verspreiding van de Aziatische hoornaar op haar grondgebied te beperken. U vindt alle informatie op de website <a href=\"https:\/\/www.brussel.be\/frelons-asiatiques\">https:\/\/www.brussel.be\/frelons-asiatiques<\/a>.<\/p>\n\n\n\n<figure class=\"wp-block-image alignleft size-full is-resized\"><img loading=\"lazy\" decoding=\"async\" width=\"720\" height=\"433\" src=\"https:\/\/gaq.be\/wp-content\/uploads\/2025\/09\/photo-15-frelon-2.jpg\" alt=\"\" class=\"wp-image-14562\" style=\"width:352px;height:auto\" srcset=\"https:\/\/gaq.be\/wp-content\/uploads\/2025\/09\/photo-15-frelon-2.jpg 720w, https:\/\/gaq.be\/wp-content\/uploads\/2025\/09\/photo-15-frelon-2-300x180.jpg 300w, https:\/\/gaq.be\/wp-content\/uploads\/2025\/09\/photo-15-frelon-2-600x361.jpg 600w\" sizes=\"auto, (max-width: 720px) 100vw, 720px\" \/><\/figure>\n\n\n\n<p>Hier zijn enkele nuttige tips:<\/p>\n\n\n\n<p>Meld nesten: De Stad heeft uw hulp nodig! Als u een nest ziet (vaak bolvormig en groot), probeer het dan nooit zelf te vernietigen, maar meld het via het meldplatform ObsIdentify of de website observations.be. U kunt zich ook aansluiten bij een van de &#8216;Vespa Hunters&#8217;-groepen op Facebook, georganiseerd door de gemeente:<br>Vespa Hunter 1020 :\u00a0<a href=\"https:\/\/www.facebook.com\/groups\/814059480430098?locale=fr_FR\" target=\"_blank\" rel=\"noreferrer noopener\">https:\/\/www.facebook.com\/groups\/814059480430098?locale=fr_FR<\/a><br>Vespa Hunter 1120 :\u00a0<a href=\"https:\/\/www.facebook.com\/groups\/1133352664169382?locale=fr_FR\" target=\"_blank\" rel=\"noreferrer noopener\">https:\/\/www.facebook.com\/groups\/1133352664169382?locale=fr_FR<\/a><br>Vespa Hunter 1000 :\u00a0<a href=\"https:\/\/www.facebook.com\/groups\/1952854801737819?locale=fr_FR\" target=\"_blank\" rel=\"noreferrer noopener\">https:\/\/www.facebook.com\/groups\/1952854801737819?locale=fr_FR<\/a><br>Vespa Hunter 1130 :\u00a0<a href=\"https:\/\/www.facebook.com\/groups\/336964925335565?locale=fr_FR\" target=\"_blank\" rel=\"noreferrer noopener\">https:\/\/www.facebook.com\/groups\/336964925335565?locale=fr_FR<\/a><\/p>\n\n\n\n<p>Observeer zonder paniek: Een enkele hoornaar in je tuin betekent niet per se dat er een nest in de buurt is. Maak indien mogelijk een foto en gebruik online tools om het te identificeren.<br>Bescherm bestuivers: Vermijd het gebruik van niet-gerichte insecticiden, die bijen, hommels en vlinders kunnen doden. Promoot lokale honingplanten om de biodiversiteit te ondersteunen.<br>Vangstcampagnes voor koninginnen: In het vroege voorjaar ontwaken Aziatische hoornaarkoninginnen uit hun winterslaap om nieuwe kolonies te stichten. Dit is het moment waarop het mogelijk is om deze koninginnen te vangen voordat ze een primair nest bouwen. Zogenaamde &#8216;selectieve&#8217; vallen kunnen worden gebruikt, vaak in de vorm van flessen of lokaas.\u00a0 Deze vallen moeten echter met de nodige voorzichtigheid worden gebruikt. Als ze slecht geplaatst of ontworpen zijn, kunnen ze onbedoeld veel soorten nuttige insecten vangen, zoals bijen, hommels of vlinders \u2013 een fenomeen dat bekend staat als bijvangst. Daarom is het sterk aan te raden om training of advies te vragen aan imker- of natuurverenigingen voordat u ze installeert. Er zijn meer selectieve modellen en specifieke lokazen beschikbaar, maar hun effectiviteit hangt ook af van de juiste timing en locatie. Ga voor meer informatie naar de website van \u2018Comit\u00e9 F\u2019: https:\/\/tybou.eu\/wordpress\/fa\/a-propos\/.<\/p>\n\n\n\n<p><strong>Een uitdaging voor onze tijd<\/strong><\/p>\n\n\n\n<p>De Aziatische hoornaar is een symptoom van onze geglobaliseerde wereld: een onbedoeld ge\u00efntroduceerde soort die ons ecologisch evenwicht verstoort. Wanneer we ermee geconfronteerd worden, is er geen reden tot paniek, maar juist om kalm te handelen, met informatie en solidariteit. Door hem te leren herkennen, nesten te melden en bestuivende insecten te beschermen, kunnen we de impact van zijn aanwezigheid beperken en tegelijkertijd de biodiversiteit in onze buurt behouden.<br><strong><em>Elena Nalon<\/em><\/strong><\/p>\n\n\n\n<h3 class=\"wp-block-heading\">Wonen in de buurt<\/h3>\n\n\n\n<figure class=\"wp-block-image alignright size-full is-resized\"><img loading=\"lazy\" decoding=\"async\" width=\"594\" height=\"581\" src=\"https:\/\/gaq.be\/wp-content\/uploads\/2025\/09\/RoundSquaresT.png\" alt=\"\" class=\"wp-image-14664\" style=\"width:101px;height:auto\" srcset=\"https:\/\/gaq.be\/wp-content\/uploads\/2025\/09\/RoundSquaresT.png 594w, https:\/\/gaq.be\/wp-content\/uploads\/2025\/09\/RoundSquaresT-300x293.png 300w\" sizes=\"auto, (max-width: 594px) 100vw, 594px\" \/><\/figure>\n\n\n\n<p><a href=\"https:\/\/roundsquares.eu\">https:\/\/roundsquares.eu<\/a>Op <a href=\"https:\/\/roundsquares.eu \">https:\/\/roundsquares.eu <\/a>heeft een van onze leden een kleine website opgezet om nieuwe (en oude) bewoners te helpen zich in onze prachtige buurt te vestigen, hun weg te vinden en contact te leggen met buren \u2013 en met de GAQ. Voorlopig alleen in het Engels\u2026<\/p>\n\n\n\n<p class=\"has-text-align-right has-large-font-size\"><a href=\"#mati\u00e8res\">&#8230;vers le haut <img loading=\"lazy\" decoding=\"async\" width=\"30\" height=\"30\" class=\"wp-image-14354\" style=\"width: 30px;\" src=\"https:\/\/gaq.be\/wp-content\/uploads\/2025\/09\/top-arrow.png\" alt=\"\" srcset=\"https:\/\/gaq.be\/wp-content\/uploads\/2025\/09\/top-arrow.png 668w, https:\/\/gaq.be\/wp-content\/uploads\/2025\/09\/top-arrow-300x300.png 300w, https:\/\/gaq.be\/wp-content\/uploads\/2025\/09\/top-arrow-150x150.png 150w, https:\/\/gaq.be\/wp-content\/uploads\/2025\/09\/top-arrow-600x600.png 600w, https:\/\/gaq.be\/wp-content\/uploads\/2025\/09\/top-arrow-100x100.png 100w\" sizes=\"auto, (max-width: 30px) 100vw, 30px\" \/><\/a><\/p>\n\n\n\n<h1 class=\"wp-block-heading\" id=\"Belangrijke\"><strong>Belangrijke Stedenbouwkundige Dossiers<\/strong><\/h1>\n\n\n\n<h3 class=\"wp-block-heading\"><strong>Schuman-rotonde<\/strong><\/h3>\n\n\n\n<p>In juli 2024 heeft de Raad van State het verzoek tot opschorting van de werkzaamheden aan de rotonde, dat wij gelijktijdig met het verzoek tot nietigverklaring hadden ingediend, afgewezen. De Raad oordeelde dat onze argumenten de opschorting van de werkzaamheden niet rechtvaardigden&#8230; en dat blijft zo. Wij hebben echter ons verzoek tot nietigverklaring gehandhaafd, waarover over ongeveer anderhalf jaar uitspraak zou moeten worden gedaan. Tegen die tijd zal het uiterlijk van het terrein en de toegang via de Kortenberglaan aanzienlijk zijn veranderd&#8230;<\/p>\n\n\n\n<h3 class=\"wp-block-heading\"><strong>Newton, grootschalig renovatieproject aan de Notelaarsstraat 211<\/strong><\/h3>\n\n\n\n<p>De renovatiewerkzaamheden zijn in mei 2025 gestart. De nieuwe bestemming van dit gebouw zal verkeersproblemen veroorzaken voor voetgangers, fietsers, bussen, taxi&#8217;s, politie, ambulances en het verkeer in het algemeen op het Jamblinne de Meuxplein. Om nog maar te zwijgen van de gevolgen voor de parkeerplaatsen voor bewoners.<br>De GAQ, Collectief 1727 en twee particulieren hebben echter twee keer beroep aangetekend. Het eerste beroep bij de Raad van State tegen de stedenbouwkundige vergunning en het tweede beroep tegen de milieuvergunning. De indiening of uitreiking van de vergunningen vindt plaats vlak voor de schoolvakantie. Deze werkwijze ondermijnt de reactiemogelijkheden van de bewoners. Financi\u00eble bijdragen helpen ons onze rechtszaken te ondersteunen en u te informeren. Deze zijn daarom altijd welkom (Rekeningnummer: BE47 5230 8050 0880 &#8211; Collectief Opale-Opaal).<\/p>\n\n\n\n<h3 class=\"wp-block-heading\"><strong>The One, Jacques de Lalaingstraat 40<\/strong><\/h3>\n\n\n\n<p>De zoveelste stedenbouwkundige vergunning is uitgereikt voor deze toren, gebouwd op het voormalige Crowne Hotel in de Wetstraat. In het begin werden er twee beroepen tegen het project aangetekend, wat resulteerde in de vernietiging van beide vergunningen. Ondertussen is de juridische basis waarop deze vergunningsaanvragen werden ingediend, gewijzigd en dient de &#8220;Gedeelde Visie voor de Europese Wijk&#8221; (https:\/\/gaq.be\/wp-content\/uploads\/2022\/03\/QE_debat-public220223-FR.pdf) nu als leidraad voor toekomstige vastgoedprojecten.<br>De GAQ beraadt zich momenteel, samen met de AQL (Association Quartier L\u00e9opold) en het Comit\u00e9 Tervuren-Montgomery, over de volgende strategie\u00ebn om definitief een einde te maken aan de cyclus van vergunningsaanvragen en -uitreikingen, die systematisch de wettelijke administratieve instrumenten omzeilt.<\/p>\n\n\n\n<h3 class=\"wp-block-heading\"><strong>Leaselex, Wetstraat 91-105<\/strong><\/h3>\n\n\n\n<p>Na de &#8220;carrousel&#8221; van verleende en ingetrokken vergunningen heeft de GAQ, in samenwerking met de AQL en IEB (Inter-Environnement Bruxelles), besloten deel te nemen aan het beroep tegen de nieuwe stedenbouwkundige vergunning die werd verleend in de zaak &#8220;Leaselex&#8221;\/EU-conferentiecentrum.<\/p>\n\n\n\n<h3 class=\"wp-block-heading\"><strong>Blok 130 (Wetstraat en omgeving)<\/strong><\/h3>\n\n\n\n<p>Na verschillende omzwervingen rond aangevraagde, toegekende en geannuleerde vergunningen, met name in het kader van het definitief stopgezette RPA Wet (Richtplan van aanleg van de Wetstraat), is dit enorme gebouwencomplex langs de Wetstraat, de Etterbeeksesteenweg en de Jozef II-straat nu een van de ongeveer twintig gebouwen die de Belgische staat van de Europese Unie heeft gekocht. Het zal volledig worden gerenoveerd door Cityforward, via Whitewood, en zal bestaan uit 25% woningen, 5% winkels en diensten en 70% kantoren. Dit project werd gepresenteerd tijdens de maandelijkse GAQ-vergadering op 13 mei. Meer informatie vindt u hier (https:\/\/bma.brussels\/nl\/cityforward\/).<\/p>\n\n\n\n<p class=\"has-text-align-right has-large-font-size\"><a href=\"#mati\u00e8res\">&#8230;vers le haut <img loading=\"lazy\" decoding=\"async\" width=\"30\" height=\"30\" class=\"wp-image-14354\" style=\"width: 30px;\" src=\"https:\/\/gaq.be\/wp-content\/uploads\/2025\/09\/top-arrow.png\" alt=\"\" srcset=\"https:\/\/gaq.be\/wp-content\/uploads\/2025\/09\/top-arrow.png 668w, https:\/\/gaq.be\/wp-content\/uploads\/2025\/09\/top-arrow-300x300.png 300w, https:\/\/gaq.be\/wp-content\/uploads\/2025\/09\/top-arrow-150x150.png 150w, https:\/\/gaq.be\/wp-content\/uploads\/2025\/09\/top-arrow-600x600.png 600w, https:\/\/gaq.be\/wp-content\/uploads\/2025\/09\/top-arrow-100x100.png 100w\" sizes=\"auto, (max-width: 30px) 100vw, 30px\" \/><\/a><\/p>\n\n\n\n<h1 class=\"wp-block-heading\" id=\"Wandeling\"><strong>Een wandeling langs de oude straten van onze wijk<\/strong><\/h1>\n\n\n\n<figure class=\"wp-block-image size-large\"><img loading=\"lazy\" decoding=\"async\" width=\"1024\" height=\"646\" src=\"https:\/\/gaq.be\/wp-content\/uploads\/2025\/09\/Quartier-Nord-Est-en-1888-1024x646.jpg\" alt=\"\" class=\"wp-image-14678\" srcset=\"https:\/\/gaq.be\/wp-content\/uploads\/2025\/09\/Quartier-Nord-Est-en-1888-1024x646.jpg 1024w, https:\/\/gaq.be\/wp-content\/uploads\/2025\/09\/Quartier-Nord-Est-en-1888-300x189.jpg 300w, https:\/\/gaq.be\/wp-content\/uploads\/2025\/09\/Quartier-Nord-Est-en-1888-768x484.jpg 768w, https:\/\/gaq.be\/wp-content\/uploads\/2025\/09\/Quartier-Nord-Est-en-1888-1536x968.jpg 1536w, https:\/\/gaq.be\/wp-content\/uploads\/2025\/09\/Quartier-Nord-Est-en-1888-2048x1291.jpg 2048w, https:\/\/gaq.be\/wp-content\/uploads\/2025\/09\/Quartier-Nord-Est-en-1888-600x378.jpg 600w\" sizes=\"auto, (max-width: 1024px) 100vw, 1024px\" \/><\/figure>\n\n\n\n<p>Of u nu in de Leopoldwijk of de Squareswijk woont, beide gesticht in de 19e eeuw toen de oude stadsmuren van Brussel de boulevards werden die we vandaag de dag nog steeds kennen, oudere geschiedenis wacht op u om de hoek van de straat.<\/p>\n\n\n\n<p>De kaart van Ferraris uit 1770 toont &#8220;lege&#8221; stedelijke gebieden tussen de dorpen Sint-Joos-ten-Node en Etterbeke. Het was hier, op particulier initiatief van Ferdinand de Meeus, gouverneur van de Soci\u00e9t\u00e9 G\u00e9n\u00e9rale, die de plannen toevertrouwde aan architect Tilman-Fran\u00e7ois Suys, dat in 1837 de Leopoldswijk ontstond. Gelegen in het verlengde van de dwarsassen van het Koninklijk Park en gesteund door de eerste koning der Belgen, verwelkomde deze woonwijk, een hoofdstad waardig, met voorzieningen zoals de Sint-Jozefkerk, de balzaal Concert Noble, het treinstation van de Leopoldswijk en de dierentuin (nu het park), een welgestelde en zaken drijvende bevolking.<br>In 1855 werd de Wetstraat, die de westelijke grens vormt, verlengd tot aan het paradeplein (nu het Jubelpark), en werd de rotonde aangelegd. De Waversesteenweg en de Kortenbergsesteenweg markeerden het gebied waar vanaf 1870 de wijk der Squares zou ontstaan, volgens de plannen van stadsingenieur Th\u00e9ophyle de Jamblinne de Meux, die vanaf 1875 werden overgenomen en uitgewerkt door architect G\u00e9d\u00e9on Bordiau.<\/p>\n\n\n\n<p>Oude wegen bestonden echter al in deze promenade en dit landbouwgebied: uiteraard de Leuvensesteenweg, de Notenlaarsstraat (die toegang gaf tot de Linthoutstraat en het Linthoutbos), de Keyserstraat (nu Keizer Karelstraat) en de Etterbeeksesteenweg, die langs de Maalbeek liep. Rond de vijver &#8220;Ter Noye&#8221; (nu Maria-Louizaplein), die veel groter was dan nu, hebben ook de residentie van kardinaal Granvelle, het Kasteel van Twee-Torens en de watermolen die de stad van water voorzag, hun stempel gedrukt op de toponymie.<\/p>\n\n\n\n<p>Maar de meeste straatnamen dateren uit april-mei 1877 (zie het gemeenteblad van de Stad Brussel) en vormen prachtige geschiedenislessen voor het jonge Belgi\u00eb. Zo zijn de &#8220;Oude Belgen&#8221;, namelijk de Eburonen (Ambiorix), de Franken (Clovis, Karel Martel en Karel de Grote) en de Nervi\u00ebrs (Boduognat), te vinden in de buurt van de pleinen, die ook de Belgische Revolutie van 1830 herdenken (de Engelse &#8220;Palmerston&#8221;, de &#8220;Braban\u00e7onne&#8221;, gecomponeerd door Van Campenhout op tekst van Jenneval). Verderop verwijst de oude Keysertraat nog steeds naar Keizer Karel V, evenals naar de Slag bij Pavia (tegen Frans I), zijn Troonsafstand \u00a0(1855) en zijn tante en voogd, Margaretha van Oostenrijk, op het gelijknamige plein.<\/p>\n\n\n\n<p>Liberale kringen uit die tijd vergaten niet de tragische episode van het &#8220;Compromis der Edelen&#8221; van 1566 te eren, een pleidooi voor godsdienstvrijheid tegen de Inquisitie van Filips II, met Margaretha van Parma, de straten van Kardinaal (Granvelle), Luther, Calvijn, de Inquisitie, de Zuidelijken, (Willem) de Zwijger en de Patriotten. Omdat Karel van Berlaymont hen &#8220;Geuzen&#8221; noemde, kozen ze de &#8220;Knapzak&#8221; en de &#8220;Nap&#8221; als hun insignes. Brederode en Lamoraal van Egmont, die elders al een straat hadden, worden ge\u00eberd door de veldslagen bij Gravelingen en Saint-Quentin.<br>De medi\u00ebvisten in de commissie die de straatnamen bedacht, stelden ook de &#8220;Stormklok&#8221;, het &#8220;Belfort&#8221;, de &#8220;Standaard&#8221; en de &#8220;Carrousel&#8221; voor. Nostalgici van de Oostenrijkse Habsburgers wilden in 1860 al Maria Theresa en Jozef II eren. Wetenschappers pleitten voor Archimedes, Isaac Newton, Benjamin Franklin, founding father van de VS maar ook wetenschapper (elektriciteit), de uitvinder Robert Fulton (eerste commerci\u00eble stoomboot, de Nautilus), de wiskundige Simon St\u00e9vin, de cartografen Abraham Ortelius en [Mercator, de straat heeft nooit bestaan].<br>Verderop langs de Renaissancelaan vinden we kunstenaars uit deze periode en later, zoals Veronese, Titiaan, Correggio, Michelangelo, Leonardo da Vinci, [Van der Goes], Hobbema, Van Ostade, Rembrandt, Leys, Wappers en Murillo.<\/p>\n\n\n\n<p>Hedendaagse kunstenaars worden op hun beurt ge\u00eberd met sculpturen op de Ambiorixsquare en de Palmerstonlaan: van boven naar beneden: Jacques de Lalaing met Het barbaarse element, de sierlijke beschaving, de georganiseerde maatschappij (1896-1898), Victor Rousseau met zijn monument voor Max Waller (1914), Constantin Meunier met Het paard bij de drinkplaats (1899-1901) en Jef Lambeau met Het zotte lied (1899-1902), dat bijna net zoveel aandacht kreeg als zijn monumentale sculptuur Menselijke passies, die hij in 1989 in het Hortapaviljoen in het Jubelpark plaatste.<br><strong><em>Sophie Wittemans<\/em><\/strong><\/p>\n\n\n\n<p class=\"has-text-align-right has-large-font-size\"><a href=\"#mati\u00e8res\">&#8230;vers le haut <img loading=\"lazy\" decoding=\"async\" width=\"30\" height=\"30\" class=\"wp-image-14354\" style=\"width: 30px;\" src=\"https:\/\/gaq.be\/wp-content\/uploads\/2025\/09\/top-arrow.png\" alt=\"\" srcset=\"https:\/\/gaq.be\/wp-content\/uploads\/2025\/09\/top-arrow.png 668w, https:\/\/gaq.be\/wp-content\/uploads\/2025\/09\/top-arrow-300x300.png 300w, https:\/\/gaq.be\/wp-content\/uploads\/2025\/09\/top-arrow-150x150.png 150w, https:\/\/gaq.be\/wp-content\/uploads\/2025\/09\/top-arrow-600x600.png 600w, https:\/\/gaq.be\/wp-content\/uploads\/2025\/09\/top-arrow-100x100.png 100w\" sizes=\"auto, (max-width: 30px) 100vw, 30px\" \/><\/a><\/p>\n\n\n\n<h1 class=\"wp-block-heading\" id=\"Europa-in\"><strong>Europa bij ons in de buurt: Gulliver in Lilliput?<\/strong><\/h1>\n\n\n\n<p>In 1957, toen de kwestie van de zetel van de Europese Economische Gemeenschap aan de orde kwam, stelde Belgi\u00eb de Heizel voor, die na de Wereldtentoonstelling zou vrijkomen. Verschillende steden stelden zich echter kandidaat, maar geen enkele werd unaniem aanvaard. Het was echter Belgi\u00eb dat de eerste EEG-ambtenaren huisvestte. Eerst in alfabetische volgorde was het aan Belgi\u00eb om de eerste helft van het roulerende voorzitterschap in januari 1958 te waarborgen. Het voormalige Ministerie van Economie (Belliardstraat) werd met spoed gevorderd en er werd een optie genomen op een in aanbouw zijnd gebouw voor een verzekeringsmaatschappij (laan van de Vrolijke Binnenkomst).<\/p>\n\n\n\n<p>In december 1958 nam de Belgische regering een cruciale beslissing voor onze buurt. In het besef dat de impasse over de keuze van haar definitieve hoofdkwartier waarschijnlijk zou aanhouden, beval hij de onteigening van de nonnenschool van Berlaymont en de bouw van een gebouw dat plaats bood aan 3.000 ambtenaren en, ondergronds, hun 2.000 auto&#8217;s.<\/p>\n\n\n\n<figure class=\"wp-block-image size-large\"><img loading=\"lazy\" decoding=\"async\" width=\"1024\" height=\"683\" src=\"https:\/\/gaq.be\/wp-content\/uploads\/2025\/09\/Image-pour-page-30-Batiment-du-conseil-de-lEurope-1024x683.jpg\" alt=\"\" class=\"wp-image-14682\" srcset=\"https:\/\/gaq.be\/wp-content\/uploads\/2025\/09\/Image-pour-page-30-Batiment-du-conseil-de-lEurope-1024x683.jpg 1024w, https:\/\/gaq.be\/wp-content\/uploads\/2025\/09\/Image-pour-page-30-Batiment-du-conseil-de-lEurope-300x200.jpg 300w, https:\/\/gaq.be\/wp-content\/uploads\/2025\/09\/Image-pour-page-30-Batiment-du-conseil-de-lEurope-768x512.jpg 768w, https:\/\/gaq.be\/wp-content\/uploads\/2025\/09\/Image-pour-page-30-Batiment-du-conseil-de-lEurope-1536x1024.jpg 1536w, https:\/\/gaq.be\/wp-content\/uploads\/2025\/09\/Image-pour-page-30-Batiment-du-conseil-de-lEurope-2048x1365.jpg 2048w, https:\/\/gaq.be\/wp-content\/uploads\/2025\/09\/Image-pour-page-30-Batiment-du-conseil-de-lEurope-600x400.jpg 600w\" sizes=\"auto, (max-width: 1024px) 100vw, 1024px\" \/><\/figure>\n\n\n\n<p>Naarmate nieuwe lidstaten toetraden en nieuwe bevoegdheden werden verworven, bleven de behoeften van de Europese instellingen in de daaropvolgende decennia toenemen. Aan deze behoeften werd voldaan door de omvorming van woonruimtes tot kantoren en vooral door de lukrake bouw van gebouwen die private ontwikkelaars zeker aan de instellingen konden verhuren.<br>Een institutionele kolos die honderden miljoenen burgers vertegenwoordigt en zich in een woonwijk vestigt, is een beetje zoals Gulliver die zich in Lilliput vestigt. Het garandeerde ook onophoudelijke bouwactiviteiten, allerlei demonstraties, sireneconcerten en helikoptervluchten.<\/p>\n\n\n\n<p>Maar het biedt ook openbaar vervoer en een niveau van netheid en veiligheid waar veel Brusselse wijken jaloers op zijn. En bovenal, dankzij onze parken en natuurlijk de GAQ, biedt het een levenskwaliteit waar we, eerlijk gezegd, niet over zouden klagen.<br><strong><em>Philippe Van Parijs<\/em><\/strong><\/p>\n\n\n\n<p class=\"has-text-align-right has-large-font-size\"><a href=\"#mati\u00e8res\">&#8230;vers le haut <img loading=\"lazy\" decoding=\"async\" width=\"30\" height=\"30\" class=\"wp-image-14354\" style=\"width: 30px;\" src=\"https:\/\/gaq.be\/wp-content\/uploads\/2025\/09\/top-arrow.png\" alt=\"\" srcset=\"https:\/\/gaq.be\/wp-content\/uploads\/2025\/09\/top-arrow.png 668w, https:\/\/gaq.be\/wp-content\/uploads\/2025\/09\/top-arrow-300x300.png 300w, https:\/\/gaq.be\/wp-content\/uploads\/2025\/09\/top-arrow-150x150.png 150w, https:\/\/gaq.be\/wp-content\/uploads\/2025\/09\/top-arrow-600x600.png 600w, https:\/\/gaq.be\/wp-content\/uploads\/2025\/09\/top-arrow-100x100.png 100w\" sizes=\"auto, (max-width: 30px) 100vw, 30px\" \/><\/a><\/p>\n\n\n\n<h1 class=\"wp-block-heading\" id=\"Traditioneel-buurtfeest\"><strong>Traditioneel buurtfeest en rommelmarkt van de GAQ<\/strong><\/h1>\n\n\n\n<p>Op het Ambiorixsquare, zondag 14 september van 8.30 tot 15.00 uur.<br>Op het programma: <strong>rommelmarkt<\/strong>, muziek en kinderpret (schminken, circusschool), gratis fietsreparaties, eten en drinken (inclusief een foodtruck), en het gebruikelijke aperitief voor rommelmarkthouders.<br>Voorwaarden voor deelname aan de rommelmarkt:<br>schrijf je zo snel mogelijk in op de website van GAQ www.gaq.be (na 10\/09\/2025 kosten standplaatsen meer en zijn ze niet meer gegarandeerd)<br>alleen gebruikte spullen van zolders en kelders mogen tentoongesteld en verkocht worden<br>voorrang wordt gegeven aan bewoners van de Europese wijk, maar ook mensen uit andere gemeenten kunnen een standplaats aanvragen<br><strong>De bevestiging van inschrijving en een plan met uw locatie worden na 10\/09\/2025 per e-mail toegestuurd.<\/strong><\/p>\n\n\n\n<p><strong>Wil je ons op die dag helpen? Neem dan contact met ons op via fetes@gaq.be<\/strong><\/p>\n\n\n\n<p class=\"has-text-align-right has-large-font-size\"><a href=\"#mati\u00e8res\">&#8230;vers le haut <img loading=\"lazy\" decoding=\"async\" width=\"30\" height=\"30\" class=\"wp-image-14354\" style=\"width: 30px;\" src=\"https:\/\/gaq.be\/wp-content\/uploads\/2025\/09\/top-arrow.png\" alt=\"\" srcset=\"https:\/\/gaq.be\/wp-content\/uploads\/2025\/09\/top-arrow.png 668w, https:\/\/gaq.be\/wp-content\/uploads\/2025\/09\/top-arrow-300x300.png 300w, https:\/\/gaq.be\/wp-content\/uploads\/2025\/09\/top-arrow-150x150.png 150w, https:\/\/gaq.be\/wp-content\/uploads\/2025\/09\/top-arrow-600x600.png 600w, https:\/\/gaq.be\/wp-content\/uploads\/2025\/09\/top-arrow-100x100.png 100w\" sizes=\"auto, (max-width: 30px) 100vw, 30px\" \/><\/a><\/p>\n\n\n\n<hr class=\"wp-block-separator has-alpha-channel-opacity\"\/>\n\n\n\n<h3 class=\"wp-block-heading\">Voetnoten<\/h3>\n\n\n\n<p>[1] Brussels Instituut voor Statistiek en Analyse https:\/\/bisa.brussels<br><a href=\"#_ftnref2\" id=\"_ftn2\">[2]<\/a> https:\/\/www.who.int\/news-room\/feature-stories\/detail\/air-pollution&#8211;the-invisible-health-threat<br><a href=\"#_ftnref3\" id=\"_ftn3\">[3]<\/a>https:\/\/www.eea.europa.eu\/publications\/harm-to-human-health-from -air-pollution<br><a href=\"#_ftnref4\" id=\"_ftn4\">[4]<\/a> Air Quality in Europe, European Environmental Agency, <a href=\"https:\/\/www.eea.europa.eu\/en\/analysis\/publications\/air-quality-in-europe-2018\">https:\/\/www.eea.europa.eu\/en\/analysis\/publications\/air-quality-in-europe-2018<\/a><br><a href=\"#_ftnref5\" id=\"_ftn5\">[5]<\/a> Andrieux J., Eggen M., Bouland C., \u201c\u00c9tat des connaissances sur les liens entre environnement et sant\u00e9 en R\u00e9gion de Bruxelles-Capital\u201d, Centre de Recherche en Sant\u00e9 environnementale et Sant\u00e9 au Travail, 2020.<br><a href=\"#_ftnref6\" id=\"_ftn6\">[6]<\/a> Institut national d\u2019assurance maladie-invalidit\u00e9 (INAMI); calculs Observatoire de la Sant\u00e9 et du Social deBruxelles, OBS 0327<\/p>\n\n\n\n<p class=\"has-text-align-right has-large-font-size\"><a href=\"#mati\u00e8res\">&#8230;vers le haut <img loading=\"lazy\" decoding=\"async\" width=\"30\" height=\"30\" class=\"wp-image-14354\" style=\"width: 30px;\" src=\"https:\/\/gaq.be\/wp-content\/uploads\/2025\/09\/top-arrow.png\" alt=\"\" srcset=\"https:\/\/gaq.be\/wp-content\/uploads\/2025\/09\/top-arrow.png 668w, https:\/\/gaq.be\/wp-content\/uploads\/2025\/09\/top-arrow-300x300.png 300w, https:\/\/gaq.be\/wp-content\/uploads\/2025\/09\/top-arrow-150x150.png 150w, https:\/\/gaq.be\/wp-content\/uploads\/2025\/09\/top-arrow-600x600.png 600w, https:\/\/gaq.be\/wp-content\/uploads\/2025\/09\/top-arrow-100x100.png 100w\" sizes=\"auto, (max-width: 30px) 100vw, 30px\" \/><\/a><\/p>\n","protected":false},"excerpt":{"rendered":"<p>Dit is de uitgebreide versie van Infor-Quartier 2025 in het Nederlands.Werk in uitvoering: Lay-out en illustraties volgen nog&#8230; La version compl\u00e8te d&#8217;Infor-Quartier 2025 en fran\u00e7ais est disponible ici.The extended version [&hellip;]<\/p>\n","protected":false},"author":2025,"featured_media":0,"parent":0,"menu_order":0,"comment_status":"closed","ping_status":"closed","template":"","meta":{"_EventAllDay":false,"_EventTimezone":"","_EventStartDate":"","_EventEndDate":"","_EventStartDateUTC":"","_EventEndDateUTC":"","_EventShowMap":false,"_EventShowMapLink":false,"_EventURL":"","_EventCost":"","_EventCostDescription":"","_EventCurrencySymbol":"","_EventCurrencyCode":"","_EventCurrencyPosition":"","_EventDateTimeSeparator":"","_EventTimeRangeSeparator":"","_EventOrganizerID":[],"_EventVenueID":[],"_OrganizerEmail":"","_OrganizerPhone":"","_OrganizerWebsite":"","_VenueAddress":"","_VenueCity":"","_VenueCountry":"","_VenueProvince":"","_VenueState":"","_VenueZip":"","_VenuePhone":"","_VenueURL":"","_VenueStateProvince":"","_VenueLat":"","_VenueLng":"","_VenueShowMap":false,"_VenueShowMapLink":false,"footnotes":""},"categories":[],"tags":[],"class_list":["post-14409","page","type-page","status-publish","hentry"],"_links":{"self":[{"href":"https:\/\/gaq.be\/nl\/wp-json\/wp\/v2\/pages\/14409","targetHints":{"allow":["GET"]}}],"collection":[{"href":"https:\/\/gaq.be\/nl\/wp-json\/wp\/v2\/pages"}],"about":[{"href":"https:\/\/gaq.be\/nl\/wp-json\/wp\/v2\/types\/page"}],"author":[{"embeddable":true,"href":"https:\/\/gaq.be\/nl\/wp-json\/wp\/v2\/users\/2025"}],"replies":[{"embeddable":true,"href":"https:\/\/gaq.be\/nl\/wp-json\/wp\/v2\/comments?post=14409"}],"version-history":[{"count":32,"href":"https:\/\/gaq.be\/nl\/wp-json\/wp\/v2\/pages\/14409\/revisions"}],"predecessor-version":[{"id":14698,"href":"https:\/\/gaq.be\/nl\/wp-json\/wp\/v2\/pages\/14409\/revisions\/14698"}],"wp:attachment":[{"href":"https:\/\/gaq.be\/nl\/wp-json\/wp\/v2\/media?parent=14409"}],"wp:term":[{"taxonomy":"category","embeddable":true,"href":"https:\/\/gaq.be\/nl\/wp-json\/wp\/v2\/categories?post=14409"},{"taxonomy":"post_tag","embeddable":true,"href":"https:\/\/gaq.be\/nl\/wp-json\/wp\/v2\/tags?post=14409"}],"curies":[{"name":"wp","href":"https:\/\/api.w.org\/{rel}","templated":true}]}}