{"id":4553,"date":"2020-10-10T13:13:56","date_gmt":"2020-10-10T11:13:56","guid":{"rendered":"http:\/\/gaq.be\/evenements\/comment-creer-du-lien-entre-le-projet-urbain-loi-et-les-habitants-de-bruxelles-2\/"},"modified":"2020-10-10T13:13:56","modified_gmt":"2020-10-10T11:13:56","slug":"comment-creer-du-lien-entre-le-projet-urbain-loi-et-les-habitants-de-bruxelles-2","status":"publish","type":"tribe_events","link":"https:\/\/gaq.be\/nl\/evenements\/comment-creer-du-lien-entre-le-projet-urbain-loi-et-les-habitants-de-bruxelles-2\/","title":{"rendered":"Comment cr\u00e9er du lien entre le Projet Urbain Loi et les habitants de Bruxelles ?"},"content":{"rendered":"<p>Comment cr\u00e9er du lien entre le Projet Urbain Loi et les habitants de Bruxelles dont ceux qui sont en premi\u00e8re ligne du Quartier Nord-est ? \/ Le Gouvernement r\u00e9gional a adopt\u00e9 le PUL (Plan Urbain Loi). Celui-ci est pr\u00e9sent\u00e9 comme un acte volontariste pour d\u00e9velopper le quartier en r\u00e9pondant aux besoins du r\u00f4le de Bruxelles comme capitale de l\u2019Union Europ\u00e9enne. Le destin europ\u00e9en de Bruxelles est un de ses atouts; il faut encore que les bruxellois soient en mesure de se l\u2019approprier. \/ L\u2019objectif de la matin\u00e9e de travail est de r\u00e9pondre \u00e0 la question : \u00ab Comment cr\u00e9er du lien entre le Projet Urbain Loi et les habitants de Bruxelles dont ceux qui sont en premi\u00e8re ligne du Quartier Nord-est ? \u00bb. Nous d\u00e9sirons laisser libre cours aux diff\u00e9rents points de vue et aboutir \u00e0 des propositions. \/ Cette matin\u00e9e de travail sur le Quartier europ\u00e9en se tiendra le vendredi 20 mai au Parlement R\u00e9gional bruxellois. \/ Des pr\u00e9sentations seront expos\u00e9es et suivies d\u2019un d\u00e9bat. \/ Au programme : \/ 9H30 \u2013Accueil des participants \/ 10H \u2013 Introduction \/ Annemie MAES et Marie NAGY \/ D\u00e9put\u00e9es r\u00e9gionales \/ 10H15 \u2013 Pr\u00e9sentation du PUL et de son \u00e9tat d\u2019avancement \/ Marie-Laure ROGGEMANS et C\u00e9dric VAN MEERBEECK \/ D\u00e9veloppement du Quartier europ\u00e9en et Agence de D\u00e9veloppement Territorial \/ 10H45 \u2013 Contexte europ\u00e9en et processus d\u00e9cisionnel europ\u00e9en \/ Isabelle DURANT \/ D\u00e9put\u00e9e europ\u00e9enne \/ 11H15 \u2013 Visions et attentes des habitants du Quartier europ\u00e9en \/ Philippe HENKART \/ Pr\u00e9sident du Groupe d\u2019Animation du Quartier europ\u00e9en de la Ville de Bruxelles (GAQ) \/ 11H45 \u2013 D\u00e9bat \/ 12H30 \u2013 Conclusions \/ Annemie MAES et Marie NAGY \/ D\u00e9put\u00e9es r\u00e9gionales<\/p>\n","protected":false},"excerpt":{"rendered":"<p>Comment cr\u00e9er du lien entre le Projet Urbain Loi et les habitants de Bruxelles dont ceux qui sont en premi\u00e8re ligne du Quartier Nord-est ? \/ Le Gouvernement r\u00e9gional a [&hellip;]<\/p>\n","protected":false},"author":1,"featured_media":0,"template":"","meta":{"_EventAllDay":false,"_EventTimezone":"Europe\/Brussels","_EventStartDate":"2011-05-20 00:00:00","_EventEndDate":"2011-05-20 12:30:00","_EventStartDateUTC":"2011-05-19 22:00:00","_EventEndDateUTC":"2011-05-20 10:30:00","_EventShowMap":false,"_EventShowMapLink":false,"_EventURL":"","_EventCost":"","_EventCostDescription":"","_EventCurrencySymbol":"","_EventCurrencyCode":"","_EventCurrencyPosition":"prefix","_EventDateTimeSeparator":"","_EventTimeRangeSeparator":"","_EventOrganizerID":[],"_EventVenueID":[],"_OrganizerEmail":"","_OrganizerPhone":"","_OrganizerWebsite":"","_VenueAddress":"","_VenueCity":"","_VenueCountry":"","_VenueProvince":"","_VenueState":"","_VenueZip":"","_VenuePhone":"","_VenueURL":"","_VenueStateProvince":"","_VenueLat":"","_VenueLng":"","_VenueShowMap":false,"_VenueShowMapLink":false,"_tribe_events_status":"","_tribe_events_status_reason":"","footnotes":""},"tags":[],"tribe_events_cat":[],"class_list":["post-4553","tribe_events","type-tribe_events","status-publish","hentry"],"_links":{"self":[{"href":"https:\/\/gaq.be\/nl\/wp-json\/wp\/v2\/tribe_events\/4553","targetHints":{"allow":["GET"]}}],"collection":[{"href":"https:\/\/gaq.be\/nl\/wp-json\/wp\/v2\/tribe_events"}],"about":[{"href":"https:\/\/gaq.be\/nl\/wp-json\/wp\/v2\/types\/tribe_events"}],"author":[{"embeddable":true,"href":"https:\/\/gaq.be\/nl\/wp-json\/wp\/v2\/users\/1"}],"version-history":[{"count":0,"href":"https:\/\/gaq.be\/nl\/wp-json\/wp\/v2\/tribe_events\/4553\/revisions"}],"wp:attachment":[{"href":"https:\/\/gaq.be\/nl\/wp-json\/wp\/v2\/media?parent=4553"}],"wp:term":[{"taxonomy":"post_tag","embeddable":true,"href":"https:\/\/gaq.be\/nl\/wp-json\/wp\/v2\/tags?post=4553"},{"taxonomy":"tribe_events_cat","embeddable":true,"href":"https:\/\/gaq.be\/nl\/wp-json\/wp\/v2\/tribe_events_cat?post=4553"}],"curies":[{"name":"wp","href":"https:\/\/api.w.org\/{rel}","templated":true}]}}